{"id":8258,"date":"2021-06-04T09:49:00","date_gmt":"2021-06-04T07:49:00","guid":{"rendered":"https:\/\/festivalbucles.com\/ediciones\/programacio-estraperlo-2021\/"},"modified":"2025-08-18T16:25:31","modified_gmt":"2025-08-18T14:25:31","slug":"programacio-estraperlo-2021","status":"publish","type":"project","link":"https:\/\/festivalbucles.com\/vl\/edicions\/programacio-estraperlo-2021\/","title":{"rendered":"Programaci\u00f3 Estraperlo 2021"},"content":{"rendered":"<p>[et_pb_section fb_built=&#8221;1&#8243; _builder_version=&#8221;4.25.0&#8243; _module_preset=&#8221;default&#8221; background_image=&#8221;https:\/\/festivalbucles.com\/wp-content\/uploads\/2024\/05\/estraperlo-foto1.jpg&#8221; positioning=&#8221;none&#8221; custom_padding=&#8221;30vh||||false|false&#8221; global_colors_info=&#8221;{}&#8221;][et_pb_row _builder_version=&#8221;4.25.0&#8243; _module_preset=&#8221;default&#8221; max_width=&#8221;80%&#8221; max_width_tablet=&#8221;80%&#8221; max_width_phone=&#8221;80%&#8221; max_width_last_edited=&#8221;on|tablet&#8221; global_colors_info=&#8221;{}&#8221;][et_pb_column type=&#8221;4_4&#8243; _builder_version=&#8221;4.25.0&#8243; _module_preset=&#8221;default&#8221; global_colors_info=&#8221;{}&#8221;][et_pb_text _builder_version=&#8221;4.25.0&#8243; _module_preset=&#8221;default&#8221; header_font=&#8221;||||||||&#8221; header_text_color=&#8221;#FFFFFF&#8221; header_font_size=&#8221;70px&#8221; header_2_font=&#8221;|300|||||||&#8221; header_2_text_color=&#8221;#FFFFFF&#8221; header_2_font_size=&#8221;44px&#8221; custom_margin=&#8221;||0px|||&#8221; global_colors_info=&#8221;{}&#8221;]<\/p>\n<h1><img loading=\"lazy\" decoding=\"async\" src=\"https:\/\/festivalbucles.com\/wp-content\/uploads\/2024\/05\/logo-blanco-medida-1.png\" width=\"426\" height=\"128\" alt=\"Estraperlo logo\" class=\"wp-image-5755 alignnone size-full\"><\/h1>\n<p>[\/et_pb_text][et_pb_text _builder_version=&#8221;4.25.0&#8243; _module_preset=&#8221;default&#8221; header_font=&#8221;||||||||&#8221; header_text_color=&#8221;#FFFFFF&#8221; header_font_size=&#8221;70px&#8221; header_2_font=&#8221;|300|||||||&#8221; header_2_text_color=&#8221;#FFFD55&#8243; header_2_font_size=&#8221;54px&#8221; background_enable_color=&#8221;off&#8221; global_colors_info=&#8221;{}&#8221;]<\/p>\n<h2>9-12 SEP \/ 17-31 OCT 2021<\/h2>\n<p>[\/et_pb_text][et_pb_text _builder_version=&#8221;4.25.0&#8243; _module_preset=&#8221;default&#8221; text_font=&#8221;|700|||||||&#8221; header_3_font=&#8221;|300|||||||&#8221; header_3_text_color=&#8221;#FFFD55&#8243; header_3_font_size=&#8221;30px&#8221; global_colors_info=&#8221;{}&#8221;]<\/p>\n<h3><a href=\"https:\/\/festivalbucles.com\/vl\/novetats\/sobre-the-beat\/\" target=\"_blank\" rel=\"noopener\">SOBRE THE BEAT<\/a> | NOVETATS | <a href=\"#promotores\">PROMOTORS<\/a><\/h3>\n<p>[\/et_pb_text][\/et_pb_column][\/et_pb_row][\/et_pb_section][et_pb_section fb_built=&#8221;1&#8243; _builder_version=&#8221;4.25.0&#8243; _module_preset=&#8221;default&#8221; background_color=&#8221;RGBA(255,255,255,0)&#8221; custom_padding=&#8221;60px||20px||false|false&#8221; border_width_top=&#8221;1px&#8221; border_width_bottom=&#8221;1px&#8221; global_colors_info=&#8221;{}&#8221;][et_pb_row _builder_version=&#8221;4.27.0&#8243; _module_preset=&#8221;default&#8221; width=&#8221;90%&#8221; max_width=&#8221;90%&#8221; max_width_tablet=&#8221;1400px&#8221; max_width_phone=&#8221;1400px&#8221; max_width_last_edited=&#8221;on|phone&#8221; global_colors_info=&#8221;{}&#8221;][et_pb_column type=&#8221;4_4&#8243; _builder_version=&#8221;4.27.0&#8243; _module_preset=&#8221;default&#8221; global_colors_info=&#8221;{}&#8221;][et_pb_text _builder_version=&#8221;4.27.0&#8243; _module_preset=&#8221;default&#8221; header_2_text_color=&#8221;#000000&#8243; header_2_font_size=&#8221;100px&#8221; header_2_font_size_tablet=&#8221;80px&#8221; header_2_font_size_phone=&#8221;60px&#8221; header_2_font_size_last_edited=&#8221;on|phone&#8221; global_colors_info=&#8221;{}&#8221;]<\/p>\n<h2><span style=\"color: #000000;\">9-12 SETEMBRE<\/span><\/h2>\n<p>&nbsp;<\/p>\n<p>[\/et_pb_text][\/et_pb_column][\/et_pb_row][et_pb_row column_structure=&#8221;1_2,1_2&#8243; _builder_version=&#8221;4.27.0&#8243; _module_preset=&#8221;default&#8221; width=&#8221;90%&#8221; max_width=&#8221;90%&#8221; global_colors_info=&#8221;{}&#8221;][et_pb_column type=&#8221;1_2&#8243; _builder_version=&#8221;4.25.0&#8243; _module_preset=&#8221;default&#8221; global_colors_info=&#8221;{}&#8221;][et_pb_text _builder_version=&#8221;4.27.0&#8243; _module_preset=&#8221;default&#8221; text_font=&#8221;|600|||||||&#8221; text_text_color=&#8221;#000000&#8243; text_font_size=&#8221;24px&#8221; header_3_font=&#8221;|300|||||||&#8221; header_3_text_color=&#8221;#EA43F7&#8243; header_3_font_size=&#8221;70px&#8221; header_4_font=&#8221;|300|||||||&#8221; header_4_text_color=&#8221;#000000&#8243; header_4_font_size=&#8221;36px&#8221; header_5_font=&#8221;&#8211;et_global_body_font|500|||||||&#8221; header_5_text_color=&#8221;#000000&#8243; header_6_font_size=&#8221;28px&#8221; custom_margin=&#8221;||||false|false&#8221; custom_padding=&#8221;||||false|false&#8221; custom_padding_tablet=&#8221;5vw||||false|false&#8221; custom_padding_phone=&#8221;5vw||||false|false&#8221; custom_padding_last_edited=&#8221;on|desktop&#8221; link_option_url=&#8221;https:\/\/festivalbucles.com\/vl\/agenda\/migro-danza\/&#8221; link_option_url_new_window=&#8221;on&#8221; header_3_font_size_tablet=&#8221;48px&#8221; header_3_font_size_phone=&#8221;48px&#8221; header_3_font_size_last_edited=&#8221;on|phone&#8221; header_4_font_size_tablet=&#8221;72px&#8221; header_4_font_size_phone=&#8221;48px&#8221; header_4_font_size_last_edited=&#8221;on|phone&#8221; global_colors_info=&#8221;{}&#8221;]<\/p>\n<h2>EXPERIMENTA TEATRES<\/h2>\n<h3>MIGRO DANZA<\/h3>\n<h4>(CAP. II) GILIPOLLECES <\/h4>\n<p>19.00 h \/ Teatro C\u00edrculo<\/p>\n<p>[\/et_pb_text][\/et_pb_column][et_pb_column type=&#8221;1_2&#8243; _builder_version=&#8221;4.25.0&#8243; _module_preset=&#8221;default&#8221; global_colors_info=&#8221;{}&#8221;][et_pb_text _builder_version=&#8221;4.27.0&#8243; _module_preset=&#8221;default&#8221; text_text_color=&#8221;RGBA(255,255,255,0)&#8221; text_font_size=&#8221;24px&#8221; background_image=&#8221;https:\/\/festivalbucles.com\/wp-content\/uploads\/2024\/05\/experimenta-teatros-home.jpg&#8221; text_orientation=&#8221;center&#8221; custom_padding=&#8221;9vw||9vw||true|false&#8221; custom_padding_tablet=&#8221;20vw||20vw||true|false&#8221; custom_padding_phone=&#8221;20vw||20vw||true|false&#8221; custom_padding_last_edited=&#8221;on|phone&#8221; link_option_url=&#8221;https:\/\/festivalbucles.com\/vl\/agenda\/migro-danza\/&#8221; link_option_url_new_window=&#8221;on&#8221; text_text_color_tablet=&#8221;RGBA(255,255,255,0)&#8221; text_text_color_phone=&#8221;RGBA(255,255,255,0)&#8221; text_text_color_last_edited=&#8221;on|tablet&#8221; global_colors_info=&#8221;{}&#8221; background__hover_enabled=&#8221;on|hover&#8221; background_image__hover=&#8221;https:\/\/festivalbucles.com\/wp-content\/uploads\/2024\/05\/backgound-home-portadas.jpg&#8221; background_enable_image__hover=&#8221;on&#8221; background_color__hover=&#8221;#ffcc02&#8243; background_enable_color__hover=&#8221;on&#8221; background_blend__hover=&#8221;normal&#8221; text_text_color__hover_enabled=&#8221;on|desktop&#8221; text_text_color__hover=&#8221;#0031F5&#8243;]<\/p>\n<p>&#8220;(CAP. II) GILIPOLLECES&#8221;<\/p>\n<p>[\/et_pb_text][\/et_pb_column][\/et_pb_row][\/et_pb_section][et_pb_section fb_built=&#8221;1&#8243; _builder_version=&#8221;4.25.0&#8243; _module_preset=&#8221;default&#8221; background_color=&#8221;RGBA(255,255,255,0)&#8221; custom_padding=&#8221;60px||20px||false|false&#8221; border_width_top=&#8221;1px&#8221; border_width_bottom=&#8221;1px&#8221; global_colors_info=&#8221;{}&#8221;][et_pb_row _builder_version=&#8221;4.25.0&#8243; _module_preset=&#8221;default&#8221; width=&#8221;90%&#8221; max_width=&#8221;90%&#8221; max_width_tablet=&#8221;1400px&#8221; max_width_phone=&#8221;1400px&#8221; max_width_last_edited=&#8221;on|phone&#8221; global_colors_info=&#8221;{}&#8221;][et_pb_column type=&#8221;4_4&#8243; _builder_version=&#8221;4.25.0&#8243; _module_preset=&#8221;default&#8221; global_colors_info=&#8221;{}&#8221;][et_pb_text _builder_version=&#8221;4.27.0&#8243; _module_preset=&#8221;default&#8221; header_2_text_color=&#8221;#000000&#8243; header_2_font_size=&#8221;100px&#8221; header_2_font_size_tablet=&#8221;80px&#8221; header_2_font_size_phone=&#8221;60px&#8221; header_2_font_size_last_edited=&#8221;on|phone&#8221; global_colors_info=&#8221;{}&#8221;]<\/p>\n<h2><span style=\"color: #000000;\">DIUMENGE 17 OCTUBRE<\/span><\/h2>\n<p>[\/et_pb_text][\/et_pb_column][\/et_pb_row][et_pb_row column_structure=&#8221;1_2,1_2&#8243; _builder_version=&#8221;4.27.0&#8243; _module_preset=&#8221;default&#8221; width=&#8221;90%&#8221; max_width=&#8221;90%&#8221; global_colors_info=&#8221;{}&#8221;][et_pb_column type=&#8221;1_2&#8243; _builder_version=&#8221;4.25.0&#8243; _module_preset=&#8221;default&#8221; global_colors_info=&#8221;{}&#8221;][et_pb_text _builder_version=&#8221;4.27.0&#8243; _module_preset=&#8221;default&#8221; text_font=&#8221;|600|||||||&#8221; text_text_color=&#8221;#000000&#8243; text_font_size=&#8221;24px&#8221; header_3_font=&#8221;|300|||||||&#8221; header_3_text_color=&#8221;#EA43F7&#8243; header_3_font_size=&#8221;70px&#8221; header_4_font=&#8221;|300|||||||&#8221; header_4_text_color=&#8221;#000000&#8243; header_4_font_size=&#8221;36px&#8221; header_5_font=&#8221;&#8211;et_global_body_font|500|||||||&#8221; header_5_text_color=&#8221;#000000&#8243; header_6_font_size=&#8221;28px&#8221; custom_margin=&#8221;||||false|false&#8221; custom_padding=&#8221;||||false|false&#8221; custom_padding_tablet=&#8221;5vw||||false|false&#8221; custom_padding_phone=&#8221;5vw||||false|false&#8221; custom_padding_last_edited=&#8221;on|desktop&#8221; link_option_url=&#8221;https:\/\/festivalbucles.com\/vl\/agenda\/lewis-cooke-companyia-anton-lachky\/&#8221; link_option_url_new_window=&#8221;on&#8221; header_3_font_size_tablet=&#8221;48px&#8221; header_3_font_size_phone=&#8221;48px&#8221; header_3_font_size_last_edited=&#8221;on|phone&#8221; header_4_font_size_tablet=&#8221;72px&#8221; header_4_font_size_phone=&#8221;48px&#8221; header_4_font_size_last_edited=&#8221;on|phone&#8221; global_colors_info=&#8221;{}&#8221;]<\/p>\n<h2>EXPERIMENTA FORMACI\u00d3<\/h2>\n<h3>LEWIS COOKE<\/h3>\n<h4>RELAXTOERUPT<\/h4>\n<h3>COMPANY\u00cdA ANTON LACHKY<\/h3>\n<p>10.00 h \/ La Mutant<\/p>\n<p>[\/et_pb_text][\/et_pb_column][et_pb_column type=&#8221;1_2&#8243; _builder_version=&#8221;4.25.0&#8243; _module_preset=&#8221;default&#8221; global_colors_info=&#8221;{}&#8221;][et_pb_text _builder_version=&#8221;4.27.0&#8243; _module_preset=&#8221;default&#8221; text_text_color=&#8221;RGBA(255,255,255,0)&#8221; text_font_size=&#8221;24px&#8221; background_image=&#8221;https:\/\/festivalbucles.com\/wp-content\/uploads\/2024\/05\/circuito-bucles-experimenta-formacion-lewis-cooke.jpg&#8221; text_orientation=&#8221;center&#8221; custom_padding=&#8221;9vw||9vw||true|false&#8221; custom_padding_tablet=&#8221;20vw||20vw||true|false&#8221; custom_padding_phone=&#8221;20vw||20vw||true|false&#8221; custom_padding_last_edited=&#8221;on|phone&#8221; link_option_url=&#8221;https:\/\/festivalbucles.com\/vl\/agenda\/lewis-cooke-companyia-anton-lachky\/&#8221; link_option_url_new_window=&#8221;on&#8221; text_text_color_tablet=&#8221;RGBA(255,255,255,0)&#8221; text_text_color_phone=&#8221;RGBA(255,255,255,0)&#8221; text_text_color_last_edited=&#8221;on|tablet&#8221; global_colors_info=&#8221;{}&#8221; background__hover_enabled=&#8221;on|hover&#8221; background_image__hover=&#8221;https:\/\/festivalbucles.com\/wp-content\/uploads\/2024\/05\/backgound-home-portadas.jpg&#8221; background_enable_image__hover=&#8221;on&#8221; background_color__hover=&#8221;#ffcc02&#8243; background_enable_color__hover=&#8221;on&#8221; background_blend__hover=&#8221;normal&#8221; text_text_color__hover_enabled=&#8221;on|desktop&#8221; text_text_color__hover=&#8221;#0031F5&#8243;]<\/p>\n<p>&#8220;RELAXTOERUPT&#8221;<\/p>\n<p>[\/et_pb_text][\/et_pb_column][\/et_pb_row][et_pb_row column_structure=&#8221;1_2,1_2&#8243; _builder_version=&#8221;4.25.0&#8243; _module_preset=&#8221;default&#8221; width=&#8221;90%&#8221; max_width=&#8221;90%&#8221; global_colors_info=&#8221;{}&#8221;][et_pb_column type=&#8221;1_2&#8243; _builder_version=&#8221;4.25.0&#8243; _module_preset=&#8221;default&#8221; global_colors_info=&#8221;{}&#8221;][et_pb_text _builder_version=&#8221;4.27.0&#8243; _module_preset=&#8221;default&#8221; text_font=&#8221;|600|||||||&#8221; text_text_color=&#8221;#000000&#8243; text_font_size=&#8221;24px&#8221; header_3_font=&#8221;|300|||||||&#8221; header_3_text_color=&#8221;#EA43F7&#8243; header_3_font_size=&#8221;70px&#8221; header_4_font=&#8221;|300|||||||&#8221; header_4_text_color=&#8221;#000000&#8243; header_4_font_size=&#8221;36px&#8221; header_5_font=&#8221;&#8211;et_global_body_font|500|||||||&#8221; header_5_text_color=&#8221;#000000&#8243; header_6_font_size=&#8221;28px&#8221; custom_margin=&#8221;||||false|false&#8221; custom_padding=&#8221;||||false|false&#8221; custom_padding_tablet=&#8221;5vw||||false|false&#8221; custom_padding_phone=&#8221;5vw||||false|false&#8221; custom_padding_last_edited=&#8221;on|desktop&#8221; link_option_url=&#8221;https:\/\/festivalbucles.com\/vl\/agenda\/companyia-anton-lachky\/&#8221; link_option_url_new_window=&#8221;on&#8221; header_3_font_size_tablet=&#8221;48px&#8221; header_3_font_size_phone=&#8221;48px&#8221; header_3_font_size_last_edited=&#8221;on|phone&#8221; header_4_font_size_tablet=&#8221;72px&#8221; header_4_font_size_phone=&#8221;48px&#8221; header_4_font_size_last_edited=&#8221;on|phone&#8221; global_colors_info=&#8221;{}&#8221;]<\/p>\n<h2>EXPERIMENTA TEATRES<\/h2>\n<h3>COMPANY\u00cdA ANTON LACHKY<\/h3>\n<h4>LES AUTRES<\/h4>\n<p>19.00 h \/ La Mutant<\/p>\n<p>[\/et_pb_text][\/et_pb_column][et_pb_column type=&#8221;1_2&#8243; _builder_version=&#8221;4.25.0&#8243; _module_preset=&#8221;default&#8221; global_colors_info=&#8221;{}&#8221;][et_pb_text _builder_version=&#8221;4.27.0&#8243; _module_preset=&#8221;default&#8221; text_text_color=&#8221;RGBA(255,255,255,0)&#8221; text_font_size=&#8221;24px&#8221; background_image=&#8221;https:\/\/festivalbucles.com\/wp-content\/uploads\/2024\/05\/circuito-bucles-experimenta-teatres-anton-lachky-les-autres-la-mutant.jpg&#8221; text_orientation=&#8221;center&#8221; custom_padding=&#8221;9vw||9vw||true|false&#8221; custom_padding_tablet=&#8221;20vw||20vw||true|false&#8221; custom_padding_phone=&#8221;20vw||20vw||true|false&#8221; custom_padding_last_edited=&#8221;on|tablet&#8221; link_option_url=&#8221;https:\/\/festivalbucles.com\/vl\/agenda\/companyia-anton-lachky\/&#8221; link_option_url_new_window=&#8221;on&#8221; text_text_color_tablet=&#8221;RGBA(255,255,255,0)&#8221; text_text_color_phone=&#8221;RGBA(255,255,255,0)&#8221; text_text_color_last_edited=&#8221;on|tablet&#8221; global_colors_info=&#8221;{}&#8221; background__hover_enabled=&#8221;on|hover&#8221; background_image__hover=&#8221;https:\/\/festivalbucles.com\/wp-content\/uploads\/2024\/05\/backgound-home-portadas.jpg&#8221; background_enable_image__hover=&#8221;on&#8221; background_color__hover=&#8221;#ffcc02&#8243; background_enable_color__hover=&#8221;on&#8221; background_blend__hover=&#8221;normal&#8221; text_text_color__hover_enabled=&#8221;on|desktop&#8221; text_text_color__hover=&#8221;#0031F5&#8243;]<\/p>\n<p>\u201cLES AUTRES\u201d<\/p>\n<p>[\/et_pb_text][\/et_pb_column][\/et_pb_row][\/et_pb_section][et_pb_section fb_built=&#8221;1&#8243; _builder_version=&#8221;4.25.0&#8243; _module_preset=&#8221;default&#8221; background_color=&#8221;RGBA(255,255,255,0)&#8221; custom_padding=&#8221;60px||20px||false|false&#8221; border_width_top=&#8221;1px&#8221; border_width_bottom=&#8221;1px&#8221; global_colors_info=&#8221;{}&#8221;][et_pb_row _builder_version=&#8221;4.25.0&#8243; _module_preset=&#8221;default&#8221; width=&#8221;90%&#8221; max_width=&#8221;90%&#8221; max_width_tablet=&#8221;1400px&#8221; max_width_phone=&#8221;1400px&#8221; max_width_last_edited=&#8221;on|phone&#8221; global_colors_info=&#8221;{}&#8221;][et_pb_column type=&#8221;4_4&#8243; _builder_version=&#8221;4.25.0&#8243; _module_preset=&#8221;default&#8221; global_colors_info=&#8221;{}&#8221;][et_pb_text _builder_version=&#8221;4.27.0&#8243; _module_preset=&#8221;default&#8221; header_2_font_size=&#8221;100px&#8221; header_3_text_color=&#8221;#0031F5&#8243; header_2_font_size_tablet=&#8221;80px&#8221; header_2_font_size_phone=&#8221;60px&#8221; header_2_font_size_last_edited=&#8221;on|phone&#8221; global_colors_info=&#8221;{}&#8221;]<\/p>\n<h2><span style=\"color: #000000;\">DIMECRES 20 OCTUBRE<\/span><\/h2>\n<p>[\/et_pb_text][\/et_pb_column][\/et_pb_row][et_pb_row column_structure=&#8221;1_2,1_2&#8243; _builder_version=&#8221;4.25.0&#8243; _module_preset=&#8221;default&#8221; width=&#8221;90%&#8221; max_width=&#8221;90%&#8221; global_colors_info=&#8221;{}&#8221;][et_pb_column type=&#8221;1_2&#8243; _builder_version=&#8221;4.25.0&#8243; _module_preset=&#8221;default&#8221; global_colors_info=&#8221;{}&#8221;][et_pb_text _builder_version=&#8221;4.27.0&#8243; _module_preset=&#8221;default&#8221; text_font=&#8221;|600|||||||&#8221; text_text_color=&#8221;#000000&#8243; text_font_size=&#8221;24px&#8221; header_3_font=&#8221;|300|||||||&#8221; header_3_text_color=&#8221;#EA43F7&#8243; header_3_font_size=&#8221;70px&#8221; header_4_font=&#8221;|300|||||||&#8221; header_4_text_color=&#8221;#000000&#8243; header_4_font_size=&#8221;36px&#8221; header_5_font=&#8221;&#8211;et_global_body_font|500|||||||&#8221; header_5_text_color=&#8221;#000000&#8243; header_6_font_size=&#8221;28px&#8221; custom_margin=&#8221;||||false|false&#8221; custom_padding=&#8221;||||false|false&#8221; custom_padding_tablet=&#8221;5vw||||false|false&#8221; custom_padding_phone=&#8221;5vw||||false|false&#8221; custom_padding_last_edited=&#8221;on|desktop&#8221; hover_enabled=&#8221;0&#8243; header_3_font_size_tablet=&#8221;48px&#8221; header_3_font_size_phone=&#8221;48px&#8221; header_3_font_size_last_edited=&#8221;on|phone&#8221; header_4_font_size_tablet=&#8221;72px&#8221; header_4_font_size_phone=&#8221;48px&#8221; header_4_font_size_last_edited=&#8221;on|phone&#8221; global_colors_info=&#8221;{}&#8221; sticky_enabled=&#8221;0&#8243;]<\/p>\n<h2>EXPERIMENTA IMPULS<\/h2>\n<h4>CERTAMEN JOVES CREADORS<\/h4>\n<p>20.00 h \/ Sala Carme Teatre<\/p>\n<p>[\/et_pb_text][\/et_pb_column][et_pb_column type=&#8221;1_2&#8243; _builder_version=&#8221;4.25.0&#8243; _module_preset=&#8221;default&#8221; global_colors_info=&#8221;{}&#8221;][et_pb_text _builder_version=&#8221;4.27.0&#8243; _module_preset=&#8221;default&#8221; text_text_color=&#8221;RGBA(255,255,255,0)&#8221; text_font_size=&#8221;24px&#8221; background_image=&#8221;https:\/\/festivalbucles.com\/wp-content\/uploads\/2024\/05\/circuito-bucles-experimenta-creacio-certamen-joves-creadors.jpg&#8221; text_orientation=&#8221;center&#8221; custom_padding=&#8221;9vw||9vw||true|false&#8221; custom_padding_tablet=&#8221;20vw||20vw||true|false&#8221; custom_padding_phone=&#8221;20vw||20vw||true|false&#8221; custom_padding_last_edited=&#8221;on|tablet&#8221; hover_enabled=&#8221;0&#8243; text_text_color_tablet=&#8221;RGBA(255,255,255,0)&#8221; text_text_color_phone=&#8221;RGBA(255,255,255,0)&#8221; text_text_color_last_edited=&#8221;on|tablet&#8221; global_colors_info=&#8221;{}&#8221; background__hover_enabled=&#8221;on|hover&#8221; background_image__hover=&#8221;https:\/\/festivalbucles.com\/wp-content\/uploads\/2024\/05\/backgound-home-portadas.jpg&#8221; background_enable_image__hover=&#8221;on&#8221; background_color__hover=&#8221;#ffcc02&#8243; background_enable_color__hover=&#8221;on&#8221; background_blend__hover=&#8221;normal&#8221; text_text_color__hover_enabled=&#8221;on|desktop&#8221; text_text_color__hover=&#8221;#0031F5&#8243; sticky_enabled=&#8221;0&#8243;]<\/p>\n<p>&#8220;CERTAMEN 2021&#8221;<\/p>\n<p>[\/et_pb_text][\/et_pb_column][\/et_pb_row][\/et_pb_section][et_pb_section fb_built=&#8221;1&#8243; _builder_version=&#8221;4.25.0&#8243; _module_preset=&#8221;default&#8221; background_color=&#8221;RGBA(255,255,255,0)&#8221; custom_padding=&#8221;60px||20px||false|false&#8221; border_width_top=&#8221;1px&#8221; border_width_bottom=&#8221;1px&#8221; global_colors_info=&#8221;{}&#8221;][et_pb_row _builder_version=&#8221;4.25.0&#8243; _module_preset=&#8221;default&#8221; width=&#8221;90%&#8221; max_width=&#8221;90%&#8221; max_width_tablet=&#8221;1400px&#8221; max_width_phone=&#8221;1400px&#8221; max_width_last_edited=&#8221;on|phone&#8221; global_colors_info=&#8221;{}&#8221;][et_pb_column type=&#8221;4_4&#8243; _builder_version=&#8221;4.25.0&#8243; _module_preset=&#8221;default&#8221; global_colors_info=&#8221;{}&#8221;][et_pb_text _builder_version=&#8221;4.27.0&#8243; _module_preset=&#8221;default&#8221; header_2_font_size=&#8221;100px&#8221; header_3_text_color=&#8221;#0031F5&#8243; header_2_font_size_tablet=&#8221;80px&#8221; header_2_font_size_phone=&#8221;60px&#8221; header_2_font_size_last_edited=&#8221;on|phone&#8221; global_colors_info=&#8221;{}&#8221;]<\/p>\n<h2><span style=\"color: #000000;\">DIJOUS 21 OCTUBRE<\/span><\/h2>\n<p>[\/et_pb_text][\/et_pb_column][\/et_pb_row][et_pb_row column_structure=&#8221;1_2,1_2&#8243; _builder_version=&#8221;4.25.0&#8243; _module_preset=&#8221;default&#8221; width=&#8221;90%&#8221; max_width=&#8221;90%&#8221; global_colors_info=&#8221;{}&#8221;][et_pb_column type=&#8221;1_2&#8243; _builder_version=&#8221;4.25.0&#8243; _module_preset=&#8221;default&#8221; global_colors_info=&#8221;{}&#8221;][et_pb_text _builder_version=&#8221;4.27.0&#8243; _module_preset=&#8221;default&#8221; text_font=&#8221;|600|||||||&#8221; text_text_color=&#8221;#000000&#8243; text_font_size=&#8221;24px&#8221; header_3_font=&#8221;|300|||||||&#8221; header_3_text_color=&#8221;#EA43F7&#8243; header_3_font_size=&#8221;70px&#8221; header_4_font=&#8221;|300|||||||&#8221; header_4_text_color=&#8221;#000000&#8243; header_4_font_size=&#8221;36px&#8221; header_5_font=&#8221;&#8211;et_global_body_font|500|||||||&#8221; header_5_text_color=&#8221;#000000&#8243; header_6_font_size=&#8221;28px&#8221; custom_margin=&#8221;||||false|false&#8221; custom_padding=&#8221;||||false|false&#8221; custom_padding_tablet=&#8221;5vw||||false|false&#8221; custom_padding_phone=&#8221;5vw||||false|false&#8221; custom_padding_last_edited=&#8221;on|desktop&#8221; link_option_url=&#8221;https:\/\/festivalbucles.com\/vl\/agenda\/presentacio-film-eduardo-jayricovich-feminin-films\/&#8221; link_option_url_new_window=&#8221;on&#8221; hover_enabled=&#8221;0&#8243; header_3_font_size_tablet=&#8221;48px&#8221; header_3_font_size_phone=&#8221;48px&#8221; header_3_font_size_last_edited=&#8221;on|phone&#8221; header_4_font_size_tablet=&#8221;72px&#8221; header_4_font_size_phone=&#8221;48px&#8221; header_4_font_size_last_edited=&#8221;on|phone&#8221; global_colors_info=&#8221;{}&#8221; sticky_enabled=&#8221;0&#8243;]<\/p>\n<h2>EXPERIMENTA MUSEUS<\/h2>\n<h3>EDUARDO JAYRICOVICH &amp; F\u00c9MININ FILMS<\/h3>\n<h4>RITO<\/h4>\n<p>19.00 h \/ Centre del Carme, Cultura Contempor\u00e0nia<\/p>\n<p>[\/et_pb_text][\/et_pb_column][et_pb_column type=&#8221;1_2&#8243; _builder_version=&#8221;4.25.0&#8243; _module_preset=&#8221;default&#8221; global_colors_info=&#8221;{}&#8221;][et_pb_text _builder_version=&#8221;4.27.0&#8243; _module_preset=&#8221;default&#8221; text_text_color=&#8221;RGBA(255,255,255,0)&#8221; text_font_size=&#8221;24px&#8221; background_image=&#8221;https:\/\/festivalbucles.com\/wp-content\/uploads\/2024\/05\/circuito-bucles-experimenta-museus-film-rito.jpg&#8221; text_orientation=&#8221;center&#8221; custom_padding=&#8221;9vw||9vw||true|false&#8221; custom_padding_tablet=&#8221;20vw||20vw||true|false&#8221; custom_padding_phone=&#8221;20vw||20vw||true|false&#8221; custom_padding_last_edited=&#8221;on|tablet&#8221; link_option_url=&#8221;https:\/\/festivalbucles.com\/vl\/agenda\/presentacio-film-eduardo-jayricovich-feminin-films\/&#8221; link_option_url_new_window=&#8221;on&#8221; hover_enabled=&#8221;0&#8243; text_text_color_tablet=&#8221;RGBA(255,255,255,0)&#8221; text_text_color_phone=&#8221;RGBA(255,255,255,0)&#8221; text_text_color_last_edited=&#8221;on|tablet&#8221; global_colors_info=&#8221;{}&#8221; background__hover_enabled=&#8221;on|hover&#8221; background_image__hover=&#8221;https:\/\/festivalbucles.com\/wp-content\/uploads\/2024\/05\/backgound-home-portadas.jpg&#8221; background_enable_image__hover=&#8221;on&#8221; background_color__hover=&#8221;#ffcc02&#8243; background_enable_color__hover=&#8221;on&#8221; background_blend__hover=&#8221;normal&#8221; text_text_color__hover_enabled=&#8221;on|desktop&#8221; text_text_color__hover=&#8221;#0031F5&#8243; sticky_enabled=&#8221;0&#8243;]<\/p>\n<p>&#8220;RITO&#8221;<\/p>\n<p>[\/et_pb_text][\/et_pb_column][\/et_pb_row][\/et_pb_section][et_pb_section fb_built=&#8221;1&#8243; _builder_version=&#8221;4.25.0&#8243; _module_preset=&#8221;default&#8221; background_color=&#8221;RGBA(255,255,255,0)&#8221; custom_padding=&#8221;60px||20px||false|false&#8221; border_width_top=&#8221;1px&#8221; border_width_bottom=&#8221;1px&#8221; global_colors_info=&#8221;{}&#8221;][et_pb_row _builder_version=&#8221;4.25.0&#8243; _module_preset=&#8221;default&#8221; width=&#8221;90%&#8221; max_width=&#8221;90%&#8221; max_width_tablet=&#8221;1400px&#8221; max_width_phone=&#8221;1400px&#8221; max_width_last_edited=&#8221;on|phone&#8221; global_colors_info=&#8221;{}&#8221;][et_pb_column type=&#8221;4_4&#8243; _builder_version=&#8221;4.25.0&#8243; _module_preset=&#8221;default&#8221; global_colors_info=&#8221;{}&#8221;][et_pb_text _builder_version=&#8221;4.27.0&#8243; _module_preset=&#8221;default&#8221; header_2_font_size=&#8221;100px&#8221; header_3_text_color=&#8221;#0031F5&#8243; header_2_font_size_tablet=&#8221;80px&#8221; header_2_font_size_phone=&#8221;60px&#8221; header_2_font_size_last_edited=&#8221;on|phone&#8221; global_colors_info=&#8221;{}&#8221;]<\/p>\n<h2><span style=\"color: #000000;\">DIVENDRES 22 OCTUBRE<\/span><\/h2>\n<p>[\/et_pb_text][\/et_pb_column][\/et_pb_row][et_pb_row column_structure=&#8221;1_2,1_2&#8243; _builder_version=&#8221;4.27.0&#8243; _module_preset=&#8221;default&#8221; width=&#8221;90%&#8221; max_width=&#8221;90%&#8221; global_colors_info=&#8221;{}&#8221;][et_pb_column type=&#8221;1_2&#8243; _builder_version=&#8221;4.25.0&#8243; _module_preset=&#8221;default&#8221; global_colors_info=&#8221;{}&#8221;][et_pb_text _builder_version=&#8221;4.27.0&#8243; _module_preset=&#8221;default&#8221; text_font=&#8221;|600|||||||&#8221; text_text_color=&#8221;#000000&#8243; text_font_size=&#8221;24px&#8221; header_3_font=&#8221;|300|||||||&#8221; header_3_text_color=&#8221;#EA43F7&#8243; header_3_font_size=&#8221;70px&#8221; header_4_font=&#8221;|300|||||||&#8221; header_4_text_color=&#8221;#000000&#8243; header_4_font_size=&#8221;36px&#8221; header_5_font=&#8221;&#8211;et_global_body_font|500|||||||&#8221; header_5_text_color=&#8221;#000000&#8243; header_6_font_size=&#8221;28px&#8221; custom_margin=&#8221;||||false|false&#8221; custom_padding=&#8221;||||false|false&#8221; custom_padding_tablet=&#8221;5vw||||false|false&#8221; custom_padding_phone=&#8221;5vw||||false|false&#8221; custom_padding_last_edited=&#8221;on|desktop&#8221; hover_enabled=&#8221;0&#8243; header_3_font_size_tablet=&#8221;48px&#8221; header_3_font_size_phone=&#8221;48px&#8221; header_3_font_size_last_edited=&#8221;on|phone&#8221; header_4_font_size_tablet=&#8221;72px&#8221; header_4_font_size_phone=&#8221;48px&#8221; header_4_font_size_last_edited=&#8221;on|phone&#8221; global_colors_info=&#8221;{}&#8221; sticky_enabled=&#8221;0&#8243;]<\/p>\n<h4>TROBADA AMB PROGRAMADORS VALENCIANS<\/h4>\n<p>10.30 h \/ Espai LaGranja<\/p>\n<p>[\/et_pb_text][\/et_pb_column][et_pb_column type=&#8221;1_2&#8243; _builder_version=&#8221;4.25.0&#8243; _module_preset=&#8221;default&#8221; global_colors_info=&#8221;{}&#8221;][et_pb_text _builder_version=&#8221;4.27.0&#8243; _module_preset=&#8221;default&#8221; text_text_color=&#8221;RGBA(255,255,255,0)&#8221; text_font_size=&#8221;24px&#8221; background_image=&#8221;https:\/\/festivalbucles.com\/wp-content\/uploads\/2024\/05\/circuito-bucles-trobada-programadors-valencians-espai-la-granja.jpg&#8221; text_orientation=&#8221;center&#8221; custom_padding=&#8221;9vw||9vw||true|false&#8221; custom_padding_tablet=&#8221;20vw||20vw||true|false&#8221; custom_padding_phone=&#8221;20vw||20vw||true|false&#8221; custom_padding_last_edited=&#8221;on|tablet&#8221; hover_enabled=&#8221;0&#8243; text_text_color_tablet=&#8221;RGBA(255,255,255,0)&#8221; text_text_color_phone=&#8221;RGBA(255,255,255,0)&#8221; text_text_color_last_edited=&#8221;on|tablet&#8221; global_colors_info=&#8221;{}&#8221; background__hover_enabled=&#8221;on|desktop&#8221; text_text_color__hover_enabled=&#8221;on|desktop&#8221; text_text_color__hover=&#8221;#0031F5&#8243; sticky_enabled=&#8221;0&#8243;][\/et_pb_text][\/et_pb_column][\/et_pb_row][et_pb_row column_structure=&#8221;1_2,1_2&#8243; _builder_version=&#8221;4.25.0&#8243; _module_preset=&#8221;default&#8221; width=&#8221;90%&#8221; max_width=&#8221;90%&#8221; global_colors_info=&#8221;{}&#8221;][et_pb_column type=&#8221;1_2&#8243; _builder_version=&#8221;4.25.0&#8243; _module_preset=&#8221;default&#8221; global_colors_info=&#8221;{}&#8221;][et_pb_text _builder_version=&#8221;4.27.0&#8243; _module_preset=&#8221;default&#8221; text_font=&#8221;|600|||||||&#8221; text_text_color=&#8221;#000000&#8243; text_font_size=&#8221;24px&#8221; header_3_font=&#8221;|300|||||||&#8221; header_3_text_color=&#8221;#EA43F7&#8243; header_3_font_size=&#8221;70px&#8221; header_4_font=&#8221;|300|||||||&#8221; header_4_text_color=&#8221;#000000&#8243; header_4_font_size=&#8221;36px&#8221; header_5_font=&#8221;&#8211;et_global_body_font|500|||||||&#8221; header_5_text_color=&#8221;#000000&#8243; header_6_font_size=&#8221;28px&#8221; custom_margin=&#8221;||||false|false&#8221; custom_padding=&#8221;||||false|false&#8221; custom_padding_tablet=&#8221;5vw||||false|false&#8221; custom_padding_phone=&#8221;5vw||||false|false&#8221; custom_padding_last_edited=&#8221;on|desktop&#8221; link_option_url=&#8221;https:\/\/festivalbucles.com\/vl\/agenda\/laimperfecta\/&#8221; link_option_url_new_window=&#8221;on&#8221; hover_enabled=&#8221;0&#8243; header_3_font_size_tablet=&#8221;48px&#8221; header_3_font_size_phone=&#8221;48px&#8221; header_3_font_size_last_edited=&#8221;on|phone&#8221; header_4_font_size_tablet=&#8221;72px&#8221; header_4_font_size_phone=&#8221;48px&#8221; header_4_font_size_last_edited=&#8221;on|phone&#8221; global_colors_info=&#8221;{}&#8221; sticky_enabled=&#8221;0&#8243;]<\/p>\n<h2>EXPERIMENTA TEATRES<\/h2>\n<h3>LAIMPERFECTA<\/h3>\n<h4>TWIST<\/h4>\n<p>20.00 h \/ Sala Carme Teatre<\/p>\n<p>[\/et_pb_text][\/et_pb_column][et_pb_column type=&#8221;1_2&#8243; _builder_version=&#8221;4.25.0&#8243; _module_preset=&#8221;default&#8221; global_colors_info=&#8221;{}&#8221;][et_pb_text _builder_version=&#8221;4.27.0&#8243; _module_preset=&#8221;default&#8221; text_text_color=&#8221;RGBA(255,255,255,0)&#8221; text_font_size=&#8221;24px&#8221; background_image=&#8221;https:\/\/festivalbucles.com\/wp-content\/uploads\/2024\/05\/circuito-bucles-experimenta-teatres-la-imperfecta.jpg&#8221; text_orientation=&#8221;center&#8221; custom_padding=&#8221;9vw||9vw||true|false&#8221; custom_padding_tablet=&#8221;20vw||20vw||true|false&#8221; custom_padding_phone=&#8221;20vw||20vw||true|false&#8221; custom_padding_last_edited=&#8221;on|tablet&#8221; link_option_url=&#8221;https:\/\/festivalbucles.com\/vl\/agenda\/laimperfecta\/&#8221; link_option_url_new_window=&#8221;on&#8221; text_text_color_tablet=&#8221;RGBA(255,255,255,0)&#8221; text_text_color_phone=&#8221;RGBA(255,255,255,0)&#8221; text_text_color_last_edited=&#8221;on|tablet&#8221; global_colors_info=&#8221;{}&#8221; background__hover_enabled=&#8221;on|hover&#8221; background_image__hover=&#8221;https:\/\/festivalbucles.com\/wp-content\/uploads\/2024\/05\/backgound-home-portadas.jpg&#8221; background_enable_image__hover=&#8221;on&#8221; background_color__hover=&#8221;#ffcc02&#8243; background_enable_color__hover=&#8221;on&#8221; background_blend__hover=&#8221;normal&#8221; text_text_color__hover_enabled=&#8221;on|desktop&#8221; text_text_color__hover=&#8221;#0031F5&#8243;]<\/p>\n<p>&#8220;TWIST&#8221;<\/p>\n<p>[\/et_pb_text][\/et_pb_column][\/et_pb_row][\/et_pb_section][et_pb_section fb_built=&#8221;1&#8243; _builder_version=&#8221;4.25.0&#8243; _module_preset=&#8221;default&#8221; background_color=&#8221;RGBA(255,255,255,0)&#8221; custom_padding=&#8221;60px||20px||false|false&#8221; border_width_top=&#8221;1px&#8221; border_width_bottom=&#8221;1px&#8221; global_colors_info=&#8221;{}&#8221;][et_pb_row _builder_version=&#8221;4.25.0&#8243; _module_preset=&#8221;default&#8221; width=&#8221;90%&#8221; max_width=&#8221;90%&#8221; max_width_tablet=&#8221;1400px&#8221; max_width_phone=&#8221;1400px&#8221; max_width_last_edited=&#8221;on|phone&#8221; global_colors_info=&#8221;{}&#8221;][et_pb_column type=&#8221;4_4&#8243; _builder_version=&#8221;4.25.0&#8243; _module_preset=&#8221;default&#8221; global_colors_info=&#8221;{}&#8221;][et_pb_text _builder_version=&#8221;4.27.0&#8243; _module_preset=&#8221;default&#8221; header_2_font_size=&#8221;100px&#8221; header_3_text_color=&#8221;#0031F5&#8243; header_2_font_size_tablet=&#8221;80px&#8221; header_2_font_size_phone=&#8221;60px&#8221; header_2_font_size_last_edited=&#8221;on|phone&#8221; global_colors_info=&#8221;{}&#8221;]<\/p>\n<h2><span style=\"color: #000000;\">DISSABTE 23 OCTUBRE<\/span><\/h2>\n<p>[\/et_pb_text][\/et_pb_column][\/et_pb_row][et_pb_row column_structure=&#8221;1_2,1_2&#8243; _builder_version=&#8221;4.25.0&#8243; _module_preset=&#8221;default&#8221; width=&#8221;90%&#8221; max_width=&#8221;90%&#8221; global_colors_info=&#8221;{}&#8221;][et_pb_column type=&#8221;1_2&#8243; _builder_version=&#8221;4.25.0&#8243; _module_preset=&#8221;default&#8221; global_colors_info=&#8221;{}&#8221;][et_pb_text _builder_version=&#8221;4.27.0&#8243; _module_preset=&#8221;default&#8221; text_font=&#8221;|600|||||||&#8221; text_text_color=&#8221;#000000&#8243; text_font_size=&#8221;24px&#8221; header_3_font=&#8221;|300|||||||&#8221; header_3_text_color=&#8221;#EA43F7&#8243; header_3_font_size=&#8221;70px&#8221; header_4_font=&#8221;|300|||||||&#8221; header_4_text_color=&#8221;#000000&#8243; header_4_font_size=&#8221;36px&#8221; header_5_font=&#8221;&#8211;et_global_body_font|500|||||||&#8221; header_5_text_color=&#8221;#000000&#8243; header_6_font_size=&#8221;28px&#8221; custom_margin=&#8221;||||false|false&#8221; custom_padding=&#8221;||||false|false&#8221; custom_padding_tablet=&#8221;5vw||||false|false&#8221; custom_padding_phone=&#8221;5vw||||false|false&#8221; custom_padding_last_edited=&#8221;on|desktop&#8221; hover_enabled=&#8221;0&#8243; header_3_font_size_tablet=&#8221;48px&#8221; header_3_font_size_phone=&#8221;48px&#8221; header_3_font_size_last_edited=&#8221;on|phone&#8221; header_4_font_size_tablet=&#8221;72px&#8221; header_4_font_size_phone=&#8221;48px&#8221; header_4_font_size_last_edited=&#8221;on|phone&#8221; global_colors_info=&#8221;{}&#8221; link_option_url=&#8221;https:\/\/festivalbucles.com\/vl\/agenda\/candelaria-antelo\/&#8221; sticky_enabled=&#8221;0&#8243;]<\/p>\n<h2>EXPERIMENTA FORMACI\u00d3<\/h2>\n<h3>CANDELARIA ANTELO<\/h3>\n<h4>ESCUCHA SENSIBLE<\/h4>\n<p>10.00 h \/ Espai LaGranja<\/p>\n<p>[\/et_pb_text][\/et_pb_column][et_pb_column type=&#8221;1_2&#8243; _builder_version=&#8221;4.25.0&#8243; _module_preset=&#8221;default&#8221; global_colors_info=&#8221;{}&#8221;][et_pb_text _builder_version=&#8221;4.27.0&#8243; _module_preset=&#8221;default&#8221; text_text_color=&#8221;RGBA(255,255,255,0)&#8221; text_font_size=&#8221;24px&#8221; background_image=&#8221;https:\/\/festivalbucles.com\/wp-content\/uploads\/2024\/05\/circuito-bucles-experimenta-dansa-candelaria-anterio-hurycan.jpg&#8221; text_orientation=&#8221;center&#8221; custom_padding=&#8221;9vw||9vw||true|false&#8221; custom_padding_tablet=&#8221;20vw||20vw||true|false&#8221; custom_padding_phone=&#8221;20vw||20vw||true|false&#8221; custom_padding_last_edited=&#8221;on|tablet&#8221; hover_enabled=&#8221;0&#8243; text_text_color_tablet=&#8221;RGBA(255,255,255,0)&#8221; text_text_color_phone=&#8221;RGBA(255,255,255,0)&#8221; text_text_color_last_edited=&#8221;on|tablet&#8221; global_colors_info=&#8221;{}&#8221; background__hover_enabled=&#8221;on|hover&#8221; background_image__hover=&#8221;https:\/\/festivalbucles.com\/wp-content\/uploads\/2024\/05\/backgound-home-portadas.jpg&#8221; background_enable_image__hover=&#8221;on&#8221; background_color__hover=&#8221;#ffcc02&#8243; background_enable_color__hover=&#8221;on&#8221; background_blend__hover=&#8221;normal&#8221; text_text_color__hover_enabled=&#8221;on|desktop&#8221; text_text_color__hover=&#8221;#0031F5&#8243; link_option_url=&#8221;https:\/\/festivalbucles.com\/vl\/agenda\/candelaria-antelo\/&#8221; sticky_enabled=&#8221;0&#8243;]<\/p>\n<p>&#8220;ESCOLTA SENSIBLE&#8221;<\/p>\n<p>[\/et_pb_text][\/et_pb_column][\/et_pb_row][et_pb_row column_structure=&#8221;1_2,1_2&#8243; _builder_version=&#8221;4.25.0&#8243; _module_preset=&#8221;default&#8221; width=&#8221;90%&#8221; max_width=&#8221;90%&#8221; global_colors_info=&#8221;{}&#8221;][et_pb_column type=&#8221;1_2&#8243; _builder_version=&#8221;4.25.0&#8243; _module_preset=&#8221;default&#8221; global_colors_info=&#8221;{}&#8221;][et_pb_text _builder_version=&#8221;4.27.0&#8243; _module_preset=&#8221;default&#8221; text_font=&#8221;|600|||||||&#8221; text_text_color=&#8221;#000000&#8243; text_font_size=&#8221;24px&#8221; header_3_font=&#8221;|300|||||||&#8221; header_3_text_color=&#8221;#EA43F7&#8243; header_3_font_size=&#8221;70px&#8221; header_4_font=&#8221;|300|||||||&#8221; header_4_text_color=&#8221;#000000&#8243; header_4_font_size=&#8221;36px&#8221; header_5_font=&#8221;&#8211;et_global_body_font|500|||||||&#8221; header_5_text_color=&#8221;#000000&#8243; header_6_font_size=&#8221;28px&#8221; custom_margin=&#8221;||||false|false&#8221; custom_padding=&#8221;||||false|false&#8221; custom_padding_tablet=&#8221;5vw||||false|false&#8221; custom_padding_phone=&#8221;5vw||||false|false&#8221; custom_padding_last_edited=&#8221;on|desktop&#8221; hover_enabled=&#8221;0&#8243; header_3_font_size_tablet=&#8221;48px&#8221; header_3_font_size_phone=&#8221;48px&#8221; header_3_font_size_last_edited=&#8221;on|phone&#8221; header_4_font_size_tablet=&#8221;72px&#8221; header_4_font_size_phone=&#8221;48px&#8221; header_4_font_size_last_edited=&#8221;on|phone&#8221; global_colors_info=&#8221;{}&#8221; link_option_url=&#8221;https:\/\/festivalbucles.com\/vl\/agenda\/presentacio-llibre-sandra-gomez\/&#8221; sticky_enabled=&#8221;0&#8243;]<\/p>\n<h2>EXPERIMENTA MUSEUS<\/h2>\n<h3>SANDRA G\u00d3MEZ<\/h3>\n<h4>EL MEJOR LIBRO DE DANZA DEL MUNDO<\/h4>\n<p>12.30 h \/ Centre del carme, Cultura Contempor\u00e0nia<\/p>\n<p>[\/et_pb_text][\/et_pb_column][et_pb_column type=&#8221;1_2&#8243; _builder_version=&#8221;4.25.0&#8243; _module_preset=&#8221;default&#8221; global_colors_info=&#8221;{}&#8221;][et_pb_text _builder_version=&#8221;4.27.0&#8243; _module_preset=&#8221;default&#8221; text_text_color=&#8221;RGBA(255,255,255,0)&#8221; text_font_size=&#8221;24px&#8221; background_image=&#8221;https:\/\/festivalbucles.com\/wp-content\/uploads\/2024\/05\/circuito-bucles-el-mejor-libro-de-danza-sandra-gomez.jpg&#8221; text_orientation=&#8221;center&#8221; custom_padding=&#8221;9vw||9vw||true|false&#8221; custom_padding_tablet=&#8221;20vw||20vw||true|false&#8221; custom_padding_phone=&#8221;20vw||20vw||true|false&#8221; custom_padding_last_edited=&#8221;on|tablet&#8221; hover_enabled=&#8221;0&#8243; text_text_color_tablet=&#8221;RGBA(255,255,255,0)&#8221; text_text_color_phone=&#8221;RGBA(255,255,255,0)&#8221; text_text_color_last_edited=&#8221;on|tablet&#8221; global_colors_info=&#8221;{}&#8221; background__hover_enabled=&#8221;on|hover&#8221; background_image__hover=&#8221;https:\/\/festivalbucles.com\/wp-content\/uploads\/2024\/05\/backgound-home-portadas.jpg&#8221; background_enable_image__hover=&#8221;on&#8221; background_color__hover=&#8221;#ffcc02&#8243; background_enable_color__hover=&#8221;on&#8221; background_blend__hover=&#8221;normal&#8221; text_text_color__hover_enabled=&#8221;on|desktop&#8221; text_text_color__hover=&#8221;#0031F5&#8243; link_option_url=&#8221;https:\/\/festivalbucles.com\/vl\/agenda\/presentacio-llibre-sandra-gomez\/&#8221; sticky_enabled=&#8221;0&#8243;]<\/p>\n<p>&#8220;MODES DE FER&#8221;<\/p>\n<p>[\/et_pb_text][\/et_pb_column][\/et_pb_row][et_pb_row column_structure=&#8221;1_2,1_2&#8243; _builder_version=&#8221;4.25.0&#8243; _module_preset=&#8221;default&#8221; width=&#8221;90%&#8221; max_width=&#8221;90%&#8221; global_colors_info=&#8221;{}&#8221;][et_pb_column type=&#8221;1_2&#8243; _builder_version=&#8221;4.25.0&#8243; _module_preset=&#8221;default&#8221; global_colors_info=&#8221;{}&#8221;][et_pb_text _builder_version=&#8221;4.27.0&#8243; _module_preset=&#8221;default&#8221; text_font=&#8221;|600|||||||&#8221; text_text_color=&#8221;#000000&#8243; text_font_size=&#8221;24px&#8221; header_3_font=&#8221;|300|||||||&#8221; header_3_text_color=&#8221;#EA43F7&#8243; header_3_font_size=&#8221;70px&#8221; header_4_font=&#8221;|300|||||||&#8221; header_4_text_color=&#8221;#000000&#8243; header_4_font_size=&#8221;36px&#8221; header_5_font=&#8221;&#8211;et_global_body_font|500|||||||&#8221; header_5_text_color=&#8221;#000000&#8243; header_6_font_size=&#8221;28px&#8221; custom_margin=&#8221;||||false|false&#8221; custom_padding=&#8221;||||false|false&#8221; custom_padding_tablet=&#8221;5vw||||false|false&#8221; custom_padding_phone=&#8221;5vw||||false|false&#8221; custom_padding_last_edited=&#8221;on|desktop&#8221; hover_enabled=&#8221;0&#8243; header_3_font_size_tablet=&#8221;48px&#8221; header_3_font_size_phone=&#8221;48px&#8221; header_3_font_size_last_edited=&#8221;on|phone&#8221; header_4_font_size_tablet=&#8221;72px&#8221; header_4_font_size_phone=&#8221;48px&#8221; header_4_font_size_last_edited=&#8221;on|phone&#8221; global_colors_info=&#8221;{}&#8221; sticky_enabled=&#8221;0&#8243;]<\/p>\n<h2>EXPERIMENTA MUSEUS<\/h2>\n<h3><a href=\"https:\/\/festivalbucles.com\/vl\/agenda\/eyas-dance-project\/\" target=\"_blank\" rel=\"noopener\">EYAS DANCE PROJECT<\/a> \/<\/h3>\n<h3><a href=\"https:\/\/festivalbucles.com\/vl\/agenda\/hurycan\/\" target=\"_blank\" rel=\"noopener\">HURyCAN<\/a> \/<\/h3>\n<h3><a href=\"https:\/\/festivalbucles.com\/vl\/agenda\/babirusa-danza\/\" target=\"_blank\" rel=\"noopener\">BABIRUSA DANZA<\/a><\/h3>\n<p>18.00 h \/ Centre del Carme, Cultura Contempor\u00e0nia<\/p>\n<p>[\/et_pb_text][\/et_pb_column][et_pb_column type=&#8221;1_2&#8243; _builder_version=&#8221;4.25.0&#8243; _module_preset=&#8221;default&#8221; global_colors_info=&#8221;{}&#8221;][et_pb_text _builder_version=&#8221;4.27.0&#8243; _module_preset=&#8221;default&#8221; text_text_color=&#8221;RGBA(255,255,255,0)&#8221; text_font_size=&#8221;24px&#8221; background_image=&#8221;https:\/\/festivalbucles.com\/wp-content\/uploads\/2024\/05\/circuito-bucles-experimenta-museus-eyas-dance.jpg&#8221; text_orientation=&#8221;center&#8221; custom_padding=&#8221;9vw||9vw||true|false&#8221; custom_padding_tablet=&#8221;20vw||20vw||true|false&#8221; custom_padding_phone=&#8221;20vw||20vw||true|false&#8221; custom_padding_last_edited=&#8221;on|tablet&#8221; hover_enabled=&#8221;0&#8243; text_text_color_tablet=&#8221;RGBA(255,255,255,0)&#8221; text_text_color_phone=&#8221;RGBA(255,255,255,0)&#8221; text_text_color_last_edited=&#8221;on|tablet&#8221; global_colors_info=&#8221;{}&#8221; background__hover_enabled=&#8221;on|hover&#8221; background_image__hover=&#8221;https:\/\/festivalbucles.com\/wp-content\/uploads\/2024\/05\/backgound-home-portadas.jpg&#8221; background_enable_image__hover=&#8221;on&#8221; background_color__hover=&#8221;#ffcc02&#8243; background_enable_color__hover=&#8221;on&#8221; background_blend__hover=&#8221;normal&#8221; text_text_color__hover_enabled=&#8221;on|desktop&#8221; text_text_color__hover=&#8221;#0031F5&#8243; sticky_enabled=&#8221;0&#8243; link_option_url=&#8221;https:\/\/festivalbucles.com\/vl\/agenda\/eyas-dance-project\/&#8221;]<\/p>\n<p>&#8220;SPECULAR PECULIAR&#8221;<\/p>\n<p>[\/et_pb_text][et_pb_text _builder_version=&#8221;4.27.0&#8243; _module_preset=&#8221;default&#8221; text_text_color=&#8221;RGBA(255,255,255,0)&#8221; text_font_size=&#8221;24px&#8221; background_image=&#8221;https:\/\/festivalbucles.com\/wp-content\/uploads\/2024\/05\/circuito-bucles-experimenta-museos-hurycan.jpg&#8221; text_orientation=&#8221;center&#8221; custom_padding=&#8221;9vw||9vw||true|false&#8221; custom_padding_tablet=&#8221;20vw||20vw||true|false&#8221; custom_padding_phone=&#8221;20vw||20vw||true|false&#8221; custom_padding_last_edited=&#8221;on|tablet&#8221; hover_enabled=&#8221;0&#8243; text_text_color_tablet=&#8221;RGBA(255,255,255,0)&#8221; text_text_color_phone=&#8221;RGBA(255,255,255,0)&#8221; text_text_color_last_edited=&#8221;on|tablet&#8221; global_colors_info=&#8221;{}&#8221; background__hover_enabled=&#8221;on|hover&#8221; background_image__hover=&#8221;https:\/\/festivalbucles.com\/wp-content\/uploads\/2024\/05\/backgound-home-portadas.jpg&#8221; background_enable_image__hover=&#8221;on&#8221; background_color__hover=&#8221;#ffcc02&#8243; background_enable_color__hover=&#8221;on&#8221; background_blend__hover=&#8221;normal&#8221; text_text_color__hover_enabled=&#8221;on|desktop&#8221; text_text_color__hover=&#8221;#0031F5&#8243; link_option_url=&#8221;https:\/\/festivalbucles.com\/vl\/agenda\/hurycan\/&#8221; sticky_enabled=&#8221;0&#8243;]<\/p>\n<p>&#8220;BRUTA. L&#8221;<\/p>\n<p>[\/et_pb_text][et_pb_text _builder_version=&#8221;4.27.0&#8243; _module_preset=&#8221;default&#8221; text_text_color=&#8221;RGBA(255,255,255,0)&#8221; text_font_size=&#8221;24px&#8221; background_image=&#8221;https:\/\/festivalbucles.com\/wp-content\/uploads\/2024\/05\/circuito-bucles-experimenta-museus-babirusa-danza.jpg&#8221; text_orientation=&#8221;center&#8221; custom_padding=&#8221;9vw||9vw||true|false&#8221; custom_padding_tablet=&#8221;20vw||20vw||true|false&#8221; custom_padding_phone=&#8221;20vw||20vw||true|false&#8221; custom_padding_last_edited=&#8221;on|tablet&#8221; hover_enabled=&#8221;0&#8243; text_text_color_tablet=&#8221;RGBA(255,255,255,0)&#8221; text_text_color_phone=&#8221;RGBA(255,255,255,0)&#8221; text_text_color_last_edited=&#8221;on|tablet&#8221; global_colors_info=&#8221;{}&#8221; background__hover_enabled=&#8221;on|hover&#8221; background_image__hover=&#8221;https:\/\/festivalbucles.com\/wp-content\/uploads\/2024\/05\/backgound-home-portadas.jpg&#8221; background_enable_image__hover=&#8221;on&#8221; background_color__hover=&#8221;#ffcc02&#8243; background_enable_color__hover=&#8221;on&#8221; background_blend__hover=&#8221;normal&#8221; text_text_color__hover_enabled=&#8221;on|desktop&#8221; text_text_color__hover=&#8221;#0031F5&#8243; link_option_url=&#8221;https:\/\/festivalbucles.com\/vl\/agenda\/babirusa-danza\/&#8221; sticky_enabled=&#8221;0&#8243;]<\/p>\n<p>&#8220;LA NATURALESA DEL SILENCI&#8221;<\/p>\n<p>[\/et_pb_text][\/et_pb_column][\/et_pb_row][\/et_pb_section][et_pb_section fb_built=&#8221;1&#8243; _builder_version=&#8221;4.25.0&#8243; _module_preset=&#8221;default&#8221; background_color=&#8221;RGBA(255,255,255,0)&#8221; custom_padding=&#8221;60px||20px||false|false&#8221; border_width_top=&#8221;1px&#8221; border_width_bottom=&#8221;1px&#8221; global_colors_info=&#8221;{}&#8221;][et_pb_row _builder_version=&#8221;4.25.0&#8243; _module_preset=&#8221;default&#8221; width=&#8221;90%&#8221; max_width=&#8221;90%&#8221; max_width_tablet=&#8221;1400px&#8221; max_width_phone=&#8221;1400px&#8221; max_width_last_edited=&#8221;on|phone&#8221; global_colors_info=&#8221;{}&#8221;][et_pb_column type=&#8221;4_4&#8243; _builder_version=&#8221;4.25.0&#8243; _module_preset=&#8221;default&#8221; global_colors_info=&#8221;{}&#8221;][et_pb_text _builder_version=&#8221;4.27.0&#8243; _module_preset=&#8221;default&#8221; header_2_font_size=&#8221;100px&#8221; header_3_text_color=&#8221;#0031F5&#8243; header_2_font_size_tablet=&#8221;80px&#8221; header_2_font_size_phone=&#8221;60px&#8221; header_2_font_size_last_edited=&#8221;on|phone&#8221; global_colors_info=&#8221;{}&#8221;]<\/p>\n<h2><span style=\"color: #000000;\">DIUMENGE 24 OCTUBRE<\/span><\/h2>\n<p>[\/et_pb_text][\/et_pb_column][\/et_pb_row][et_pb_row column_structure=&#8221;1_2,1_2&#8243; _builder_version=&#8221;4.25.0&#8243; _module_preset=&#8221;default&#8221; width=&#8221;90%&#8221; max_width=&#8221;90%&#8221; global_colors_info=&#8221;{}&#8221;][et_pb_column type=&#8221;1_2&#8243; _builder_version=&#8221;4.25.0&#8243; _module_preset=&#8221;default&#8221; global_colors_info=&#8221;{}&#8221;][et_pb_text _builder_version=&#8221;4.27.0&#8243; _module_preset=&#8221;default&#8221; text_font=&#8221;|600|||||||&#8221; text_text_color=&#8221;#000000&#8243; text_font_size=&#8221;24px&#8221; header_3_font=&#8221;|300|||||||&#8221; header_3_text_color=&#8221;#EA43F7&#8243; header_3_font_size=&#8221;70px&#8221; header_4_font=&#8221;|300|||||||&#8221; header_4_text_color=&#8221;#000000&#8243; header_4_font_size=&#8221;36px&#8221; header_5_font=&#8221;&#8211;et_global_body_font|500|||||||&#8221; header_5_text_color=&#8221;#000000&#8243; header_6_font_size=&#8221;28px&#8221; custom_margin=&#8221;||||false|false&#8221; custom_padding=&#8221;||||false|false&#8221; custom_padding_tablet=&#8221;5vw||||false|false&#8221; custom_padding_phone=&#8221;5vw||||false|false&#8221; custom_padding_last_edited=&#8221;on|desktop&#8221; hover_enabled=&#8221;0&#8243; header_3_font_size_tablet=&#8221;48px&#8221; header_3_font_size_phone=&#8221;48px&#8221; header_3_font_size_last_edited=&#8221;on|phone&#8221; header_4_font_size_tablet=&#8221;72px&#8221; header_4_font_size_phone=&#8221;48px&#8221; header_4_font_size_last_edited=&#8221;on|phone&#8221; global_colors_info=&#8221;{}&#8221; link_option_url=&#8221;https:\/\/festivalbucles.com\/vl\/agenda\/beatriz-palenzuela-i-rafael-de-lastra\/&#8221; sticky_enabled=&#8221;0&#8243;]<\/p>\n<h2>EXPERIMENTA FORMACI\u00d3<\/h2>\n<h3>BEATRIZ PALENZUELA  RAFAEL DE LASTRA<\/h3>\n<h4>SOBRE EL SILENCI<\/h4>\n<p>11.00 h \/ Centre del Carme, Cultura Contempor\u00e0nia<\/p>\n<p>[\/et_pb_text][\/et_pb_column][et_pb_column type=&#8221;1_2&#8243; _builder_version=&#8221;4.25.0&#8243; _module_preset=&#8221;default&#8221; global_colors_info=&#8221;{}&#8221;][et_pb_text _builder_version=&#8221;4.27.0&#8243; _module_preset=&#8221;default&#8221; text_text_color=&#8221;RGBA(255,255,255,0)&#8221; text_font_size=&#8221;24px&#8221; background_image=&#8221;https:\/\/festivalbucles.com\/wp-content\/uploads\/2024\/05\/circuito-bucles-experimenta-dansa-clase-magistral-babirusa-danza.jpg&#8221; text_orientation=&#8221;center&#8221; custom_padding=&#8221;9vw||9vw||true|false&#8221; custom_padding_tablet=&#8221;20vw||20vw||true|false&#8221; custom_padding_phone=&#8221;20vw||20vw||true|false&#8221; custom_padding_last_edited=&#8221;on|tablet&#8221; hover_enabled=&#8221;0&#8243; text_text_color_tablet=&#8221;RGBA(255,255,255,0)&#8221; text_text_color_phone=&#8221;RGBA(255,255,255,0)&#8221; text_text_color_last_edited=&#8221;on|tablet&#8221; global_colors_info=&#8221;{}&#8221; background__hover_enabled=&#8221;on|hover&#8221; background_image__hover=&#8221;https:\/\/festivalbucles.com\/wp-content\/uploads\/2024\/05\/backgound-home-portadas.jpg&#8221; background_enable_image__hover=&#8221;on&#8221; background_color__hover=&#8221;#ffcc02&#8243; background_enable_color__hover=&#8221;on&#8221; background_blend__hover=&#8221;normal&#8221; text_text_color__hover_enabled=&#8221;on|desktop&#8221; text_text_color__hover=&#8221;#0031F5&#8243; link_option_url=&#8221;https:\/\/festivalbucles.com\/vl\/agenda\/beatriz-palenzuela-i-rafael-de-lastra\/&#8221; sticky_enabled=&#8221;0&#8243;]<\/p>\n<p>&#8220;SOBRE EL SILENCI&#8221;<\/p>\n<p>[\/et_pb_text][\/et_pb_column][\/et_pb_row][et_pb_row column_structure=&#8221;1_2,1_2&#8243; _builder_version=&#8221;4.25.0&#8243; _module_preset=&#8221;default&#8221; width=&#8221;90%&#8221; max_width=&#8221;90%&#8221; global_colors_info=&#8221;{}&#8221;][et_pb_column type=&#8221;1_2&#8243; _builder_version=&#8221;4.25.0&#8243; _module_preset=&#8221;default&#8221; global_colors_info=&#8221;{}&#8221;][et_pb_text _builder_version=&#8221;4.27.0&#8243; _module_preset=&#8221;default&#8221; text_font=&#8221;|600|||||||&#8221; text_text_color=&#8221;#000000&#8243; text_font_size=&#8221;24px&#8221; header_3_font=&#8221;|300|||||||&#8221; header_3_text_color=&#8221;#EA43F7&#8243; header_3_font_size=&#8221;70px&#8221; header_4_font=&#8221;|300|||||||&#8221; header_4_text_color=&#8221;#000000&#8243; header_4_font_size=&#8221;36px&#8221; header_5_font=&#8221;&#8211;et_global_body_font|500|||||||&#8221; header_5_text_color=&#8221;#000000&#8243; header_6_font_size=&#8221;28px&#8221; custom_margin=&#8221;||||false|false&#8221; custom_padding=&#8221;||||false|false&#8221; custom_padding_tablet=&#8221;5vw||||false|false&#8221; custom_padding_phone=&#8221;5vw||||false|false&#8221; custom_padding_last_edited=&#8221;on|desktop&#8221; hover_enabled=&#8221;0&#8243; header_3_font_size_tablet=&#8221;48px&#8221; header_3_font_size_phone=&#8221;48px&#8221; header_3_font_size_last_edited=&#8221;on|phone&#8221; header_4_font_size_tablet=&#8221;72px&#8221; header_4_font_size_phone=&#8221;48px&#8221; header_4_font_size_last_edited=&#8221;on|phone&#8221; global_colors_info=&#8221;{}&#8221; link_option_url=&#8221;https:\/\/festivalbucles.com\/vl\/agenda\/dance-explorer\/&#8221; sticky_enabled=&#8221;0&#8243;]<\/p>\n<h2>EXPERIMENTA EN FAMILIA<\/h2>\n<h3>DANCE EXPLORER<\/h3>\n<h4>PAISAJES DE PAPEL<\/h4>\n<p>12.30 h \/ Centre del Carme, Cultura Contempor\u00e0nia<\/p>\n<p>[\/et_pb_text][\/et_pb_column][et_pb_column type=&#8221;1_2&#8243; _builder_version=&#8221;4.25.0&#8243; _module_preset=&#8221;default&#8221; global_colors_info=&#8221;{}&#8221;][et_pb_text _builder_version=&#8221;4.27.0&#8243; _module_preset=&#8221;default&#8221; text_text_color=&#8221;RGBA(255,255,255,0)&#8221; text_font_size=&#8221;24px&#8221; background_image=&#8221;https:\/\/festivalbucles.com\/wp-content\/uploads\/2024\/05\/circuito-bucles-nanobucle-dance-explorer.jpg&#8221; text_orientation=&#8221;center&#8221; custom_padding=&#8221;9vw||9vw||true|false&#8221; custom_padding_tablet=&#8221;20vw||20vw||true|false&#8221; custom_padding_phone=&#8221;20vw||20vw||true|false&#8221; custom_padding_last_edited=&#8221;on|tablet&#8221; hover_enabled=&#8221;0&#8243; text_text_color_tablet=&#8221;RGBA(255,255,255,0)&#8221; text_text_color_phone=&#8221;RGBA(255,255,255,0)&#8221; text_text_color_last_edited=&#8221;on|tablet&#8221; global_colors_info=&#8221;{}&#8221; background__hover_enabled=&#8221;on|hover&#8221; background_image__hover=&#8221;https:\/\/festivalbucles.com\/wp-content\/uploads\/2024\/05\/backgound-home-portadas.jpg&#8221; background_enable_image__hover=&#8221;on&#8221; background_color__hover=&#8221;#ffcc02&#8243; background_enable_color__hover=&#8221;on&#8221; background_blend__hover=&#8221;normal&#8221; text_text_color__hover_enabled=&#8221;on|desktop&#8221; text_text_color__hover=&#8221;#0031F5&#8243; link_option_url=&#8221;https:\/\/festivalbucles.com\/vl\/agenda\/dance-explorer\/&#8221; sticky_enabled=&#8221;0&#8243;]<\/p>\n<p>&#8220;PAISATGES DE PAPER&#8221;<\/p>\n<p>[\/et_pb_text][\/et_pb_column][\/et_pb_row][et_pb_row column_structure=&#8221;1_2,1_2&#8243; _builder_version=&#8221;4.25.0&#8243; _module_preset=&#8221;default&#8221; width=&#8221;90%&#8221; max_width=&#8221;90%&#8221; global_colors_info=&#8221;{}&#8221;][et_pb_column type=&#8221;1_2&#8243; _builder_version=&#8221;4.25.0&#8243; _module_preset=&#8221;default&#8221; global_colors_info=&#8221;{}&#8221;][et_pb_text _builder_version=&#8221;4.27.0&#8243; _module_preset=&#8221;default&#8221; text_font=&#8221;|600|||||||&#8221; text_text_color=&#8221;#000000&#8243; text_font_size=&#8221;24px&#8221; header_3_font=&#8221;|300|||||||&#8221; header_3_text_color=&#8221;#EA43F7&#8243; header_3_font_size=&#8221;70px&#8221; header_4_font=&#8221;|300|||||||&#8221; header_4_text_color=&#8221;#000000&#8243; header_4_font_size=&#8221;36px&#8221; header_5_font=&#8221;&#8211;et_global_body_font|500|||||||&#8221; header_5_text_color=&#8221;#000000&#8243; header_6_font_size=&#8221;28px&#8221; custom_margin=&#8221;||||false|false&#8221; custom_padding=&#8221;||||false|false&#8221; custom_padding_tablet=&#8221;5vw||||false|false&#8221; custom_padding_phone=&#8221;5vw||||false|false&#8221; custom_padding_last_edited=&#8221;on|desktop&#8221; hover_enabled=&#8221;0&#8243; header_3_font_size_tablet=&#8221;48px&#8221; header_3_font_size_phone=&#8221;48px&#8221; header_3_font_size_last_edited=&#8221;on|phone&#8221; header_4_font_size_tablet=&#8221;72px&#8221; header_4_font_size_phone=&#8221;48px&#8221; header_4_font_size_last_edited=&#8221;on|phone&#8221; global_colors_info=&#8221;{}&#8221; sticky_enabled=&#8221;0&#8243;]<\/p>\n<h2>EXPERIMENTA MUSEUS<\/h2>\n<h3><a href=\"https:\/\/festivalbucles.com\/vl\/agenda\/paloma-hurtado\/\">PALOMA HURTADO<\/a> \/<\/h3>\n<h3><a href=\"https:\/\/festivalbucles.com\/vl\/agenda\/macarena-recuerda\/\">MACARENA RECUERDA<\/a> \/<\/h3>\n<h3>MAIA &amp; GOMEZ \/<\/h3>\n<h3><a href=\"https:\/\/festivalbucles.com\/vl\/agenda\/olatz-de-andres\/\">PALOMA HURTADO<\/a><\/h3>\n<p>17.30 h \/ Centre del Carme, Cultura Contempor\u00e0nia<\/p>\n<p>[\/et_pb_text][\/et_pb_column][et_pb_column type=&#8221;1_2&#8243; _builder_version=&#8221;4.25.0&#8243; _module_preset=&#8221;default&#8221; global_colors_info=&#8221;{}&#8221;][et_pb_text _builder_version=&#8221;4.27.0&#8243; _module_preset=&#8221;default&#8221; text_text_color=&#8221;RGBA(255,255,255,0)&#8221; text_font_size=&#8221;24px&#8221; background_image=&#8221;https:\/\/festivalbucles.com\/wp-content\/uploads\/2024\/05\/circuito-bucles-experimenta-museos-paloma-hurtado.jpg&#8221; text_orientation=&#8221;center&#8221; custom_padding=&#8221;9vw||9vw||true|false&#8221; custom_padding_tablet=&#8221;20vw||20vw||true|false&#8221; custom_padding_phone=&#8221;20vw||20vw||true|false&#8221; custom_padding_last_edited=&#8221;on|tablet&#8221; hover_enabled=&#8221;0&#8243; text_text_color_tablet=&#8221;RGBA(255,255,255,0)&#8221; text_text_color_phone=&#8221;RGBA(255,255,255,0)&#8221; text_text_color_last_edited=&#8221;on|tablet&#8221; global_colors_info=&#8221;{}&#8221; background__hover_enabled=&#8221;on|hover&#8221; background_image__hover=&#8221;https:\/\/festivalbucles.com\/wp-content\/uploads\/2024\/05\/backgound-home-portadas.jpg&#8221; background_enable_image__hover=&#8221;on&#8221; background_color__hover=&#8221;#ffcc02&#8243; background_enable_color__hover=&#8221;on&#8221; background_blend__hover=&#8221;normal&#8221; text_text_color__hover_enabled=&#8221;on|desktop&#8221; text_text_color__hover=&#8221;#0031F5&#8243; link_option_url=&#8221;https:\/\/festivalbucles.com\/vl\/agenda\/paloma-hurtado\/&#8221; sticky_enabled=&#8221;0&#8243;]<\/p>\n<p>&#8220;EPHIMERA&#8221;<\/p>\n<p>[\/et_pb_text][et_pb_text _builder_version=&#8221;4.27.0&#8243; _module_preset=&#8221;default&#8221; text_text_color=&#8221;RGBA(255,255,255,0)&#8221; text_font_size=&#8221;24px&#8221; background_image=&#8221;https:\/\/festivalbucles.com\/wp-content\/uploads\/2024\/05\/circuito-bucles-experimenta-museos-macarena-recuerda.jpg&#8221; text_orientation=&#8221;center&#8221; custom_padding=&#8221;9vw||9vw||true|false&#8221; custom_padding_tablet=&#8221;20vw||20vw||true|false&#8221; custom_padding_phone=&#8221;20vw||20vw||true|false&#8221; custom_padding_last_edited=&#8221;on|tablet&#8221; hover_enabled=&#8221;0&#8243; text_text_color_tablet=&#8221;RGBA(255,255,255,0)&#8221; text_text_color_phone=&#8221;RGBA(255,255,255,0)&#8221; text_text_color_last_edited=&#8221;on|tablet&#8221; global_colors_info=&#8221;{}&#8221; background__hover_enabled=&#8221;on|hover&#8221; background_image__hover=&#8221;https:\/\/festivalbucles.com\/wp-content\/uploads\/2024\/05\/backgound-home-portadas.jpg&#8221; background_enable_image__hover=&#8221;on&#8221; background_color__hover=&#8221;#ffcc02&#8243; background_enable_color__hover=&#8221;on&#8221; background_blend__hover=&#8221;normal&#8221; text_text_color__hover_enabled=&#8221;on|desktop&#8221; text_text_color__hover=&#8221;#0031F5&#8243; link_option_url=&#8221;https:\/\/festivalbucles.com\/vl\/agenda\/macarena-recuerda\/&#8221; sticky_enabled=&#8221;0&#8243;]<\/p>\n<p>&#8220;\u00a1AY! \u00a1YA!&#8221;<\/p>\n<p>[\/et_pb_text][et_pb_text _builder_version=&#8221;4.27.0&#8243; _module_preset=&#8221;default&#8221; text_text_color=&#8221;RGBA(255,255,255,0)&#8221; text_font_size=&#8221;24px&#8221; background_image=&#8221;https:\/\/festivalbucles.com\/wp-content\/uploads\/2024\/05\/circuito-bucles-experimenta-museos-enambar-danza.jpg&#8221; text_orientation=&#8221;center&#8221; custom_padding=&#8221;9vw||9vw||true|false&#8221; custom_padding_tablet=&#8221;20vw||20vw||true|false&#8221; custom_padding_phone=&#8221;20vw||20vw||true|false&#8221; custom_padding_last_edited=&#8221;on|tablet&#8221; text_text_color_tablet=&#8221;RGBA(255,255,255,0)&#8221; text_text_color_phone=&#8221;RGBA(255,255,255,0)&#8221; text_text_color_last_edited=&#8221;on|tablet&#8221; global_colors_info=&#8221;{}&#8221; background__hover_enabled=&#8221;on|hover&#8221; background_image__hover=&#8221;https:\/\/festivalbucles.com\/wp-content\/uploads\/2024\/05\/backgound-home-portadas.jpg&#8221; background_enable_image__hover=&#8221;on&#8221; background_color__hover=&#8221;#ffcc02&#8243; background_enable_color__hover=&#8221;on&#8221; background_blend__hover=&#8221;normal&#8221; text_text_color__hover_enabled=&#8221;on|desktop&#8221; text_text_color__hover=&#8221;#0031F5&#8243;]<\/p>\n<p>&#8220;ANHEL&#8221;<\/p>\n<p>[\/et_pb_text][et_pb_text _builder_version=&#8221;4.27.0&#8243; _module_preset=&#8221;default&#8221; text_text_color=&#8221;RGBA(255,255,255,0)&#8221; text_font_size=&#8221;24px&#8221; background_image=&#8221;https:\/\/festivalbucles.com\/wp-content\/uploads\/2024\/05\/circuito-bucles-experimenta-museus-olatz-de-andres.jpg&#8221; text_orientation=&#8221;center&#8221; custom_padding=&#8221;9vw||9vw||true|false&#8221; custom_padding_tablet=&#8221;20vw||20vw||true|false&#8221; custom_padding_phone=&#8221;20vw||20vw||true|false&#8221; custom_padding_last_edited=&#8221;on|tablet&#8221; hover_enabled=&#8221;0&#8243; text_text_color_tablet=&#8221;RGBA(255,255,255,0)&#8221; text_text_color_phone=&#8221;RGBA(255,255,255,0)&#8221; text_text_color_last_edited=&#8221;on|tablet&#8221; global_colors_info=&#8221;{}&#8221; background__hover_enabled=&#8221;on|hover&#8221; background_image__hover=&#8221;https:\/\/festivalbucles.com\/wp-content\/uploads\/2024\/05\/backgound-home-portadas.jpg&#8221; background_enable_image__hover=&#8221;on&#8221; background_color__hover=&#8221;#ffcc02&#8243; background_enable_color__hover=&#8221;on&#8221; background_blend__hover=&#8221;normal&#8221; text_text_color__hover_enabled=&#8221;on|desktop&#8221; text_text_color__hover=&#8221;#0031F5&#8243; link_option_url=&#8221;https:\/\/festivalbucles.com\/vl\/agenda\/olatz-de-andres\/&#8221; sticky_enabled=&#8221;0&#8243;]<\/p>\n<p>&#8220;DOPPEL LEO&#8221;<\/p>\n<p>[\/et_pb_text][\/et_pb_column][\/et_pb_row][\/et_pb_section][et_pb_section fb_built=&#8221;1&#8243; _builder_version=&#8221;4.25.0&#8243; _module_preset=&#8221;default&#8221; background_color=&#8221;RGBA(255,255,255,0)&#8221; custom_padding=&#8221;60px||20px||false|false&#8221; border_width_top=&#8221;1px&#8221; border_width_bottom=&#8221;1px&#8221; global_colors_info=&#8221;{}&#8221;][et_pb_row _builder_version=&#8221;4.25.0&#8243; _module_preset=&#8221;default&#8221; width=&#8221;90%&#8221; max_width=&#8221;90%&#8221; max_width_tablet=&#8221;1400px&#8221; max_width_phone=&#8221;1400px&#8221; max_width_last_edited=&#8221;on|phone&#8221; global_colors_info=&#8221;{}&#8221;][et_pb_column type=&#8221;4_4&#8243; _builder_version=&#8221;4.25.0&#8243; _module_preset=&#8221;default&#8221; global_colors_info=&#8221;{}&#8221;][et_pb_text _builder_version=&#8221;4.27.0&#8243; _module_preset=&#8221;default&#8221; header_2_font_size=&#8221;100px&#8221; header_3_text_color=&#8221;#0031F5&#8243; header_2_font_size_tablet=&#8221;80px&#8221; header_2_font_size_phone=&#8221;60px&#8221; header_2_font_size_last_edited=&#8221;on|phone&#8221; global_colors_info=&#8221;{}&#8221;]<\/p>\n<h2><span style=\"color: #000000;\">28 &#8211; 31 OCTUBRE<\/span><\/h2>\n<p>[\/et_pb_text][\/et_pb_column][\/et_pb_row][et_pb_row column_structure=&#8221;1_2,1_2&#8243; _builder_version=&#8221;4.25.0&#8243; _module_preset=&#8221;default&#8221; width=&#8221;90%&#8221; max_width=&#8221;90%&#8221; global_colors_info=&#8221;{}&#8221;][et_pb_column type=&#8221;1_2&#8243; _builder_version=&#8221;4.25.0&#8243; _module_preset=&#8221;default&#8221; global_colors_info=&#8221;{}&#8221;][et_pb_text _builder_version=&#8221;4.27.0&#8243; _module_preset=&#8221;default&#8221; text_font=&#8221;|600|||||||&#8221; text_text_color=&#8221;#000000&#8243; text_font_size=&#8221;24px&#8221; header_3_font=&#8221;|300|||||||&#8221; header_3_text_color=&#8221;#EA43F7&#8243; header_3_font_size=&#8221;70px&#8221; header_4_font=&#8221;|300|||||||&#8221; header_4_text_color=&#8221;#000000&#8243; header_4_font_size=&#8221;36px&#8221; header_5_font=&#8221;&#8211;et_global_body_font|500|||||||&#8221; header_5_text_color=&#8221;#000000&#8243; header_6_font_size=&#8221;28px&#8221; custom_margin=&#8221;||||false|false&#8221; custom_padding=&#8221;||||false|false&#8221; custom_padding_tablet=&#8221;5vw||||false|false&#8221; custom_padding_phone=&#8221;5vw||||false|false&#8221; custom_padding_last_edited=&#8221;on|desktop&#8221; hover_enabled=&#8221;0&#8243; header_3_font_size_tablet=&#8221;48px&#8221; header_3_font_size_phone=&#8221;48px&#8221; header_3_font_size_last_edited=&#8221;on|phone&#8221; header_4_font_size_tablet=&#8221;72px&#8221; header_4_font_size_phone=&#8221;48px&#8221; header_4_font_size_last_edited=&#8221;on|phone&#8221; global_colors_info=&#8221;{}&#8221; link_option_url=&#8221;https:\/\/festivalbucles.com\/vl\/agenda\/irene-cortina\/&#8221; sticky_enabled=&#8221;0&#8243;]<\/p>\n<h2>EXPERIMENTA TEATRES<\/h2>\n<h3>IRENE CORTINA<\/h3>\n<h4>NOVENSANOS<\/h4>\n<p>20.00 h \/ Teatro C\u00edrculo<\/p>\n<p>[\/et_pb_text][\/et_pb_column][et_pb_column type=&#8221;1_2&#8243; _builder_version=&#8221;4.25.0&#8243; _module_preset=&#8221;default&#8221; global_colors_info=&#8221;{}&#8221;][et_pb_text _builder_version=&#8221;4.27.0&#8243; _module_preset=&#8221;default&#8221; text_text_color=&#8221;RGBA(255,255,255,0)&#8221; text_font_size=&#8221;24px&#8221; background_image=&#8221;https:\/\/festivalbucles.com\/wp-content\/uploads\/2024\/05\/circuito-bucles-experimenta-teatres-irene-cortina.jpg&#8221; text_orientation=&#8221;center&#8221; custom_padding=&#8221;9vw||9vw||true|false&#8221; custom_padding_tablet=&#8221;20vw||20vw||true|false&#8221; custom_padding_phone=&#8221;20vw||20vw||true|false&#8221; custom_padding_last_edited=&#8221;on|tablet&#8221; hover_enabled=&#8221;0&#8243; text_text_color_tablet=&#8221;RGBA(255,255,255,0)&#8221; text_text_color_phone=&#8221;RGBA(255,255,255,0)&#8221; text_text_color_last_edited=&#8221;on|tablet&#8221; global_colors_info=&#8221;{}&#8221; background__hover_enabled=&#8221;on|hover&#8221; background_image__hover=&#8221;https:\/\/festivalbucles.com\/wp-content\/uploads\/2024\/05\/backgound-home-portadas.jpg&#8221; background_enable_image__hover=&#8221;on&#8221; background_color__hover=&#8221;#ffcc02&#8243; background_enable_color__hover=&#8221;on&#8221; background_blend__hover=&#8221;normal&#8221; text_text_color__hover_enabled=&#8221;on|desktop&#8221; text_text_color__hover=&#8221;#0031F5&#8243; link_option_url=&#8221;https:\/\/festivalbucles.com\/vl\/agenda\/irene-cortina\/&#8221; sticky_enabled=&#8221;0&#8243;]<\/p>\n<p>&#8220;NOVENSANOS&#8221;<\/p>\n<p>[\/et_pb_text][\/et_pb_column][\/et_pb_row][\/et_pb_section][et_pb_section fb_built=&#8221;1&#8243; _builder_version=&#8221;4.25.0&#8243; _module_preset=&#8221;default&#8221; background_color=&#8221;RGBA(255,255,255,0)&#8221; custom_padding=&#8221;60px||20px||false|false&#8221; border_width_top=&#8221;1px&#8221; border_width_bottom=&#8221;1px&#8221; global_colors_info=&#8221;{}&#8221;][et_pb_row _builder_version=&#8221;4.25.0&#8243; _module_preset=&#8221;default&#8221; width=&#8221;90%&#8221; max_width=&#8221;90%&#8221; max_width_tablet=&#8221;1400px&#8221; max_width_phone=&#8221;1400px&#8221; max_width_last_edited=&#8221;on|phone&#8221; global_colors_info=&#8221;{}&#8221;][et_pb_column type=&#8221;4_4&#8243; _builder_version=&#8221;4.25.0&#8243; _module_preset=&#8221;default&#8221; global_colors_info=&#8221;{}&#8221;][et_pb_text _builder_version=&#8221;4.27.0&#8243; _module_preset=&#8221;default&#8221; header_2_font_size=&#8221;100px&#8221; header_3_text_color=&#8221;#0031F5&#8243; header_2_font_size_tablet=&#8221;80px&#8221; header_2_font_size_phone=&#8221;60px&#8221; header_2_font_size_last_edited=&#8221;on|phone&#8221; global_colors_info=&#8221;{}&#8221;]<\/p>\n<h2><span style=\"color: #000000;\">DIVENDRES 29 OCTUBRE<\/span><\/h2>\n<p>[\/et_pb_text][\/et_pb_column][\/et_pb_row][et_pb_row column_structure=&#8221;1_2,1_2&#8243; _builder_version=&#8221;4.25.0&#8243; _module_preset=&#8221;default&#8221; width=&#8221;90%&#8221; max_width=&#8221;90%&#8221; global_colors_info=&#8221;{}&#8221;][et_pb_column type=&#8221;1_2&#8243; _builder_version=&#8221;4.25.0&#8243; _module_preset=&#8221;default&#8221; global_colors_info=&#8221;{}&#8221;][et_pb_text _builder_version=&#8221;4.27.0&#8243; _module_preset=&#8221;default&#8221; text_font=&#8221;|600|||||||&#8221; text_text_color=&#8221;#000000&#8243; text_font_size=&#8221;24px&#8221; header_3_font=&#8221;|300|||||||&#8221; header_3_text_color=&#8221;#EA43F7&#8243; header_3_font_size=&#8221;70px&#8221; header_4_font=&#8221;|300|||||||&#8221; header_4_text_color=&#8221;#000000&#8243; header_4_font_size=&#8221;36px&#8221; header_5_font=&#8221;&#8211;et_global_body_font|500|||||||&#8221; header_5_text_color=&#8221;#000000&#8243; header_6_font_size=&#8221;28px&#8221; custom_margin=&#8221;||||false|false&#8221; custom_padding=&#8221;||||false|false&#8221; custom_padding_tablet=&#8221;5vw||||false|false&#8221; custom_padding_phone=&#8221;5vw||||false|false&#8221; custom_padding_last_edited=&#8221;on|desktop&#8221; hover_enabled=&#8221;0&#8243; header_3_font_size_tablet=&#8221;48px&#8221; header_3_font_size_phone=&#8221;48px&#8221; header_3_font_size_last_edited=&#8221;on|phone&#8221; header_4_font_size_tablet=&#8221;72px&#8221; header_4_font_size_phone=&#8221;48px&#8221; header_4_font_size_last_edited=&#8221;on|phone&#8221; global_colors_info=&#8221;{}&#8221; link_option_url=&#8221;https:\/\/festivalbucles.com\/vl\/agenda\/la-ciutat-balla-estraperlo\/&#8221; sticky_enabled=&#8221;0&#8243;]<\/p>\n<h2>JOVES CREADORS<\/h2>\n<h3>KOBULU DANCE PROJECT \/<\/h3>\n<h3>JOVEN COMPA\u00d1\u00cdA GERARD COLLINS<\/h3>\n<p>18.00 h \/ Sala Matilde Salvador<\/p>\n<p>[\/et_pb_text][\/et_pb_column][et_pb_column type=&#8221;1_2&#8243; _builder_version=&#8221;4.25.0&#8243; _module_preset=&#8221;default&#8221; global_colors_info=&#8221;{}&#8221;][et_pb_text _builder_version=&#8221;4.27.0&#8243; _module_preset=&#8221;default&#8221; text_text_color=&#8221;RGBA(255,255,255,0)&#8221; text_font_size=&#8221;24px&#8221; background_image=&#8221;https:\/\/festivalbucles.com\/wp-content\/uploads\/2024\/05\/circuito-bucles-la-taronja-escenica.jpg&#8221; text_orientation=&#8221;center&#8221; custom_padding=&#8221;9vw||9vw||true|false&#8221; custom_padding_tablet=&#8221;20vw||20vw||true|false&#8221; custom_padding_phone=&#8221;20vw||20vw||true|false&#8221; custom_padding_last_edited=&#8221;on|tablet&#8221; hover_enabled=&#8221;0&#8243; text_text_color_tablet=&#8221;RGBA(255,255,255,0)&#8221; text_text_color_phone=&#8221;RGBA(255,255,255,0)&#8221; text_text_color_last_edited=&#8221;on|tablet&#8221; global_colors_info=&#8221;{}&#8221; background__hover_enabled=&#8221;on|hover&#8221; background_image__hover=&#8221;https:\/\/festivalbucles.com\/wp-content\/uploads\/2024\/05\/backgound-home-portadas.jpg&#8221; background_enable_image__hover=&#8221;on&#8221; background_color__hover=&#8221;#ffcc02&#8243; background_enable_color__hover=&#8221;on&#8221; background_blend__hover=&#8221;normal&#8221; text_text_color__hover_enabled=&#8221;on|desktop&#8221; text_text_color__hover=&#8221;#0031F5&#8243; link_option_url=&#8221;https:\/\/festivalbucles.com\/vl\/agenda\/la-ciutat-balla-estraperlo\/&#8221; sticky_enabled=&#8221;0&#8243;]<\/p>\n<p>&#8220;ESTRAPERLO, LA FESTA DEL SILENCI&#8221;<\/p>\n<p>[\/et_pb_text][et_pb_text _builder_version=&#8221;4.27.0&#8243; _module_preset=&#8221;default&#8221; text_text_color=&#8221;RGBA(255,255,255,0)&#8221; text_font_size=&#8221;24px&#8221; background_image=&#8221;https:\/\/festivalbucles.com\/wp-content\/uploads\/2024\/05\/circuito-bucles-la-ciudad-baila-kobulu-dance-company.jpg&#8221; text_orientation=&#8221;center&#8221; custom_padding=&#8221;9vw||9vw||true|false&#8221; custom_padding_tablet=&#8221;20vw||20vw||true|false&#8221; custom_padding_phone=&#8221;20vw||20vw||true|false&#8221; custom_padding_last_edited=&#8221;on|tablet&#8221; hover_enabled=&#8221;0&#8243; text_text_color_tablet=&#8221;RGBA(255,255,255,0)&#8221; text_text_color_phone=&#8221;RGBA(255,255,255,0)&#8221; text_text_color_last_edited=&#8221;on|tablet&#8221; global_colors_info=&#8221;{}&#8221; background__hover_enabled=&#8221;on|hover&#8221; background_image__hover=&#8221;https:\/\/festivalbucles.com\/wp-content\/uploads\/2024\/05\/backgound-home-portadas.jpg&#8221; background_enable_image__hover=&#8221;on&#8221; background_color__hover=&#8221;#ffcc02&#8243; background_enable_color__hover=&#8221;on&#8221; background_blend__hover=&#8221;normal&#8221; text_text_color__hover_enabled=&#8221;on|desktop&#8221; text_text_color__hover=&#8221;#0031F5&#8243; link_option_url=&#8221;https:\/\/festivalbucles.com\/vl\/agenda\/la-ciutat-balla-estraperlo\/&#8221; sticky_enabled=&#8221;0&#8243;]<\/p>\n<p>&#8220;CLOWNS&#8221;<\/p>\n<p>[\/et_pb_text][et_pb_text _builder_version=&#8221;4.27.0&#8243; _module_preset=&#8221;default&#8221; text_text_color=&#8221;RGBA(255,255,255,0)&#8221; text_font_size=&#8221;24px&#8221; background_image=&#8221;https:\/\/festivalbucles.com\/wp-content\/uploads\/2024\/05\/circuito-bucles-experimenta-colectius-gerard-collins-la-nau.jpg&#8221; text_orientation=&#8221;center&#8221; custom_padding=&#8221;9vw||9vw||true|false&#8221; custom_padding_tablet=&#8221;20vw||20vw||true|false&#8221; custom_padding_phone=&#8221;20vw||20vw||true|false&#8221; custom_padding_last_edited=&#8221;on|tablet&#8221; hover_enabled=&#8221;0&#8243; text_text_color_tablet=&#8221;RGBA(255,255,255,0)&#8221; text_text_color_phone=&#8221;RGBA(255,255,255,0)&#8221; text_text_color_last_edited=&#8221;on|tablet&#8221; global_colors_info=&#8221;{}&#8221; background__hover_enabled=&#8221;on|hover&#8221; background_image__hover=&#8221;https:\/\/festivalbucles.com\/wp-content\/uploads\/2024\/05\/backgound-home-portadas.jpg&#8221; background_enable_image__hover=&#8221;on&#8221; background_color__hover=&#8221;#ffcc02&#8243; background_enable_color__hover=&#8221;on&#8221; background_blend__hover=&#8221;normal&#8221; text_text_color__hover_enabled=&#8221;on|desktop&#8221; text_text_color__hover=&#8221;#0031F5&#8243; link_option_url=&#8221;https:\/\/festivalbucles.com\/vl\/agenda\/la-ciutat-balla-estraperlo\/&#8221; sticky_enabled=&#8221;0&#8243;]<\/p>\n<p>&#8220;THE JAM&#8221;<\/p>\n<p>[\/et_pb_text][\/et_pb_column][\/et_pb_row][\/et_pb_section][et_pb_section fb_built=&#8221;1&#8243; _builder_version=&#8221;4.25.0&#8243; _module_preset=&#8221;default&#8221; background_color=&#8221;RGBA(255,255,255,0)&#8221; custom_padding=&#8221;60px||20px||false|false&#8221; border_width_top=&#8221;1px&#8221; border_width_bottom=&#8221;1px&#8221; global_colors_info=&#8221;{}&#8221;][et_pb_row _builder_version=&#8221;4.25.0&#8243; _module_preset=&#8221;default&#8221; width=&#8221;90%&#8221; max_width=&#8221;90%&#8221; max_width_tablet=&#8221;1400px&#8221; max_width_phone=&#8221;1400px&#8221; max_width_last_edited=&#8221;on|phone&#8221; global_colors_info=&#8221;{}&#8221;][et_pb_column type=&#8221;4_4&#8243; _builder_version=&#8221;4.25.0&#8243; _module_preset=&#8221;default&#8221; global_colors_info=&#8221;{}&#8221;][et_pb_text _builder_version=&#8221;4.27.0&#8243; _module_preset=&#8221;default&#8221; header_2_font_size=&#8221;100px&#8221; header_3_text_color=&#8221;#0031F5&#8243; header_2_font_size_tablet=&#8221;80px&#8221; header_2_font_size_phone=&#8221;60px&#8221; header_2_font_size_last_edited=&#8221;on|phone&#8221; global_colors_info=&#8221;{}&#8221;]<\/p>\n<h2><span style=\"color: #000000;\">DISSABTE 30 OCTUBRE<\/span><\/h2>\n<p>[\/et_pb_text][\/et_pb_column][\/et_pb_row][et_pb_row column_structure=&#8221;1_2,1_2&#8243; _builder_version=&#8221;4.25.0&#8243; _module_preset=&#8221;default&#8221; width=&#8221;90%&#8221; max_width=&#8221;90%&#8221; global_colors_info=&#8221;{}&#8221;][et_pb_column type=&#8221;1_2&#8243; _builder_version=&#8221;4.25.0&#8243; _module_preset=&#8221;default&#8221; global_colors_info=&#8221;{}&#8221;][et_pb_text _builder_version=&#8221;4.27.0&#8243; _module_preset=&#8221;default&#8221; text_font=&#8221;|600|||||||&#8221; text_text_color=&#8221;#000000&#8243; text_font_size=&#8221;24px&#8221; header_3_font=&#8221;|300|||||||&#8221; header_3_text_color=&#8221;#EA43F7&#8243; header_3_font_size=&#8221;70px&#8221; header_4_font=&#8221;|300|||||||&#8221; header_4_text_color=&#8221;#000000&#8243; header_4_font_size=&#8221;36px&#8221; header_5_font=&#8221;&#8211;et_global_body_font|500|||||||&#8221; header_5_text_color=&#8221;#000000&#8243; header_6_font_size=&#8221;28px&#8221; custom_margin=&#8221;||||false|false&#8221; custom_padding=&#8221;||||false|false&#8221; custom_padding_tablet=&#8221;5vw||||false|false&#8221; custom_padding_phone=&#8221;5vw||||false|false&#8221; custom_padding_last_edited=&#8221;on|desktop&#8221; hover_enabled=&#8221;0&#8243; header_3_font_size_tablet=&#8221;48px&#8221; header_3_font_size_phone=&#8221;48px&#8221; header_3_font_size_last_edited=&#8221;on|phone&#8221; header_4_font_size_tablet=&#8221;72px&#8221; header_4_font_size_phone=&#8221;48px&#8221; header_4_font_size_last_edited=&#8221;on|phone&#8221; global_colors_info=&#8221;{}&#8221; link_option_url=&#8221;https:\/\/festivalbucles.com\/vl\/agenda\/la-taronja-escenica-projecte-solmonki-paula-serrano-estraperlo\/&#8221; sticky_enabled=&#8221;0&#8243;]<\/p>\n<h2>JOVES CREADORS<\/h2>\n<h3>LA TARONJA ESC\u00c8NICA \/<\/h3>\n<h3>PROJECTE SOLMONKI \/<\/h3>\n<h3>PAULA SERRANO<\/h3>\n<p>12.00 h \/ Veles e Vents<\/p>\n<p>[\/et_pb_text][\/et_pb_column][et_pb_column type=&#8221;1_2&#8243; _builder_version=&#8221;4.25.0&#8243; _module_preset=&#8221;default&#8221; global_colors_info=&#8221;{}&#8221;][et_pb_text _builder_version=&#8221;4.27.0&#8243; _module_preset=&#8221;default&#8221; text_text_color=&#8221;RGBA(255,255,255,0)&#8221; text_font_size=&#8221;24px&#8221; background_image=&#8221;https:\/\/festivalbucles.com\/wp-content\/uploads\/2024\/05\/circuito-bucles-la-taronja-escenica.jpg&#8221; text_orientation=&#8221;center&#8221; custom_padding=&#8221;9vw||9vw||true|false&#8221; custom_padding_tablet=&#8221;20vw||20vw||true|false&#8221; custom_padding_phone=&#8221;20vw||20vw||true|false&#8221; custom_padding_last_edited=&#8221;on|tablet&#8221; hover_enabled=&#8221;0&#8243; text_text_color_tablet=&#8221;RGBA(255,255,255,0)&#8221; text_text_color_phone=&#8221;RGBA(255,255,255,0)&#8221; text_text_color_last_edited=&#8221;on|tablet&#8221; global_colors_info=&#8221;{}&#8221; background_image__hover=&#8221;https:\/\/festivalbucles.com\/wp-content\/uploads\/2024\/05\/backgound-home-portadas.jpg&#8221; background_enable_image__hover=&#8221;on&#8221; background_color__hover=&#8221;#ffcc02&#8243; background_enable_color__hover=&#8221;on&#8221; background_blend__hover=&#8221;normal&#8221; text_text_color__hover_enabled=&#8221;on|desktop&#8221; text_text_color__hover=&#8221;#0031F5&#8243; background__hover_enabled=&#8221;on|hover&#8221; link_option_url=&#8221;https:\/\/festivalbucles.com\/vl\/agenda\/la-taronja-escenica-projecte-solmonki-paula-serrano-estraperlo\/&#8221; sticky_enabled=&#8221;0&#8243;]<\/p>\n<p>&#8220;ESTRAPERLO, LA FESTA DEL SILENCI&#8221;<\/p>\n<p>[\/et_pb_text][et_pb_text _builder_version=&#8221;4.27.0&#8243; _module_preset=&#8221;default&#8221; text_text_color=&#8221;RGBA(255,255,255,0)&#8221; text_font_size=&#8221;24px&#8221; background_image=&#8221;https:\/\/festivalbucles.com\/wp-content\/uploads\/2024\/05\/circuito-bucles-la-ciudad-baila-proyecto-solmonki-1.jpg&#8221; text_orientation=&#8221;center&#8221; custom_padding=&#8221;9vw||9vw||true|false&#8221; custom_padding_tablet=&#8221;20vw||20vw||true|false&#8221; custom_padding_phone=&#8221;20vw||20vw||true|false&#8221; custom_padding_last_edited=&#8221;on|tablet&#8221; hover_enabled=&#8221;0&#8243; text_text_color_tablet=&#8221;RGBA(255,255,255,0)&#8221; text_text_color_phone=&#8221;RGBA(255,255,255,0)&#8221; text_text_color_last_edited=&#8221;on|tablet&#8221; global_colors_info=&#8221;{}&#8221; background__hover_enabled=&#8221;on|hover&#8221; background_image__hover=&#8221;https:\/\/festivalbucles.com\/wp-content\/uploads\/2024\/05\/backgound-home-portadas.jpg&#8221; background_enable_image__hover=&#8221;on&#8221; background_color__hover=&#8221;#ffcc02&#8243; background_enable_color__hover=&#8221;on&#8221; background_blend__hover=&#8221;normal&#8221; text_text_color__hover_enabled=&#8221;on|desktop&#8221; text_text_color__hover=&#8221;#0031F5&#8243; link_option_url=&#8221;https:\/\/festivalbucles.com\/vl\/agenda\/la-taronja-escenica-projecte-solmonki-paula-serrano-estraperlo\/&#8221; sticky_enabled=&#8221;0&#8243;]<\/p>\n<p>&#8220;TROBADA&#8221;<\/p>\n<p>[\/et_pb_text][et_pb_text _builder_version=&#8221;4.27.0&#8243; _module_preset=&#8221;default&#8221; text_text_color=&#8221;RGBA(255,255,255,0)&#8221; text_font_size=&#8221;24px&#8221; background_image=&#8221;https:\/\/festivalbucles.com\/wp-content\/uploads\/2024\/05\/circuito-bucles-la-ciudad-baila-paula-serrano1.jpg&#8221; text_orientation=&#8221;center&#8221; custom_padding=&#8221;9vw||9vw||true|false&#8221; custom_padding_tablet=&#8221;20vw||20vw||true|false&#8221; custom_padding_phone=&#8221;20vw||20vw||true|false&#8221; custom_padding_last_edited=&#8221;on|tablet&#8221; hover_enabled=&#8221;0&#8243; text_text_color_tablet=&#8221;RGBA(255,255,255,0)&#8221; text_text_color_phone=&#8221;RGBA(255,255,255,0)&#8221; text_text_color_last_edited=&#8221;on|tablet&#8221; global_colors_info=&#8221;{}&#8221; background__hover_enabled=&#8221;on|hover&#8221; background_image__hover=&#8221;https:\/\/festivalbucles.com\/wp-content\/uploads\/2024\/05\/backgound-home-portadas.jpg&#8221; background_enable_image__hover=&#8221;on&#8221; background_color__hover=&#8221;#ffcc02&#8243; background_enable_color__hover=&#8221;on&#8221; background_blend__hover=&#8221;normal&#8221; text_text_color__hover_enabled=&#8221;on|desktop&#8221; text_text_color__hover=&#8221;#0031F5&#8243; link_option_url=&#8221;https:\/\/festivalbucles.com\/vl\/agenda\/la-taronja-escenica-projecte-solmonki-paula-serrano-estraperlo\/&#8221; sticky_enabled=&#8221;0&#8243;]<\/p>\n<p>&#8220;SI EM BUSQUES, EM TROBES&#8221;<\/p>\n<p>[\/et_pb_text][\/et_pb_column][\/et_pb_row][et_pb_row column_structure=&#8221;1_2,1_2&#8243; _builder_version=&#8221;4.25.0&#8243; _module_preset=&#8221;default&#8221; width=&#8221;90%&#8221; max_width=&#8221;90%&#8221; global_colors_info=&#8221;{}&#8221;][et_pb_column type=&#8221;1_2&#8243; _builder_version=&#8221;4.25.0&#8243; _module_preset=&#8221;default&#8221; global_colors_info=&#8221;{}&#8221;][et_pb_text _builder_version=&#8221;4.27.0&#8243; _module_preset=&#8221;default&#8221; text_font=&#8221;|600|||||||&#8221; text_text_color=&#8221;#000000&#8243; text_font_size=&#8221;24px&#8221; header_3_font=&#8221;|300|||||||&#8221; header_3_text_color=&#8221;#EA43F7&#8243; header_3_font_size=&#8221;70px&#8221; header_4_font=&#8221;|300|||||||&#8221; header_4_text_color=&#8221;#000000&#8243; header_4_font_size=&#8221;36px&#8221; header_5_font=&#8221;&#8211;et_global_body_font|500|||||||&#8221; header_5_text_color=&#8221;#000000&#8243; header_6_font_size=&#8221;28px&#8221; custom_margin=&#8221;||||false|false&#8221; custom_padding=&#8221;||||false|false&#8221; custom_padding_tablet=&#8221;5vw||||false|false&#8221; custom_padding_phone=&#8221;5vw||||false|false&#8221; custom_padding_last_edited=&#8221;on|desktop&#8221; hover_enabled=&#8221;0&#8243; header_3_font_size_tablet=&#8221;48px&#8221; header_3_font_size_phone=&#8221;48px&#8221; header_3_font_size_last_edited=&#8221;on|phone&#8221; header_4_font_size_tablet=&#8221;72px&#8221; header_4_font_size_phone=&#8221;48px&#8221; header_4_font_size_last_edited=&#8221;on|phone&#8221; global_colors_info=&#8221;{}&#8221; link_option_url=&#8221;https:\/\/festivalbucles.com\/vl\/agenda\/inmoviment-2-0\/&#8221; sticky_enabled=&#8221;0&#8243;]<\/p>\n<h2>EXPERIMENTA MUSEUS<\/h2>\n<h3>INMOVIMENT 2.0<\/h3>\n<p>17.00 h \/ Museo de Bellas Artes<\/p>\n<p>[\/et_pb_text][\/et_pb_column][et_pb_column type=&#8221;1_2&#8243; _builder_version=&#8221;4.25.0&#8243; _module_preset=&#8221;default&#8221; global_colors_info=&#8221;{}&#8221;][et_pb_text _builder_version=&#8221;4.27.0&#8243; _module_preset=&#8221;default&#8221; text_text_color=&#8221;RGBA(255,255,255,0)&#8221; text_font_size=&#8221;24px&#8221; background_image=&#8221;https:\/\/festivalbucles.com\/wp-content\/uploads\/2024\/05\/circuito-bucles-residencia-artistica-inmoviment2.0.jpg&#8221; text_orientation=&#8221;center&#8221; custom_padding=&#8221;9vw||9vw||true|false&#8221; custom_padding_tablet=&#8221;20vw||20vw||true|false&#8221; custom_padding_phone=&#8221;20vw||20vw||true|false&#8221; custom_padding_last_edited=&#8221;on|tablet&#8221; hover_enabled=&#8221;0&#8243; text_text_color_tablet=&#8221;RGBA(255,255,255,0)&#8221; text_text_color_phone=&#8221;RGBA(255,255,255,0)&#8221; text_text_color_last_edited=&#8221;on|tablet&#8221; global_colors_info=&#8221;{}&#8221; background__hover_enabled=&#8221;on|hover&#8221; background_image__hover=&#8221;https:\/\/festivalbucles.com\/wp-content\/uploads\/2024\/05\/backgound-home-portadas.jpg&#8221; background_enable_image__hover=&#8221;on&#8221; background_color__hover=&#8221;#ffcc02&#8243; background_enable_color__hover=&#8221;on&#8221; background_blend__hover=&#8221;normal&#8221; text_text_color__hover_enabled=&#8221;on|desktop&#8221; text_text_color__hover=&#8221;#0031F5&#8243; link_option_url=&#8221;https:\/\/festivalbucles.com\/vl\/agenda\/inmoviment-2-0\/&#8221; sticky_enabled=&#8221;0&#8243;]<\/p>\n<p>&#8220;RESID\u00c8NCIA ART\u00cdSTICA VIRTUAL&#8221;<\/p>\n<p>[\/et_pb_text][\/et_pb_column][\/et_pb_row][et_pb_row column_structure=&#8221;1_2,1_2&#8243; _builder_version=&#8221;4.25.0&#8243; _module_preset=&#8221;default&#8221; width=&#8221;90%&#8221; max_width=&#8221;90%&#8221; global_colors_info=&#8221;{}&#8221;][et_pb_column type=&#8221;1_2&#8243; _builder_version=&#8221;4.25.0&#8243; _module_preset=&#8221;default&#8221; global_colors_info=&#8221;{}&#8221;][et_pb_text _builder_version=&#8221;4.27.0&#8243; _module_preset=&#8221;default&#8221; text_font=&#8221;|600|||||||&#8221; text_text_color=&#8221;#000000&#8243; text_font_size=&#8221;24px&#8221; header_3_font=&#8221;|300|||||||&#8221; header_3_text_color=&#8221;#EA43F7&#8243; header_3_font_size=&#8221;70px&#8221; header_4_font=&#8221;|300|||||||&#8221; header_4_text_color=&#8221;#000000&#8243; header_4_font_size=&#8221;36px&#8221; header_5_font=&#8221;&#8211;et_global_body_font|500|||||||&#8221; header_5_text_color=&#8221;#000000&#8243; header_6_font_size=&#8221;28px&#8221; custom_margin=&#8221;||||false|false&#8221; custom_padding=&#8221;||||false|false&#8221; custom_padding_tablet=&#8221;5vw||||false|false&#8221; custom_padding_phone=&#8221;5vw||||false|false&#8221; custom_padding_last_edited=&#8221;on|desktop&#8221; hover_enabled=&#8221;0&#8243; header_3_font_size_tablet=&#8221;48px&#8221; header_3_font_size_phone=&#8221;48px&#8221; header_3_font_size_last_edited=&#8221;on|phone&#8221; header_4_font_size_tablet=&#8221;72px&#8221; header_4_font_size_phone=&#8221;48px&#8221; header_4_font_size_last_edited=&#8221;on|phone&#8221; global_colors_info=&#8221;{}&#8221; sticky_enabled=&#8221;0&#8243;]<\/p>\n<h3><a href=\"https:\/\/festivalbucles.com\/vl\/agenda\/bea-c-bidault\/\">BEA C. BIDAULT<\/a> \/<\/h3>\n<h3><a href=\"https:\/\/festivalbucles.com\/vl\/agenda\/angela-carbajo-i-rosa-sanz\/\">\u00c1NGELA CARBAJO I ROSA SANZ<\/a><\/h3>\n<p>17.00 h \/ Museo de Bellas Artes<\/p>\n<p>[\/et_pb_text][\/et_pb_column][et_pb_column type=&#8221;1_2&#8243; _builder_version=&#8221;4.25.0&#8243; _module_preset=&#8221;default&#8221; global_colors_info=&#8221;{}&#8221;][et_pb_text _builder_version=&#8221;4.27.0&#8243; _module_preset=&#8221;default&#8221; text_text_color=&#8221;RGBA(255,255,255,0)&#8221; text_font_size=&#8221;24px&#8221; background_image=&#8221;https:\/\/festivalbucles.com\/wp-content\/uploads\/2024\/05\/circuito-bucles-experimenta-museos-inmoviment-bea-c-bidault.jpg&#8221; text_orientation=&#8221;center&#8221; custom_padding=&#8221;9vw||9vw||true|false&#8221; custom_padding_tablet=&#8221;20vw||20vw||true|false&#8221; custom_padding_phone=&#8221;20vw||20vw||true|false&#8221; custom_padding_last_edited=&#8221;on|tablet&#8221; hover_enabled=&#8221;0&#8243; text_text_color_tablet=&#8221;RGBA(255,255,255,0)&#8221; text_text_color_phone=&#8221;RGBA(255,255,255,0)&#8221; text_text_color_last_edited=&#8221;on|tablet&#8221; global_colors_info=&#8221;{}&#8221; background__hover_enabled=&#8221;on|hover&#8221; background_image__hover=&#8221;https:\/\/festivalbucles.com\/wp-content\/uploads\/2024\/05\/backgound-home-portadas.jpg&#8221; background_enable_image__hover=&#8221;on&#8221; background_color__hover=&#8221;#ffcc02&#8243; background_enable_color__hover=&#8221;on&#8221; background_blend__hover=&#8221;normal&#8221; text_text_color__hover_enabled=&#8221;on|desktop&#8221; text_text_color__hover=&#8221;#0031F5&#8243; link_option_url=&#8221;https:\/\/festivalbucles.com\/vl\/agenda\/bea-c-bidault\/&#8221; sticky_enabled=&#8221;0&#8243;]<\/p>\n<p>&#8220;SHAPE OF A DAY\u2019\u2019<\/p>\n<p>[\/et_pb_text][et_pb_text _builder_version=&#8221;4.27.0&#8243; _module_preset=&#8221;default&#8221; text_text_color=&#8221;RGBA(255,255,255,0)&#8221; text_font_size=&#8221;24px&#8221; background_image=&#8221;https:\/\/festivalbucles.com\/wp-content\/uploads\/2024\/05\/circuito-bucles-experimenta-museos-angela-carbajo-rosa-sanz.jpg&#8221; text_orientation=&#8221;center&#8221; custom_padding=&#8221;9vw||9vw||true|false&#8221; custom_padding_tablet=&#8221;20vw||20vw||true|false&#8221; custom_padding_phone=&#8221;20vw||20vw||true|false&#8221; custom_padding_last_edited=&#8221;on|tablet&#8221; hover_enabled=&#8221;0&#8243; text_text_color_tablet=&#8221;RGBA(255,255,255,0)&#8221; text_text_color_phone=&#8221;RGBA(255,255,255,0)&#8221; text_text_color_last_edited=&#8221;on|tablet&#8221; global_colors_info=&#8221;{}&#8221; background__hover_enabled=&#8221;on|hover&#8221; background_image__hover=&#8221;https:\/\/festivalbucles.com\/wp-content\/uploads\/2024\/05\/backgound-home-portadas.jpg&#8221; background_enable_image__hover=&#8221;on&#8221; background_color__hover=&#8221;#ffcc02&#8243; background_enable_color__hover=&#8221;on&#8221; background_blend__hover=&#8221;normal&#8221; text_text_color__hover_enabled=&#8221;on|desktop&#8221; text_text_color__hover=&#8221;#0031F5&#8243; link_option_url=&#8221;https:\/\/festivalbucles.com\/vl\/agenda\/angela-carbajo-i-rosa-sanz\/&#8221; sticky_enabled=&#8221;0&#8243;]<\/p>\n<p>&#8220;CUC\u00da&#8221;<\/p>\n<p>[\/et_pb_text][\/et_pb_column][\/et_pb_row][\/et_pb_section][et_pb_section fb_built=&#8221;1&#8243; _builder_version=&#8221;4.25.0&#8243; _module_preset=&#8221;default&#8221; background_color=&#8221;RGBA(255,255,255,0)&#8221; custom_padding=&#8221;60px||20px||false|false&#8221; border_width_top=&#8221;1px&#8221; border_width_bottom=&#8221;1px&#8221; global_colors_info=&#8221;{}&#8221;][et_pb_row _builder_version=&#8221;4.25.0&#8243; _module_preset=&#8221;default&#8221; width=&#8221;90%&#8221; max_width=&#8221;90%&#8221; max_width_tablet=&#8221;1400px&#8221; max_width_phone=&#8221;1400px&#8221; max_width_last_edited=&#8221;on|phone&#8221; global_colors_info=&#8221;{}&#8221;][et_pb_column type=&#8221;4_4&#8243; _builder_version=&#8221;4.25.0&#8243; _module_preset=&#8221;default&#8221; global_colors_info=&#8221;{}&#8221;][et_pb_text _builder_version=&#8221;4.27.0&#8243; _module_preset=&#8221;default&#8221; header_2_font_size=&#8221;100px&#8221; header_3_text_color=&#8221;#0031F5&#8243; header_2_font_size_tablet=&#8221;80px&#8221; header_2_font_size_phone=&#8221;60px&#8221; header_2_font_size_last_edited=&#8221;on|phone&#8221; global_colors_info=&#8221;{}&#8221;]<\/p>\n<h2><span style=\"color: #000000;\">DIUMENGE 31 OCTUBRE<\/span><\/h2>\n<p>[\/et_pb_text][\/et_pb_column][\/et_pb_row][et_pb_row column_structure=&#8221;1_2,1_2&#8243; _builder_version=&#8221;4.25.0&#8243; _module_preset=&#8221;default&#8221; width=&#8221;90%&#8221; max_width=&#8221;90%&#8221; global_colors_info=&#8221;{}&#8221;][et_pb_column type=&#8221;1_2&#8243; _builder_version=&#8221;4.25.0&#8243; _module_preset=&#8221;default&#8221; global_colors_info=&#8221;{}&#8221;][et_pb_text _builder_version=&#8221;4.27.0&#8243; _module_preset=&#8221;default&#8221; text_font=&#8221;|600|||||||&#8221; text_text_color=&#8221;#000000&#8243; text_font_size=&#8221;24px&#8221; header_3_font=&#8221;|300|||||||&#8221; header_3_text_color=&#8221;#EA43F7&#8243; header_3_font_size=&#8221;70px&#8221; header_4_font=&#8221;|300|||||||&#8221; header_4_text_color=&#8221;#000000&#8243; header_4_font_size=&#8221;36px&#8221; header_5_font=&#8221;&#8211;et_global_body_font|500|||||||&#8221; header_5_text_color=&#8221;#000000&#8243; header_6_font_size=&#8221;28px&#8221; custom_margin=&#8221;||||false|false&#8221; custom_padding=&#8221;||||false|false&#8221; custom_padding_tablet=&#8221;5vw||||false|false&#8221; custom_padding_phone=&#8221;5vw||||false|false&#8221; custom_padding_last_edited=&#8221;on|desktop&#8221; hover_enabled=&#8221;0&#8243; header_3_font_size_tablet=&#8221;48px&#8221; header_3_font_size_phone=&#8221;48px&#8221; header_3_font_size_last_edited=&#8221;on|phone&#8221; header_4_font_size_tablet=&#8221;72px&#8221; header_4_font_size_phone=&#8221;48px&#8221; header_4_font_size_last_edited=&#8221;on|phone&#8221; global_colors_info=&#8221;{}&#8221; link_option_url=&#8221;https:\/\/festivalbucles.com\/vl\/agenda\/la-taronja-escenica-victor-fernandez-sharon-fridman-estraperlo\/&#8221; sticky_enabled=&#8221;0&#8243;]<\/p>\n<h2>JOVES CREADORS<\/h2>\n<h3>COMPA\u00d1\u00cdA HASTAQUE\u00aaCABE \/<\/h3>\n<h3>SHARON FRIDMAN<\/h3>\n<p>12.00 h \/ Veles e Vents<\/p>\n<p>[\/et_pb_text][\/et_pb_column][et_pb_column type=&#8221;1_2&#8243; _builder_version=&#8221;4.25.0&#8243; _module_preset=&#8221;default&#8221; global_colors_info=&#8221;{}&#8221;][et_pb_text _builder_version=&#8221;4.27.0&#8243; _module_preset=&#8221;default&#8221; text_text_color=&#8221;RGBA(255,255,255,0)&#8221; text_font_size=&#8221;24px&#8221; background_image=&#8221;https:\/\/festivalbucles.com\/wp-content\/uploads\/2024\/05\/circuito-bucles-la-taronja-escenica.jpg&#8221; text_orientation=&#8221;center&#8221; custom_padding=&#8221;9vw||9vw||true|false&#8221; custom_padding_tablet=&#8221;20vw||20vw||true|false&#8221; custom_padding_phone=&#8221;20vw||20vw||true|false&#8221; custom_padding_last_edited=&#8221;on|tablet&#8221; hover_enabled=&#8221;0&#8243; text_text_color_tablet=&#8221;RGBA(255,255,255,0)&#8221; text_text_color_phone=&#8221;RGBA(255,255,255,0)&#8221; text_text_color_last_edited=&#8221;on|tablet&#8221; global_colors_info=&#8221;{}&#8221; background_image__hover=&#8221;https:\/\/festivalbucles.com\/wp-content\/uploads\/2024\/05\/backgound-home-portadas.jpg&#8221; background_enable_image__hover=&#8221;on&#8221; background_color__hover=&#8221;#ffcc02&#8243; background_enable_color__hover=&#8221;on&#8221; background_blend__hover=&#8221;normal&#8221; text_text_color__hover_enabled=&#8221;on|desktop&#8221; text_text_color__hover=&#8221;#0031F5&#8243; background__hover_enabled=&#8221;on|hover&#8221; link_option_url=&#8221;https:\/\/festivalbucles.com\/vl\/agenda\/la-taronja-escenica-victor-fernandez-sharon-fridman-estraperlo\/&#8221; sticky_enabled=&#8221;0&#8243;]<\/p>\n<p>&#8220;ESTRAPERLO, LA FESTA DEL SILENCI&#8221;<\/p>\n<p>[\/et_pb_text][et_pb_text _builder_version=&#8221;4.27.0&#8243; _module_preset=&#8221;default&#8221; text_text_color=&#8221;RGBA(255,255,255,0)&#8221; text_font_size=&#8221;24px&#8221; background_image=&#8221;https:\/\/festivalbucles.com\/wp-content\/uploads\/2024\/05\/circuito-bucles-experimenta-integracio-victor-fernandez.jpg&#8221; text_orientation=&#8221;center&#8221; custom_padding=&#8221;9vw||9vw||true|false&#8221; custom_padding_tablet=&#8221;20vw||20vw||true|false&#8221; custom_padding_phone=&#8221;20vw||20vw||true|false&#8221; custom_padding_last_edited=&#8221;on|tablet&#8221; hover_enabled=&#8221;0&#8243; text_text_color_tablet=&#8221;RGBA(255,255,255,0)&#8221; text_text_color_phone=&#8221;RGBA(255,255,255,0)&#8221; text_text_color_last_edited=&#8221;on|tablet&#8221; global_colors_info=&#8221;{}&#8221; background__hover_enabled=&#8221;on|hover&#8221; background_image__hover=&#8221;https:\/\/festivalbucles.com\/wp-content\/uploads\/2024\/05\/backgound-home-portadas.jpg&#8221; background_enable_image__hover=&#8221;on&#8221; background_color__hover=&#8221;#ffcc02&#8243; background_enable_color__hover=&#8221;on&#8221; background_blend__hover=&#8221;normal&#8221; text_text_color__hover_enabled=&#8221;on|desktop&#8221; text_text_color__hover=&#8221;#0031F5&#8243; link_option_url=&#8221;https:\/\/festivalbucles.com\/vl\/agenda\/la-taronja-escenica-victor-fernandez-sharon-fridman-estraperlo\/&#8221; sticky_enabled=&#8221;0&#8243;]<\/p>\n<p>&#8220;YO-YO&#8221;<\/p>\n<p>[\/et_pb_text][et_pb_text _builder_version=&#8221;4.27.0&#8243; _module_preset=&#8221;default&#8221; text_text_color=&#8221;RGBA(255,255,255,0)&#8221; text_font_size=&#8221;24px&#8221; background_image=&#8221;https:\/\/festivalbucles.com\/wp-content\/uploads\/2024\/05\/circuito-bucles-la-ciudad-baila-sharon-fridman.jpg&#8221; text_orientation=&#8221;center&#8221; custom_padding=&#8221;9vw||9vw||true|false&#8221; custom_padding_tablet=&#8221;20vw||20vw||true|false&#8221; custom_padding_phone=&#8221;20vw||20vw||true|false&#8221; custom_padding_last_edited=&#8221;on|tablet&#8221; hover_enabled=&#8221;0&#8243; text_text_color_tablet=&#8221;RGBA(255,255,255,0)&#8221; text_text_color_phone=&#8221;RGBA(255,255,255,0)&#8221; text_text_color_last_edited=&#8221;on|tablet&#8221; global_colors_info=&#8221;{}&#8221; background__hover_enabled=&#8221;on|hover&#8221; background_image__hover=&#8221;https:\/\/festivalbucles.com\/wp-content\/uploads\/2024\/05\/backgound-home-portadas.jpg&#8221; background_enable_image__hover=&#8221;on&#8221; background_color__hover=&#8221;#ffcc02&#8243; background_enable_color__hover=&#8221;on&#8221; background_blend__hover=&#8221;normal&#8221; text_text_color__hover_enabled=&#8221;on|desktop&#8221; text_text_color__hover=&#8221;#0031F5&#8243; link_option_url=&#8221;https:\/\/festivalbucles.com\/vl\/agenda\/la-taronja-escenica-victor-fernandez-sharon-fridman-estraperlo\/&#8221; sticky_enabled=&#8221;0&#8243;]<\/p>\n<p>&#8220;147 ABRAZOS&#8221;<\/p>\n<p>[\/et_pb_text][\/et_pb_column][\/et_pb_row][et_pb_row column_structure=&#8221;1_2,1_2&#8243; _builder_version=&#8221;4.25.0&#8243; _module_preset=&#8221;default&#8221; width=&#8221;90%&#8221; max_width=&#8221;90%&#8221; global_colors_info=&#8221;{}&#8221;][et_pb_column type=&#8221;1_2&#8243; _builder_version=&#8221;4.25.0&#8243; _module_preset=&#8221;default&#8221; global_colors_info=&#8221;{}&#8221;][et_pb_text _builder_version=&#8221;4.27.0&#8243; _module_preset=&#8221;default&#8221; text_font=&#8221;|600|||||||&#8221; text_text_color=&#8221;#000000&#8243; text_font_size=&#8221;24px&#8221; header_3_font=&#8221;|300|||||||&#8221; header_3_text_color=&#8221;#EA43F7&#8243; header_3_font_size=&#8221;70px&#8221; header_4_font=&#8221;|300|||||||&#8221; header_4_text_color=&#8221;#000000&#8243; header_4_font_size=&#8221;36px&#8221; header_5_font=&#8221;&#8211;et_global_body_font|500|||||||&#8221; header_5_text_color=&#8221;#000000&#8243; header_6_font_size=&#8221;28px&#8221; custom_margin=&#8221;||||false|false&#8221; custom_padding=&#8221;||||false|false&#8221; custom_padding_tablet=&#8221;5vw||||false|false&#8221; custom_padding_phone=&#8221;5vw||||false|false&#8221; custom_padding_last_edited=&#8221;on|desktop&#8221; hover_enabled=&#8221;0&#8243; header_3_font_size_tablet=&#8221;48px&#8221; header_3_font_size_phone=&#8221;48px&#8221; header_3_font_size_last_edited=&#8221;on|phone&#8221; header_4_font_size_tablet=&#8221;72px&#8221; header_4_font_size_phone=&#8221;48px&#8221; header_4_font_size_last_edited=&#8221;on|phone&#8221; global_colors_info=&#8221;{}&#8221; link_option_url=&#8221;https:\/\/festivalbucles.com\/vl\/agenda\/clausura-festival-estraperlo\/&#8221; sticky_enabled=&#8221;0&#8243;]<\/p>\n<h2>CLAUSURA FESTIVAL<\/h2>\n<h3>IRENE CORTINA<\/h3>\n<h4>NOVENSANOS<\/h4>\n<p>20.00 h \/ Teatro C\u00edrculo<\/p>\n<p>[\/et_pb_text][\/et_pb_column][et_pb_column type=&#8221;1_2&#8243; _builder_version=&#8221;4.25.0&#8243; _module_preset=&#8221;default&#8221; global_colors_info=&#8221;{}&#8221;][et_pb_text _builder_version=&#8221;4.27.0&#8243; _module_preset=&#8221;default&#8221; text_text_color=&#8221;RGBA(255,255,255,0)&#8221; text_font_size=&#8221;24px&#8221; background_image=&#8221;https:\/\/festivalbucles.com\/wp-content\/uploads\/2024\/05\/circuito-bucles-experimenta-teatres-irene-cortina.jpg&#8221; text_orientation=&#8221;center&#8221; custom_padding=&#8221;9vw||9vw||true|false&#8221; custom_padding_tablet=&#8221;20vw||20vw||true|false&#8221; custom_padding_phone=&#8221;20vw||20vw||true|false&#8221; custom_padding_last_edited=&#8221;on|tablet&#8221; hover_enabled=&#8221;0&#8243; text_text_color_tablet=&#8221;RGBA(255,255,255,0)&#8221; text_text_color_phone=&#8221;RGBA(255,255,255,0)&#8221; text_text_color_last_edited=&#8221;on|tablet&#8221; global_colors_info=&#8221;{}&#8221; background_image__hover=&#8221;https:\/\/festivalbucles.com\/wp-content\/uploads\/2024\/05\/backgound-home-portadas.jpg&#8221; background_enable_image__hover=&#8221;on&#8221; background_color__hover=&#8221;#ffcc02&#8243; background_enable_color__hover=&#8221;on&#8221; background_blend__hover=&#8221;normal&#8221; text_text_color__hover_enabled=&#8221;on|desktop&#8221; text_text_color__hover=&#8221;#0031F5&#8243; background__hover_enabled=&#8221;on|hover&#8221; link_option_url=&#8221;https:\/\/festivalbucles.com\/vl\/agenda\/clausura-festival-estraperlo\/&#8221; sticky_enabled=&#8221;0&#8243;]<\/p>\n<p>&#8220;NOVENSANOS&#8221;<\/p>\n<p>[\/et_pb_text][\/et_pb_column][\/et_pb_row][\/et_pb_section][et_pb_section fb_built=&#8221;1&#8243; module_id=&#8221;promotors&#8221; _builder_version=&#8221;4.27.0&#8243; _module_preset=&#8221;default&#8221; background_enable_color=&#8221;off&#8221; locked=&#8221;off&#8221; global_colors_info=&#8221;{}&#8221;][et_pb_row _builder_version=&#8221;4.25.0&#8243; _module_preset=&#8221;default&#8221; global_colors_info=&#8221;{}&#8221;][et_pb_column type=&#8221;4_4&#8243; _builder_version=&#8221;4.25.0&#8243; _module_preset=&#8221;default&#8221; global_colors_info=&#8221;{}&#8221;][et_pb_text _builder_version=&#8221;4.27.0&#8243; _module_preset=&#8221;default&#8221; text_text_color=&#8221;#FFFFFF&#8221; header_2_text_color=&#8221;#0031F5&#8243; header_2_font_size=&#8221;76px&#8221; text_orientation=&#8221;center&#8221; header_2_font_size_tablet=&#8221;76px&#8221; header_2_font_size_phone=&#8221;48px&#8221; header_2_font_size_last_edited=&#8221;on|phone&#8221; global_colors_info=&#8221;{}&#8221;]<\/p>\n<h2>Promotors<\/h2>\n<p>[\/et_pb_text][et_pb_text _builder_version=&#8221;4.27.0&#8243; _module_preset=&#8221;default&#8221; text_text_color=&#8221;#000000&#8243; text_line_height=&#8221;1.6em&#8221; text_orientation=&#8221;center&#8221; global_colors_info=&#8221;{}&#8221;]<\/p>\n<p>ESTE FESTIVAL HA REBUT UNA AJUDA DE 31.345,08\u20ac EN L\u00b4ANY 2022 DEL \u2018INSTITUT VALENCI\u00c0 DE CULTURA (IVC)\u2019 I EST\u00c0 DESTINADA A COBRIR PART DE LA PROGRAMACI\u00d3 ART\u00cdSTICA VALENCIANA I NACIONAL DEL FESTIVAL, AIX\u00cd COM PART DELS GASTOS DE PRODUCCI\u00d3.<\/p>\n<p>[\/et_pb_text][et_pb_image src=&#8221;https:\/\/festivalbucles.com\/wp-content\/uploads\/2024\/05\/promotors-2022.png&#8221; alt=&#8221;promotors 2022&#8243; title_text=&#8221;promotors 2022&#8243; _builder_version=&#8221;4.25.1&#8243; _module_preset=&#8221;default&#8221; global_colors_info=&#8221;{}&#8221;][\/et_pb_image][\/et_pb_column][\/et_pb_row][\/et_pb_section]<\/p>\n","protected":false},"excerpt":{"rendered":"<p>9-12 SEP \/ 17-31 OCT 2021SOBRE THE BEAT | NOVETATS | PROMOTORS9-12 SETEMBRE &nbsp;EXPERIMENTA TEATRES MIGRO DANZA (CAP. II) GILIPOLLECES 19.00 h \/ Teatro C\u00edrculo&#8221;(CAP. II) GILIPOLLECES&#8221;DIUMENGE 17 OCTUBREEXPERIMENTA FORMACI\u00d3 LEWIS COOKE RELAXTOERUPT COMPANY\u00cdA ANTON LACHKY 10.00 h \/ La Mutant&#8221;RELAXTOERUPT&#8221;EXPERIMENTA TEATRES COMPANY\u00cdA ANTON LACHKY LES AUTRES 19.00 h \/ La Mutant\u201cLES AUTRES\u201dDIMECRES 20 OCTUBREEXPERIMENTA [&hellip;]<\/p>\n","protected":false},"author":1,"featured_media":8130,"comment_status":"closed","ping_status":"closed","template":"","meta":{"_et_pb_use_builder":"on","_et_pb_old_content":"","_et_gb_content_width":"","inline_featured_image":false,"footnotes":""},"project_category":[29],"project_tag":[],"class_list":["post-8258","project","type-project","status-publish","has-post-thumbnail","hentry","project_category-programacions"],"_links":{"self":[{"href":"https:\/\/festivalbucles.com\/vl\/wp-json\/wp\/v2\/project\/8258","targetHints":{"allow":["GET"]}}],"collection":[{"href":"https:\/\/festivalbucles.com\/vl\/wp-json\/wp\/v2\/project"}],"about":[{"href":"https:\/\/festivalbucles.com\/vl\/wp-json\/wp\/v2\/types\/project"}],"author":[{"embeddable":true,"href":"https:\/\/festivalbucles.com\/vl\/wp-json\/wp\/v2\/users\/1"}],"replies":[{"embeddable":true,"href":"https:\/\/festivalbucles.com\/vl\/wp-json\/wp\/v2\/comments?post=8258"}],"version-history":[{"count":15,"href":"https:\/\/festivalbucles.com\/vl\/wp-json\/wp\/v2\/project\/8258\/revisions"}],"predecessor-version":[{"id":12352,"href":"https:\/\/festivalbucles.com\/vl\/wp-json\/wp\/v2\/project\/8258\/revisions\/12352"}],"wp:featuredmedia":[{"embeddable":true,"href":"https:\/\/festivalbucles.com\/vl\/wp-json\/wp\/v2\/media\/8130"}],"wp:attachment":[{"href":"https:\/\/festivalbucles.com\/vl\/wp-json\/wp\/v2\/media?parent=8258"}],"wp:term":[{"taxonomy":"project_category","embeddable":true,"href":"https:\/\/festivalbucles.com\/vl\/wp-json\/wp\/v2\/project_category?post=8258"},{"taxonomy":"project_tag","embeddable":true,"href":"https:\/\/festivalbucles.com\/vl\/wp-json\/wp\/v2\/project_tag?post=8258"}],"curies":[{"name":"wp","href":"https:\/\/api.w.org\/{rel}","templated":true}]}}