{"id":8050,"date":"2022-05-04T09:47:03","date_gmt":"2022-05-04T07:47:03","guid":{"rendered":"https:\/\/festivalbucles.com\/ediciones\/programacio-the-beat-2022\/"},"modified":"2025-08-18T16:25:42","modified_gmt":"2025-08-18T14:25:42","slug":"programacio-the-beat-2022","status":"publish","type":"project","link":"https:\/\/festivalbucles.com\/vl\/edicions\/programacio-the-beat-2022\/","title":{"rendered":"Programaci\u00f3 The Beat 2022"},"content":{"rendered":"<p>[et_pb_section fb_built=&#8221;1&#8243; _builder_version=&#8221;4.25.0&#8243; _module_preset=&#8221;default&#8221; background_enable_image=&#8221;off&#8221; background_video_mp4=&#8221;https:\/\/festivalbucles.com\/wp-content\/uploads\/2024\/05\/animacion-the-beat-V04.mp4&#8243; custom_padding=&#8221;30vh||||false|false&#8221; background_last_edited=&#8221;on|phone&#8221; background_position_phone=&#8221;center_left&#8221; global_colors_info=&#8221;{}&#8221;][et_pb_row _builder_version=&#8221;4.25.0&#8243; _module_preset=&#8221;default&#8221; max_width=&#8221;80%&#8221; max_width_tablet=&#8221;80%&#8221; max_width_phone=&#8221;80%&#8221; max_width_last_edited=&#8221;on|tablet&#8221; global_colors_info=&#8221;{}&#8221;][et_pb_column type=&#8221;4_4&#8243; _builder_version=&#8221;4.25.0&#8243; _module_preset=&#8221;default&#8221; global_colors_info=&#8221;{}&#8221;][et_pb_text _builder_version=&#8221;4.25.0&#8243; _module_preset=&#8221;default&#8221; header_font=&#8221;||||||||&#8221; header_text_color=&#8221;#FFFD55&#8243; header_font_size=&#8221;70px&#8221; header_2_font=&#8221;|300|||||||&#8221; header_2_text_color=&#8221;#FFFD55&#8243; header_2_font_size=&#8221;54px&#8221; background_enable_color=&#8221;off&#8221; header_font_size_tablet=&#8221;70px&#8221; header_font_size_phone=&#8221;52px&#8221; header_font_size_last_edited=&#8221;on|phone&#8221; header_2_font_size_tablet=&#8221;46px&#8221; header_2_font_size_phone=&#8221;40px&#8221; header_2_font_size_last_edited=&#8221;on|phone&#8221; global_colors_info=&#8221;{}&#8221;]<\/p>\n<h1>The Beat<\/h1>\n<h2>06 OCT \u2013 23 OCT 2022<\/h2>\n<p>[\/et_pb_text][et_pb_text _builder_version=&#8221;4.25.0&#8243; _module_preset=&#8221;default&#8221; text_font=&#8221;|700|||||||&#8221; header_3_font=&#8221;|300|||||||&#8221; header_3_text_color=&#8221;#FFFD55&#8243; header_3_font_size=&#8221;30px&#8221; locked=&#8221;off&#8221; global_colors_info=&#8221;{}&#8221;]<\/p>\n<h3><a href=\"https:\/\/festivalbucles.com\/vl\/novetats\/sobre-the-beat\/\" target=\"_blank\" rel=\"noopener\">SOBRE THE BEAT<\/a>\u00a0 | NOVEDADES | <a href=\"#promotores\">PROMOTORES <\/a>| <a href=\"\/wp-content\/uploads\/2024\/05\/Programa-descarga-the-beat.pdf\" target=\"_blank\" rel=\"noopener\">PROGRAMA<\/a><\/h3>\n<p>[\/et_pb_text][\/et_pb_column][\/et_pb_row][\/et_pb_section][et_pb_section fb_built=&#8221;1&#8243; _builder_version=&#8221;4.27.0&#8243; _module_preset=&#8221;default&#8221; background_color=&#8221;RGBA(255,255,255,0)&#8221; custom_padding=&#8221;60px||20px||false|false&#8221; border_width_top=&#8221;1px&#8221; border_width_bottom=&#8221;1px&#8221; global_colors_info=&#8221;{}&#8221;][et_pb_row _builder_version=&#8221;4.25.0&#8243; _module_preset=&#8221;default&#8221; width=&#8221;90%&#8221; max_width=&#8221;90%&#8221; max_width_tablet=&#8221;1400px&#8221; max_width_phone=&#8221;1400px&#8221; max_width_last_edited=&#8221;on|phone&#8221; global_colors_info=&#8221;{}&#8221;][et_pb_column type=&#8221;4_4&#8243; _builder_version=&#8221;4.25.0&#8243; _module_preset=&#8221;default&#8221; global_colors_info=&#8221;{}&#8221;][et_pb_text _builder_version=&#8221;4.25.0&#8243; _module_preset=&#8221;default&#8221; header_2_text_color=&#8221;#000000&#8243; header_2_font_size=&#8221;100px&#8221; header_2_font_size_tablet=&#8221;80px&#8221; header_2_font_size_phone=&#8221;60px&#8221; header_2_font_size_last_edited=&#8221;on|phone&#8221; global_colors_info=&#8221;{}&#8221;]<\/p>\n<h2>DIJOUS 6 OCTUBRE<\/h2>\n<p>[\/et_pb_text][\/et_pb_column][\/et_pb_row][et_pb_row column_structure=&#8221;1_2,1_2&#8243; _builder_version=&#8221;4.25.0&#8243; _module_preset=&#8221;default&#8221; width=&#8221;90%&#8221; max_width=&#8221;90%&#8221; global_colors_info=&#8221;{}&#8221;][et_pb_column type=&#8221;1_2&#8243; _builder_version=&#8221;4.25.0&#8243; _module_preset=&#8221;default&#8221; global_colors_info=&#8221;{}&#8221;][et_pb_text _builder_version=&#8221;4.27.0&#8243; _module_preset=&#8221;default&#8221; text_font=&#8221;|600|||||||&#8221; text_text_color=&#8221;#000000&#8243; text_font_size=&#8221;24px&#8221; header_3_font=&#8221;|300|||||||&#8221; header_3_text_color=&#8221;#EA43F7&#8243; header_3_font_size=&#8221;70px&#8221; header_4_font=&#8221;|300|||||||&#8221; header_4_text_color=&#8221;#000000&#8243; header_4_font_size=&#8221;36px&#8221; header_5_font=&#8221;&#8211;et_global_body_font|500|||||||&#8221; header_5_text_color=&#8221;#000000&#8243; header_6_font_size=&#8221;28px&#8221; custom_margin=&#8221;||||false|false&#8221; custom_padding=&#8221;||||false|false&#8221; custom_padding_tablet=&#8221;5vw||||false|false&#8221; custom_padding_phone=&#8221;5vw||||false|false&#8221; custom_padding_last_edited=&#8221;on|desktop&#8221; link_option_url=&#8221;https:\/\/festivalbucles.com\/vl\/agenda\/dance-explorer-by-cristina-cabo-mothermood\/&#8221; header_3_font_size_tablet=&#8221;48px&#8221; header_3_font_size_phone=&#8221;48px&#8221; header_3_font_size_last_edited=&#8221;on|phone&#8221; header_4_font_size_tablet=&#8221;72px&#8221; header_4_font_size_phone=&#8221;48px&#8221; header_4_font_size_last_edited=&#8221;on|phone&#8221; locked=&#8221;off&#8221; global_colors_info=&#8221;{}&#8221;]<\/p>\n<h6>TALLER FAMILIAR<\/h6>\n<h3>Dance Explorer by Cabo<\/h3>\n<h4>MOTHERMOOD<\/h4>\n<p>15.30 h \/ Col\u00b7legi Montessori<\/p>\n<p>[\/et_pb_text][\/et_pb_column][et_pb_column type=&#8221;1_2&#8243; _builder_version=&#8221;4.25.0&#8243; _module_preset=&#8221;default&#8221; global_colors_info=&#8221;{}&#8221;][et_pb_text _builder_version=&#8221;4.27.0&#8243; _module_preset=&#8221;default&#8221; text_font=&#8221;|||on|||||&#8221; text_text_color=&#8221;RGBA(255,255,255,0)&#8221; text_font_size=&#8221;24px&#8221; background_image=&#8221;https:\/\/festivalbucles.com\/wp-content\/uploads\/2024\/05\/circuito-bucles-programa-1-mothermood.jpg&#8221; text_orientation=&#8221;center&#8221; custom_padding=&#8221;9vw||9vw||true|false&#8221; custom_padding_tablet=&#8221;20vw||20vw||true|false&#8221; custom_padding_phone=&#8221;20vw||20vw||true|false&#8221; custom_padding_last_edited=&#8221;on|desktop&#8221; link_option_url=&#8221;https:\/\/festivalbucles.com\/vl\/agenda\/dance-explorer-by-cristina-cabo-mothermood\/&#8221; text_text_color_tablet=&#8221;RGBA(255,255,255,0)&#8221; text_text_color_phone=&#8221;RGBA(255,255,255,0)&#8221; text_text_color_last_edited=&#8221;on|tablet&#8221; locked=&#8221;off&#8221; global_colors_info=&#8221;{}&#8221; background__hover_enabled=&#8221;on|hover&#8221; background_image__hover=&#8221;&#8221; background_enable_image__hover=&#8221;off&#8221; background_color__hover=&#8221;#000000&#8243; background_enable_color__hover=&#8221;on&#8221; background_blend__hover=&#8221;normal&#8221; text_text_color__hover_enabled=&#8221;on|desktop&#8221; text_text_color__hover=&#8221;#FFFD55&#8243;]<\/p>\n<p>Dance Explorer by Cabo<\/p>\n<p>[\/et_pb_text][\/et_pb_column][\/et_pb_row][\/et_pb_section][et_pb_section fb_built=&#8221;1&#8243; _builder_version=&#8221;4.27.0&#8243; _module_preset=&#8221;default&#8221; background_color=&#8221;RGBA(255,255,255,0)&#8221; custom_padding=&#8221;60px||20px||false|false&#8221; border_width_top=&#8221;1px&#8221; border_width_bottom=&#8221;1px&#8221; global_colors_info=&#8221;{}&#8221;][et_pb_row _builder_version=&#8221;4.25.0&#8243; _module_preset=&#8221;default&#8221; width=&#8221;90%&#8221; max_width=&#8221;90%&#8221; max_width_tablet=&#8221;1400px&#8221; max_width_phone=&#8221;1400px&#8221; max_width_last_edited=&#8221;on|phone&#8221; global_colors_info=&#8221;{}&#8221;][et_pb_column type=&#8221;4_4&#8243; _builder_version=&#8221;4.25.0&#8243; _module_preset=&#8221;default&#8221; global_colors_info=&#8221;{}&#8221;][et_pb_text _builder_version=&#8221;4.25.0&#8243; _module_preset=&#8221;default&#8221; header_2_text_color=&#8221;#000000&#8243; header_2_font_size=&#8221;100px&#8221; header_2_font_size_tablet=&#8221;80px&#8221; header_2_font_size_phone=&#8221;60px&#8221; header_2_font_size_last_edited=&#8221;on|phone&#8221; global_colors_info=&#8221;{}&#8221;]<\/p>\n<h2>Dissabte i diumenge 8-9 OCTUBRE<\/h2>\n<p>[\/et_pb_text][\/et_pb_column][\/et_pb_row][et_pb_row column_structure=&#8221;1_2,1_2&#8243; _builder_version=&#8221;4.25.0&#8243; _module_preset=&#8221;default&#8221; width=&#8221;90%&#8221; max_width=&#8221;90%&#8221; global_colors_info=&#8221;{}&#8221;][et_pb_column type=&#8221;1_2&#8243; _builder_version=&#8221;4.25.0&#8243; _module_preset=&#8221;default&#8221; global_colors_info=&#8221;{}&#8221;][et_pb_text _builder_version=&#8221;4.27.0&#8243; _module_preset=&#8221;default&#8221; text_font=&#8221;|600|||||||&#8221; text_text_color=&#8221;#000000&#8243; text_font_size=&#8221;24px&#8221; header_3_font=&#8221;|300|||||||&#8221; header_3_text_color=&#8221;#EA43F7&#8243; header_3_font_size=&#8221;70px&#8221; header_4_font=&#8221;|300|||||||&#8221; header_4_text_color=&#8221;#000000&#8243; header_4_font_size=&#8221;36px&#8221; header_5_font=&#8221;&#8211;et_global_body_font|500|||||||&#8221; header_5_text_color=&#8221;#000000&#8243; header_6_font_size=&#8221;28px&#8221; custom_margin=&#8221;||||false|false&#8221; custom_padding=&#8221;||||false|false&#8221; custom_padding_tablet=&#8221;5vw||||false|false&#8221; custom_padding_phone=&#8221;5vw||||false|false&#8221; custom_padding_last_edited=&#8221;on|desktop&#8221; link_option_url=&#8221;https:\/\/festivalbucles.com\/vl\/agenda\/la-inocencia-dun-public-diferent\/&#8221; header_3_font_size_tablet=&#8221;48px&#8221; header_3_font_size_phone=&#8221;48px&#8221; header_3_font_size_last_edited=&#8221;on|phone&#8221; header_4_font_size_tablet=&#8221;72px&#8221; header_4_font_size_phone=&#8221;48px&#8221; header_4_font_size_last_edited=&#8221;on|phone&#8221; locked=&#8221;off&#8221; global_colors_info=&#8221;{}&#8221;]<\/p>\n<h6>ESPECTACLE INFANTIL 4-11 Anys<\/h6>\n<h3>La Casa Amarilla<\/h3>\n<h4>LA GUARDIANA DE LAS HISTORIAS<\/h4>\n<p> 12.00 h i 18.00 h \/ Sala Off[\/et_pb_text][\/et_pb_column][et_pb_column type=&#8221;1_2&#8243; _builder_version=&#8221;4.25.0&#8243; _module_preset=&#8221;default&#8221; global_colors_info=&#8221;{}&#8221;][et_pb_text _builder_version=&#8221;4.27.0&#8243; _module_preset=&#8221;default&#8221; text_font=&#8221;|||on|||||&#8221; text_text_color=&#8221;RGBA(255,255,255,0)&#8221; text_font_size=&#8221;24px&#8221; background_image=&#8221;https:\/\/festivalbucles.com\/wp-content\/uploads\/2024\/05\/circuito-bucles-programa-espectacle-infantila.jpg&#8221; text_orientation=&#8221;center&#8221; custom_padding=&#8221;9vw||9vw||true|false&#8221; custom_padding_tablet=&#8221;20vw||20vw||true|false&#8221; custom_padding_phone=&#8221;20vw||20vw||true|false&#8221; custom_padding_last_edited=&#8221;on|phone&#8221; link_option_url=&#8221;https:\/\/festivalbucles.com\/vl\/agenda\/la-inocencia-dun-public-diferent\/&#8221; text_text_color_tablet=&#8221;RGBA(255,255,255,0)&#8221; text_text_color_phone=&#8221;RGBA(255,255,255,0)&#8221; text_text_color_last_edited=&#8221;on|tablet&#8221; locked=&#8221;off&#8221; global_colors_info=&#8221;{}&#8221; background__hover_enabled=&#8221;on|hover&#8221; background_image__hover=&#8221;&#8221; background_enable_image__hover=&#8221;off&#8221; background_color__hover=&#8221;#000000&#8243; background_enable_color__hover=&#8221;on&#8221; background_blend__hover=&#8221;normal&#8221; text_text_color__hover_enabled=&#8221;on|desktop&#8221; text_text_color__hover=&#8221;#FFFD55&#8243;]<\/p>\n<p>La Casa Amarilla<\/p>\n<p>[\/et_pb_text][\/et_pb_column][\/et_pb_row][\/et_pb_section][et_pb_section fb_built=&#8221;1&#8243; _builder_version=&#8221;4.27.0&#8243; _module_preset=&#8221;default&#8221; background_color=&#8221;RGBA(255,255,255,0)&#8221; custom_padding=&#8221;60px||20px||false|false&#8221; border_width_top=&#8221;1px&#8221; border_width_bottom=&#8221;1px&#8221; global_colors_info=&#8221;{}&#8221;][et_pb_row _builder_version=&#8221;4.25.0&#8243; _module_preset=&#8221;default&#8221; width=&#8221;90%&#8221; max_width=&#8221;90%&#8221; max_width_tablet=&#8221;1400px&#8221; max_width_phone=&#8221;1400px&#8221; max_width_last_edited=&#8221;on|phone&#8221; global_colors_info=&#8221;{}&#8221;][et_pb_column type=&#8221;4_4&#8243; _builder_version=&#8221;4.25.0&#8243; _module_preset=&#8221;default&#8221; global_colors_info=&#8221;{}&#8221;][et_pb_text _builder_version=&#8221;4.25.0&#8243; _module_preset=&#8221;default&#8221; header_2_text_color=&#8221;#000000&#8243; header_2_font_size=&#8221;100px&#8221; header_2_font_size_tablet=&#8221;80px&#8221; header_2_font_size_phone=&#8221;60px&#8221; header_2_font_size_last_edited=&#8221;on|phone&#8221; global_colors_info=&#8221;{}&#8221;]<\/p>\n<h2>Dijous 13 OCTUBRE<\/h2>\n<p>[\/et_pb_text][\/et_pb_column][\/et_pb_row][et_pb_row column_structure=&#8221;1_2,1_2&#8243; _builder_version=&#8221;4.25.0&#8243; _module_preset=&#8221;default&#8221; width=&#8221;90%&#8221; max_width=&#8221;90%&#8221; global_colors_info=&#8221;{}&#8221;][et_pb_column type=&#8221;1_2&#8243; _builder_version=&#8221;4.25.0&#8243; _module_preset=&#8221;default&#8221; global_colors_info=&#8221;{}&#8221;][et_pb_text _builder_version=&#8221;4.27.0&#8243; _module_preset=&#8221;default&#8221; text_font=&#8221;|600|||||||&#8221; text_text_color=&#8221;#000000&#8243; text_font_size=&#8221;24px&#8221; header_3_font=&#8221;|300|||||||&#8221; header_3_text_color=&#8221;#EA43F7&#8243; header_3_font_size=&#8221;70px&#8221; header_4_font=&#8221;|300|||||||&#8221; header_4_text_color=&#8221;#000000&#8243; header_4_font_size=&#8221;36px&#8221; header_5_font=&#8221;&#8211;et_global_body_font|500|||||||&#8221; header_5_text_color=&#8221;#000000&#8243; header_6_font_size=&#8221;28px&#8221; custom_margin=&#8221;||||false|false&#8221; custom_padding=&#8221;||||false|false&#8221; custom_padding_tablet=&#8221;5vw||||false|false&#8221; custom_padding_phone=&#8221;5vw||||false|false&#8221; custom_padding_last_edited=&#8221;on|desktop&#8221; link_option_url=&#8221;https:\/\/festivalbucles.com\/vl\/agenda\/inmoviment-2-0-fundacio-sgae\/&#8221; header_3_font_size_tablet=&#8221;48px&#8221; header_3_font_size_phone=&#8221;48px&#8221; header_3_font_size_last_edited=&#8221;on|phone&#8221; header_4_font_size_tablet=&#8221;72px&#8221; header_4_font_size_phone=&#8221;48px&#8221; header_4_font_size_last_edited=&#8221;on|phone&#8221; locked=&#8221;off&#8221; global_colors_info=&#8221;{}&#8221;]<\/p>\n<h6>RESID\u00c8NCIA ART\u00cdSTICA VIRTUAL INMOVIMENT 2.0 + SGAE<\/h6>\n<h3>LA BASAL, UN PROJECTE DE SERGIO R. SUAREZ<\/h3>\n<h4>\u00bfY AHORA?<\/h4>\n<p> 12.30 h \/ Rent Space[\/et_pb_text][\/et_pb_column][et_pb_column type=&#8221;1_2&#8243; _builder_version=&#8221;4.25.0&#8243; _module_preset=&#8221;default&#8221; global_colors_info=&#8221;{}&#8221;][et_pb_text _builder_version=&#8221;4.27.0&#8243; _module_preset=&#8221;default&#8221; text_font=&#8221;|||on|||||&#8221; text_text_color=&#8221;RGBA(255,255,255,0)&#8221; text_font_size=&#8221;24px&#8221; background_image=&#8221;https:\/\/festivalbucles.com\/wp-content\/uploads\/2024\/05\/circuito-bucles-sergio-r-suarez.jpg&#8221; text_orientation=&#8221;center&#8221; custom_padding=&#8221;9vw||9vw||true|false&#8221; custom_padding_tablet=&#8221;20vw||20vw||true|false&#8221; custom_padding_phone=&#8221;20vw||20vw||true|false&#8221; custom_padding_last_edited=&#8221;on|phone&#8221; link_option_url=&#8221;https:\/\/festivalbucles.com\/vl\/agenda\/inmoviment-2-0-fundacio-sgae\/&#8221; text_text_color_tablet=&#8221;RGBA(255,255,255,0)&#8221; text_text_color_phone=&#8221;RGBA(255,255,255,0)&#8221; text_text_color_last_edited=&#8221;on|tablet&#8221; locked=&#8221;off&#8221; global_colors_info=&#8221;{}&#8221; background__hover_enabled=&#8221;on|hover&#8221; background_image__hover=&#8221;&#8221; background_enable_image__hover=&#8221;off&#8221; background_color__hover=&#8221;#000000&#8243; background_enable_color__hover=&#8221;on&#8221; background_blend__hover=&#8221;normal&#8221; text_text_color__hover_enabled=&#8221;on|desktop&#8221; text_text_color__hover=&#8221;#FFFD55&#8243;]<\/p>\n<p>Sergio R. Su\u00e1rez<\/p>\n<p>[\/et_pb_text][\/et_pb_column][\/et_pb_row][et_pb_row column_structure=&#8221;1_2,1_2&#8243; _builder_version=&#8221;4.25.0&#8243; _module_preset=&#8221;default&#8221; width=&#8221;90%&#8221; max_width=&#8221;90%&#8221; global_colors_info=&#8221;{}&#8221;][et_pb_column type=&#8221;1_2&#8243; _builder_version=&#8221;4.25.0&#8243; _module_preset=&#8221;default&#8221; global_colors_info=&#8221;{}&#8221;][et_pb_text _builder_version=&#8221;4.27.0&#8243; _module_preset=&#8221;default&#8221; text_font=&#8221;|600|||||||&#8221; text_text_color=&#8221;#000000&#8243; text_font_size=&#8221;24px&#8221; header_3_font=&#8221;|300|||||||&#8221; header_3_text_color=&#8221;#EA43F7&#8243; header_3_font_size=&#8221;70px&#8221; header_4_font=&#8221;|300|||||||&#8221; header_4_text_color=&#8221;#000000&#8243; header_4_font_size=&#8221;36px&#8221; header_5_font=&#8221;&#8211;et_global_body_font|500|||||||&#8221; header_5_text_color=&#8221;#000000&#8243; header_6_font_size=&#8221;28px&#8221; custom_margin=&#8221;||||false|false&#8221; custom_padding=&#8221;||||false|false&#8221; custom_padding_tablet=&#8221;5vw||||false|false&#8221; custom_padding_phone=&#8221;5vw||||false|false&#8221; custom_padding_last_edited=&#8221;on|desktop&#8221; link_option_url=&#8221;https:\/\/festivalbucles.com\/vl\/agenda\/taller-de-creacio-the-beat\/&#8221; header_3_font_size_tablet=&#8221;48px&#8221; header_3_font_size_phone=&#8221;48px&#8221; header_3_font_size_last_edited=&#8221;on|phone&#8221; header_4_font_size_tablet=&#8221;72px&#8221; header_4_font_size_phone=&#8221;48px&#8221; header_4_font_size_last_edited=&#8221;on|phone&#8221; locked=&#8221;off&#8221; global_colors_info=&#8221;{}&#8221;]<\/p>\n<h6>TALLER DE CREACI\u00d3 I MOSTRA<\/h6>\n<h3>FIC EBC Danza<\/h3>\n<h4>SCALES<\/h4>\n<p> 13.30 h \/ EBC Danza[\/et_pb_text][\/et_pb_column][et_pb_column type=&#8221;1_2&#8243; _builder_version=&#8221;4.25.0&#8243; _module_preset=&#8221;default&#8221; global_colors_info=&#8221;{}&#8221;][et_pb_text _builder_version=&#8221;4.27.0&#8243; _module_preset=&#8221;default&#8221; text_font=&#8221;|||on|||||&#8221; text_text_color=&#8221;RGBA(255,255,255,0)&#8221; text_font_size=&#8221;24px&#8221; background_image=&#8221;https:\/\/festivalbucles.com\/wp-content\/uploads\/2024\/05\/circuito-bucles-mostra-oberta.jpg&#8221; text_orientation=&#8221;center&#8221; custom_padding=&#8221;9vw||9vw||true|false&#8221; custom_padding_tablet=&#8221;20vw||20vw||true|false&#8221; custom_padding_phone=&#8221;||||true|false&#8221; custom_padding_last_edited=&#8221;on|desktop&#8221; link_option_url=&#8221;https:\/\/festivalbucles.com\/vl\/agenda\/taller-de-creacio-the-beat\/&#8221; text_text_color_tablet=&#8221;RGBA(255,255,255,0)&#8221; text_text_color_phone=&#8221;RGBA(255,255,255,0)&#8221; text_text_color_last_edited=&#8221;on|tablet&#8221; locked=&#8221;off&#8221; global_colors_info=&#8221;{}&#8221; background__hover_enabled=&#8221;on|hover&#8221; background_image__hover=&#8221;&#8221; background_enable_image__hover=&#8221;off&#8221; background_color__hover=&#8221;#000000&#8243; background_enable_color__hover=&#8221;on&#8221; background_blend__hover=&#8221;normal&#8221; text_text_color__hover_enabled=&#8221;on|desktop&#8221; text_text_color__hover=&#8221;#FFFD55&#8243;]<\/p>\n<p>Fic EBC Danza<\/p>\n<p>[\/et_pb_text][\/et_pb_column][\/et_pb_row][et_pb_row column_structure=&#8221;1_2,1_2&#8243; _builder_version=&#8221;4.25.0&#8243; _module_preset=&#8221;default&#8221; width=&#8221;90%&#8221; max_width=&#8221;90%&#8221; global_colors_info=&#8221;{}&#8221;][et_pb_column type=&#8221;1_2&#8243; _builder_version=&#8221;4.25.0&#8243; _module_preset=&#8221;default&#8221; global_colors_info=&#8221;{}&#8221;][et_pb_text _builder_version=&#8221;4.27.0&#8243; _module_preset=&#8221;default&#8221; text_font=&#8221;|600|||||||&#8221; text_text_color=&#8221;#000000&#8243; text_font_size=&#8221;24px&#8221; header_3_font=&#8221;|300|||||||&#8221; header_3_text_color=&#8221;#EA43F7&#8243; header_3_font_size=&#8221;70px&#8221; header_4_font=&#8221;|300|||||||&#8221; header_4_text_color=&#8221;#000000&#8243; header_4_font_size=&#8221;36px&#8221; header_5_font=&#8221;&#8211;et_global_body_font|500|||||||&#8221; header_5_text_color=&#8221;#000000&#8243; header_6_font_size=&#8221;28px&#8221; custom_margin=&#8221;||||false|false&#8221; custom_padding=&#8221;||||false|false&#8221; custom_padding_tablet=&#8221;5vw||||false|false&#8221; custom_padding_phone=&#8221;5vw||||false|false&#8221; custom_padding_last_edited=&#8221;on|desktop&#8221; link_option_url=&#8221;https:\/\/festivalbucles.com\/agenda\/prejuicio-en-la-creacion\/&#8221; header_3_font_size_tablet=&#8221;48px&#8221; header_3_font_size_phone=&#8221;48px&#8221; header_3_font_size_last_edited=&#8221;on|phone&#8221; header_4_font_size_tablet=&#8221;72px&#8221; header_4_font_size_phone=&#8221;48px&#8221; header_4_font_size_last_edited=&#8221;on|phone&#8221; locked=&#8221;off&#8221; global_colors_info=&#8221;{}&#8221;]<\/p>\n<h6>EXPERI\u00c8NCIA COREOGR\u00c0FICA<\/h6>\n<h3>Paula Serrano<\/h3>\n<h4>TODOS SABEN LO QUE EST\u00c1 PASANDO<\/h4>\n<p> 20.00 h \/ Sala Russafa[\/et_pb_text][\/et_pb_column][et_pb_column type=&#8221;1_2&#8243; _builder_version=&#8221;4.25.0&#8243; _module_preset=&#8221;default&#8221; global_colors_info=&#8221;{}&#8221;][et_pb_text _builder_version=&#8221;4.27.0&#8243; _module_preset=&#8221;default&#8221; text_font=&#8221;|||on|||||&#8221; text_text_color=&#8221;RGBA(255,255,255,0)&#8221; text_font_size=&#8221;24px&#8221; background_image=&#8221;https:\/\/festivalbucles.com\/wp-content\/uploads\/2024\/05\/circuito-bucles-paula-serrano.jpg&#8221; text_orientation=&#8221;center&#8221; custom_padding=&#8221;9vw||9vw||true|false&#8221; custom_padding_tablet=&#8221;20vw||20vw||true|false&#8221; custom_padding_phone=&#8221;20vw||20vw||true|false&#8221; custom_padding_last_edited=&#8221;on|phone&#8221; link_option_url=&#8221;https:\/\/festivalbucles.com\/agenda\/prejuicio-en-la-creacion\/&#8221; text_text_color_tablet=&#8221;RGBA(255,255,255,0)&#8221; text_text_color_phone=&#8221;RGBA(255,255,255,0)&#8221; text_text_color_last_edited=&#8221;on|tablet&#8221; locked=&#8221;off&#8221; global_colors_info=&#8221;{}&#8221; background__hover_enabled=&#8221;on|hover&#8221; background_image__hover=&#8221;&#8221; background_enable_image__hover=&#8221;off&#8221; background_color__hover=&#8221;#000000&#8243; background_enable_color__hover=&#8221;on&#8221; background_blend__hover=&#8221;normal&#8221; text_text_color__hover_enabled=&#8221;on|desktop&#8221; text_text_color__hover=&#8221;#FFFD55&#8243;]<\/p>\n<p>Paula Serrano<\/p>\n<p>[\/et_pb_text][\/et_pb_column][\/et_pb_row][\/et_pb_section][et_pb_section fb_built=&#8221;1&#8243; _builder_version=&#8221;4.27.0&#8243; _module_preset=&#8221;default&#8221; background_color=&#8221;RGBA(255,255,255,0)&#8221; custom_padding=&#8221;60px||20px||false|false&#8221; border_width_top=&#8221;1px&#8221; border_width_bottom=&#8221;1px&#8221; global_colors_info=&#8221;{}&#8221;][et_pb_row _builder_version=&#8221;4.25.0&#8243; _module_preset=&#8221;default&#8221; width=&#8221;90%&#8221; max_width=&#8221;90%&#8221; max_width_tablet=&#8221;1400px&#8221; max_width_phone=&#8221;1400px&#8221; max_width_last_edited=&#8221;on|phone&#8221; global_colors_info=&#8221;{}&#8221;][et_pb_column type=&#8221;4_4&#8243; _builder_version=&#8221;4.25.0&#8243; _module_preset=&#8221;default&#8221; global_colors_info=&#8221;{}&#8221;][et_pb_text _builder_version=&#8221;4.25.0&#8243; _module_preset=&#8221;default&#8221; header_2_text_color=&#8221;#000000&#8243; header_2_font_size=&#8221;100px&#8221; header_2_font_size_tablet=&#8221;80px&#8221; header_2_font_size_phone=&#8221;60px&#8221; header_2_font_size_last_edited=&#8221;on|phone&#8221; global_colors_info=&#8221;{}&#8221;]<\/p>\n<h2>Divendres 14 OCTUBRE<\/h2>\n<p>[\/et_pb_text][\/et_pb_column][\/et_pb_row][et_pb_row column_structure=&#8221;1_2,1_2&#8243; _builder_version=&#8221;4.25.0&#8243; _module_preset=&#8221;default&#8221; width=&#8221;90%&#8221; max_width=&#8221;90%&#8221; global_colors_info=&#8221;{}&#8221;][et_pb_column type=&#8221;1_2&#8243; _builder_version=&#8221;4.25.0&#8243; _module_preset=&#8221;default&#8221; global_colors_info=&#8221;{}&#8221;][et_pb_text _builder_version=&#8221;4.27.0&#8243; _module_preset=&#8221;default&#8221; text_font_size=&#8221;24px&#8221; header_3_font=&#8221;|300|||||||&#8221; header_3_text_color=&#8221;#EA43F7&#8243; header_3_font_size=&#8221;70px&#8221; header_4_font=&#8221;|300|||||||&#8221; header_4_text_color=&#8221;#000000&#8243; header_4_font_size=&#8221;36px&#8221; header_5_font=&#8221;&#8211;et_global_body_font|500|||||||&#8221; header_5_text_color=&#8221;#000000&#8243; header_6_font_size=&#8221;28px&#8221; custom_margin=&#8221;||||false|false&#8221; custom_padding=&#8221;||0px||false|false&#8221; custom_padding_tablet=&#8221;5vw||||false|false&#8221; custom_padding_phone=&#8221;5vw||||false|false&#8221; custom_padding_last_edited=&#8221;on|desktop&#8221; link_option_url=&#8221;https:\/\/festivalbucles.com\/vl\/agenda\/accio-reaccio-espai-temps\/&#8221; header_3_font_size_tablet=&#8221;48px&#8221; header_3_font_size_phone=&#8221;48px&#8221; header_3_font_size_last_edited=&#8221;on|phone&#8221; header_4_font_size_tablet=&#8221;72px&#8221; header_4_font_size_phone=&#8221;48px&#8221; header_4_font_size_last_edited=&#8221;on|phone&#8221; locked=&#8221;off&#8221; global_colors_info=&#8221;{}&#8221;]<\/p>\n<h6>EXPERI\u00c8NCIA INTERDISCIPLINAR<\/h6>\n<h3>Parets  Club Mutante<\/h3>\n<h4>VOMBING<\/h4>\n<p> 19.00 h y 20.00 h \/ Teatre La Mutant[\/et_pb_text][\/et_pb_column][et_pb_column type=&#8221;1_2&#8243; _builder_version=&#8221;4.25.0&#8243; _module_preset=&#8221;default&#8221; global_colors_info=&#8221;{}&#8221;][et_pb_text _builder_version=&#8221;4.27.0&#8243; _module_preset=&#8221;default&#8221; text_font=&#8221;|||on|||||&#8221; text_text_color=&#8221;RGBA(255,255,255,0)&#8221; text_font_size=&#8221;24px&#8221; background_image=&#8221;https:\/\/festivalbucles.com\/wp-content\/uploads\/2024\/05\/circuito-bucles-vombing.jpg&#8221; text_orientation=&#8221;center&#8221; custom_padding=&#8221;9vw||9vw||true|false&#8221; custom_padding_tablet=&#8221;20vw||20vw||true|false&#8221; custom_padding_phone=&#8221;20vw||20vw||true|false&#8221; custom_padding_last_edited=&#8221;on|phone&#8221; link_option_url=&#8221;https:\/\/festivalbucles.com\/vl\/agenda\/accio-reaccio-espai-temps\/&#8221; text_text_color_tablet=&#8221;RGBA(255,255,255,0)&#8221; text_text_color_phone=&#8221;RGBA(255,255,255,0)&#8221; text_text_color_last_edited=&#8221;on|tablet&#8221; locked=&#8221;off&#8221; global_colors_info=&#8221;{}&#8221; background__hover_enabled=&#8221;on|hover&#8221; background_image__hover=&#8221;&#8221; background_enable_image__hover=&#8221;off&#8221; background_color__hover=&#8221;#000000&#8243; background_enable_color__hover=&#8221;on&#8221; background_blend__hover=&#8221;normal&#8221; text_text_color__hover_enabled=&#8221;on|desktop&#8221; text_text_color__hover=&#8221;#FFFD55&#8243;]<\/p>\n<p>Parets + Club Mutante<\/p>\n<p>[\/et_pb_text][\/et_pb_column][\/et_pb_row][\/et_pb_section][et_pb_section fb_built=&#8221;1&#8243; _builder_version=&#8221;4.27.0&#8243; _module_preset=&#8221;default&#8221; background_color=&#8221;RGBA(255,255,255,0)&#8221; custom_padding=&#8221;60px||20px||false|false&#8221; border_width_top=&#8221;1px&#8221; border_width_bottom=&#8221;1px&#8221; global_colors_info=&#8221;{}&#8221;][et_pb_row _builder_version=&#8221;4.25.0&#8243; _module_preset=&#8221;default&#8221; width=&#8221;90%&#8221; max_width=&#8221;90%&#8221; max_width_tablet=&#8221;1400px&#8221; max_width_phone=&#8221;1400px&#8221; max_width_last_edited=&#8221;on|phone&#8221; global_colors_info=&#8221;{}&#8221;][et_pb_column type=&#8221;4_4&#8243; _builder_version=&#8221;4.25.0&#8243; _module_preset=&#8221;default&#8221; global_colors_info=&#8221;{}&#8221;][et_pb_text _builder_version=&#8221;4.25.0&#8243; _module_preset=&#8221;default&#8221; header_2_text_color=&#8221;#000000&#8243; header_2_font_size=&#8221;100px&#8221; header_2_font_size_tablet=&#8221;80px&#8221; header_2_font_size_phone=&#8221;60px&#8221; header_2_font_size_last_edited=&#8221;on|phone&#8221; global_colors_info=&#8221;{}&#8221;]<\/p>\n<h2>Dissabte 15 OCTUBRE<\/h2>\n<p>[\/et_pb_text][\/et_pb_column][\/et_pb_row][et_pb_row column_structure=&#8221;1_2,1_2&#8243; _builder_version=&#8221;4.27.0&#8243; _module_preset=&#8221;default&#8221; width=&#8221;90%&#8221; max_width=&#8221;90%&#8221; global_colors_info=&#8221;{}&#8221;][et_pb_column type=&#8221;1_2&#8243; _builder_version=&#8221;4.25.0&#8243; _module_preset=&#8221;default&#8221; global_colors_info=&#8221;{}&#8221;][et_pb_text _builder_version=&#8221;4.27.0&#8243; _module_preset=&#8221;default&#8221; text_font=&#8221;|600|||||||&#8221; text_text_color=&#8221;#000000&#8243; text_font_size=&#8221;24px&#8221; header_3_font=&#8221;|300|||||||&#8221; header_3_text_color=&#8221;#EA43F7&#8243; header_3_font_size=&#8221;70px&#8221; header_4_font=&#8221;|300|||||||&#8221; header_4_text_color=&#8221;#000000&#8243; header_4_font_size=&#8221;36px&#8221; header_5_font=&#8221;&#8211;et_global_body_font|500|||||||&#8221; header_5_text_color=&#8221;#000000&#8243; header_6_font_size=&#8221;28px&#8221; custom_margin=&#8221;||||false|false&#8221; custom_padding=&#8221;||||false|false&#8221; custom_padding_tablet=&#8221;5vw||||false|false&#8221; custom_padding_phone=&#8221;5vw||||false|false&#8221; custom_padding_last_edited=&#8221;on|desktop&#8221; link_option_url=&#8221;https:\/\/festivalbucles.com\/vl\/agenda\/pols-som-i-ens-convertirem\/&#8221; header_3_font_size_tablet=&#8221;48px&#8221; header_3_font_size_phone=&#8221;48px&#8221; header_3_font_size_last_edited=&#8221;on|phone&#8221; header_4_font_size_tablet=&#8221;72px&#8221; header_4_font_size_phone=&#8221;48px&#8221; header_4_font_size_last_edited=&#8221;on|phone&#8221; locked=&#8221;off&#8221; global_colors_info=&#8221;{}&#8221;]<\/p>\n<h6>WORKSHOP<\/h6>\n<h3>Maria Jos\u00e9 Sales<\/h3>\n<h4>AKRAM KHAN DUST<\/h4>\n<p> 10.00 h \/ Nau 3 Parc Central[\/et_pb_text][\/et_pb_column][et_pb_column type=&#8221;1_2&#8243; _builder_version=&#8221;4.25.0&#8243; _module_preset=&#8221;default&#8221; global_colors_info=&#8221;{}&#8221;][et_pb_text _builder_version=&#8221;4.27.0&#8243; _module_preset=&#8221;default&#8221; text_font=&#8221;|||on|||||&#8221; text_text_color=&#8221;RGBA(255,255,255,0)&#8221; text_font_size=&#8221;24px&#8221; background_image=&#8221;https:\/\/festivalbucles.com\/wp-content\/uploads\/2024\/05\/circuito-bucles-maria-jose-sales.jpg&#8221; text_orientation=&#8221;center&#8221; custom_padding=&#8221;9vw||9vw||true|false&#8221; custom_padding_tablet=&#8221;20vw||20vw||true|false&#8221; custom_padding_phone=&#8221;20vw||20vw||true|false&#8221; custom_padding_last_edited=&#8221;on|phone&#8221; link_option_url=&#8221;https:\/\/festivalbucles.com\/vl\/agenda\/pols-som-i-ens-convertirem\/&#8221; text_text_color_tablet=&#8221;RGBA(255,255,255,0)&#8221; text_text_color_phone=&#8221;RGBA(255,255,255,0)&#8221; text_text_color_last_edited=&#8221;on|tablet&#8221; locked=&#8221;off&#8221; global_colors_info=&#8221;{}&#8221; background__hover_enabled=&#8221;on|hover&#8221; background_image__hover=&#8221;&#8221; background_enable_image__hover=&#8221;off&#8221; background_color__hover=&#8221;#000000&#8243; background_enable_color__hover=&#8221;on&#8221; background_blend__hover=&#8221;normal&#8221; text_text_color__hover_enabled=&#8221;on|desktop&#8221; text_text_color__hover=&#8221;#FFFD55&#8243;]<\/p>\n<p>Workshop Maria Jos\u00e9 Sales<\/p>\n<p>[\/et_pb_text][\/et_pb_column][\/et_pb_row][et_pb_row column_structure=&#8221;1_2,1_2&#8243; _builder_version=&#8221;4.25.0&#8243; _module_preset=&#8221;default&#8221; width=&#8221;90%&#8221; max_width=&#8221;90%&#8221; global_colors_info=&#8221;{}&#8221;][et_pb_column type=&#8221;1_2&#8243; _builder_version=&#8221;4.25.0&#8243; _module_preset=&#8221;default&#8221; global_colors_info=&#8221;{}&#8221;][et_pb_text _builder_version=&#8221;4.27.0&#8243; _module_preset=&#8221;default&#8221; text_font=&#8221;|600|||||||&#8221; text_text_color=&#8221;#000000&#8243; text_font_size=&#8221;24px&#8221; header_3_font=&#8221;|300|||||||&#8221; header_3_text_color=&#8221;#EA43F7&#8243; header_3_font_size=&#8221;70px&#8221; header_4_font=&#8221;|300|||||||&#8221; header_4_text_color=&#8221;#000000&#8243; header_4_font_size=&#8221;36px&#8221; header_5_font=&#8221;&#8211;et_global_body_font|500|||||||&#8221; header_5_text_color=&#8221;#000000&#8243; header_6_font_size=&#8221;28px&#8221; custom_margin=&#8221;||||false|false&#8221; custom_padding=&#8221;||||false|false&#8221; custom_padding_tablet=&#8221;5vw||||false|false&#8221; custom_padding_phone=&#8221;5vw||||false|false&#8221; custom_padding_last_edited=&#8221;on|desktop&#8221; link_option_url=&#8221;https:\/\/festivalbucles.com\/vl\/agenda\/joves-creadors-the-beat\/&#8221; header_3_font_size_tablet=&#8221;48px&#8221; header_3_font_size_phone=&#8221;48px&#8221; header_3_font_size_last_edited=&#8221;on|phone&#8221; header_4_font_size_tablet=&#8221;72px&#8221; header_4_font_size_phone=&#8221;48px&#8221; header_4_font_size_last_edited=&#8221;on|phone&#8221; locked=&#8221;off&#8221; global_colors_info=&#8221;{}&#8221;]<\/p>\n<h6>JOVES CREADORS<\/h6>\n<h3>Raquel Castell\u00f3 &amp; Fernando Cencillo<\/h3>\n<h4>CORASHE<\/h4>\n<p> 12.00 h \/ Nau 3 Parc Central[\/et_pb_text][\/et_pb_column][et_pb_column type=&#8221;1_2&#8243; _builder_version=&#8221;4.25.0&#8243; _module_preset=&#8221;default&#8221; global_colors_info=&#8221;{}&#8221;][et_pb_text _builder_version=&#8221;4.27.0&#8243; _module_preset=&#8221;default&#8221; text_font=&#8221;|||on|||||&#8221; text_text_color=&#8221;RGBA(255,255,255,0)&#8221; text_font_size=&#8221;24px&#8221; background_image=&#8221;https:\/\/festivalbucles.com\/wp-content\/uploads\/2024\/05\/circuito-bucles-programa.jpg&#8221; text_orientation=&#8221;center&#8221; custom_padding=&#8221;9vw||9vw||true|false&#8221; custom_padding_tablet=&#8221;20vw||20vw||true|false&#8221; custom_padding_phone=&#8221;20vw||20vw||true|false&#8221; custom_padding_last_edited=&#8221;on|phone&#8221; link_option_url=&#8221;https:\/\/festivalbucles.com\/vl\/agenda\/joves-creadors-the-beat\/&#8221; text_text_color_tablet=&#8221;RGBA(255,255,255,0)&#8221; text_text_color_phone=&#8221;RGBA(255,255,255,0)&#8221; text_text_color_last_edited=&#8221;on|tablet&#8221; locked=&#8221;off&#8221; global_colors_info=&#8221;{}&#8221; background__hover_enabled=&#8221;on|hover&#8221; background_image__hover=&#8221;&#8221; background_enable_image__hover=&#8221;off&#8221; background_color__hover=&#8221;#000000&#8243; background_enable_color__hover=&#8221;on&#8221; background_blend__hover=&#8221;normal&#8221; text_text_color__hover_enabled=&#8221;on|desktop&#8221; text_text_color__hover=&#8221;#FFFD55&#8243;]<\/p>\n<p>Raquel Castell\u00f3 &amp; Fernando Cencillo<\/p>\n<p>[\/et_pb_text][\/et_pb_column][\/et_pb_row][et_pb_row column_structure=&#8221;1_2,1_2&#8243; _builder_version=&#8221;4.25.0&#8243; _module_preset=&#8221;default&#8221; width=&#8221;90%&#8221; max_width=&#8221;90%&#8221; global_colors_info=&#8221;{}&#8221;][et_pb_column type=&#8221;1_2&#8243; _builder_version=&#8221;4.25.0&#8243; _module_preset=&#8221;default&#8221; global_colors_info=&#8221;{}&#8221;][et_pb_text _builder_version=&#8221;4.27.0&#8243; _module_preset=&#8221;default&#8221; text_font=&#8221;|600|||||||&#8221; text_text_color=&#8221;#000000&#8243; text_font_size=&#8221;24px&#8221; header_3_font=&#8221;|300|||||||&#8221; header_3_text_color=&#8221;#EA43F7&#8243; header_3_font_size=&#8221;70px&#8221; header_4_font=&#8221;|300|||||||&#8221; header_4_text_color=&#8221;#000000&#8243; header_4_font_size=&#8221;36px&#8221; header_5_font=&#8221;&#8211;et_global_body_font|500|||||||&#8221; header_5_text_color=&#8221;#000000&#8243; header_6_font_size=&#8221;28px&#8221; custom_margin=&#8221;||||false|false&#8221; custom_padding=&#8221;||||false|false&#8221; custom_padding_tablet=&#8221;5vw||||false|false&#8221; custom_padding_phone=&#8221;5vw||||false|false&#8221; custom_padding_last_edited=&#8221;on|desktop&#8221; link_option_url=&#8221;https:\/\/festivalbucles.com\/vl\/agenda\/joves-creadors-the-beat\/&#8221; header_3_font_size_tablet=&#8221;48px&#8221; header_3_font_size_phone=&#8221;48px&#8221; header_3_font_size_last_edited=&#8221;on|phone&#8221; header_4_font_size_tablet=&#8221;72px&#8221; header_4_font_size_phone=&#8221;48px&#8221; header_4_font_size_last_edited=&#8221;on|phone&#8221; locked=&#8221;off&#8221; global_colors_info=&#8221;{}&#8221;]<\/p>\n<h6>JOVES CREADORS<\/h6>\n<h3>Gerard Collins<\/h3>\n<h4>\u00c9XTASIS<\/h4>\n<p> 12.00 h \/ Nau 3 Parc Central[\/et_pb_text][\/et_pb_column][et_pb_column type=&#8221;1_2&#8243; _builder_version=&#8221;4.25.0&#8243; _module_preset=&#8221;default&#8221; global_colors_info=&#8221;{}&#8221;][et_pb_text _builder_version=&#8221;4.27.0&#8243; _module_preset=&#8221;default&#8221; text_font=&#8221;|||on|||||&#8221; text_text_color=&#8221;RGBA(255,255,255,0)&#8221; text_font_size=&#8221;24px&#8221; background_image=&#8221;https:\/\/festivalbucles.com\/wp-content\/uploads\/2024\/05\/circuito-bucles-extasis.jpg&#8221; text_orientation=&#8221;center&#8221; custom_padding=&#8221;9vw||9vw||true|false&#8221; custom_padding_tablet=&#8221;20vw||20vw||true|false&#8221; custom_padding_phone=&#8221;20vw||20vw||true|false&#8221; custom_padding_last_edited=&#8221;on|phone&#8221; link_option_url=&#8221;https:\/\/festivalbucles.com\/vl\/agenda\/joves-creadors-the-beat\/&#8221; text_text_color_tablet=&#8221;RGBA(255,255,255,0)&#8221; text_text_color_phone=&#8221;RGBA(255,255,255,0)&#8221; text_text_color_last_edited=&#8221;on|tablet&#8221; locked=&#8221;off&#8221; global_colors_info=&#8221;{}&#8221; background__hover_enabled=&#8221;on|hover&#8221; background_image__hover=&#8221;&#8221; background_enable_image__hover=&#8221;off&#8221; background_color__hover=&#8221;#000000&#8243; background_enable_color__hover=&#8221;on&#8221; background_blend__hover=&#8221;normal&#8221; text_text_color__hover_enabled=&#8221;on|desktop&#8221; text_text_color__hover=&#8221;#FFFD55&#8243;]<\/p>\n<p>Gerard Collins<\/p>\n<p>[\/et_pb_text][\/et_pb_column][\/et_pb_row][et_pb_row column_structure=&#8221;1_2,1_2&#8243; _builder_version=&#8221;4.25.0&#8243; _module_preset=&#8221;default&#8221; width=&#8221;90%&#8221; max_width=&#8221;90%&#8221; global_colors_info=&#8221;{}&#8221;][et_pb_column type=&#8221;1_2&#8243; _builder_version=&#8221;4.25.0&#8243; _module_preset=&#8221;default&#8221; global_colors_info=&#8221;{}&#8221;][et_pb_text _builder_version=&#8221;4.27.0&#8243; _module_preset=&#8221;default&#8221; text_font=&#8221;|600|||||||&#8221; text_text_color=&#8221;#000000&#8243; text_font_size=&#8221;24px&#8221; header_3_font=&#8221;|300|||||||&#8221; header_3_text_color=&#8221;#EA43F7&#8243; header_3_font_size=&#8221;70px&#8221; header_4_font=&#8221;|300|||||||&#8221; header_4_text_color=&#8221;#000000&#8243; header_4_font_size=&#8221;36px&#8221; header_5_font=&#8221;&#8211;et_global_body_font|500|||||||&#8221; header_5_text_color=&#8221;#000000&#8243; header_6_font_size=&#8221;28px&#8221; custom_margin=&#8221;||||false|false&#8221; custom_padding=&#8221;||||false|false&#8221; custom_padding_tablet=&#8221;5vw||||false|false&#8221; custom_padding_phone=&#8221;5vw||||false|false&#8221; custom_padding_last_edited=&#8221;on|desktop&#8221; link_option_url=&#8221;https:\/\/festivalbucles.com\/vl\/agenda\/renaixement-i-mort\/&#8221; header_3_font_size_tablet=&#8221;48px&#8221; header_3_font_size_phone=&#8221;48px&#8221; header_3_font_size_last_edited=&#8221;on|phone&#8221; header_4_font_size_tablet=&#8221;72px&#8221; header_4_font_size_phone=&#8221;48px&#8221; header_4_font_size_last_edited=&#8221;on|phone&#8221; locked=&#8221;off&#8221; global_colors_info=&#8221;{}&#8221;]<\/p>\n<h6>TALLER INTERGENERACIONAL<\/h6>\n<h3>Hort Art<\/h3>\n<h4>NIU \u2013 COMO CONSTRUIR LA CASA DEL FUTURO<\/h4>\n<p> 12.30 h \/ Parc Central[\/et_pb_text][\/et_pb_column][et_pb_column type=&#8221;1_2&#8243; _builder_version=&#8221;4.25.0&#8243; _module_preset=&#8221;default&#8221; global_colors_info=&#8221;{}&#8221;][et_pb_text _builder_version=&#8221;4.27.0&#8243; _module_preset=&#8221;default&#8221; text_font=&#8221;|||on|||||&#8221; text_text_color=&#8221;RGBA(255,255,255,0)&#8221; text_font_size=&#8221;24px&#8221; background_image=&#8221;https:\/\/festivalbucles.com\/wp-content\/uploads\/2024\/05\/circuito-bucles-hort-art-1.jpg&#8221; text_orientation=&#8221;center&#8221; custom_padding=&#8221;9vw||9vw||true|false&#8221; custom_padding_tablet=&#8221;20vw||20vw||true|false&#8221; custom_padding_phone=&#8221;20vw||20vw||true|false&#8221; custom_padding_last_edited=&#8221;on|tablet&#8221; link_option_url=&#8221;https:\/\/festivalbucles.com\/vl\/agenda\/renaixement-i-mort\/&#8221; text_text_color_tablet=&#8221;RGBA(255,255,255,0)&#8221; text_text_color_phone=&#8221;RGBA(255,255,255,0)&#8221; text_text_color_last_edited=&#8221;on|tablet&#8221; locked=&#8221;off&#8221; global_colors_info=&#8221;{}&#8221; background__hover_enabled=&#8221;on|hover&#8221; background_image__hover=&#8221;&#8221; background_enable_image__hover=&#8221;off&#8221; background_color__hover=&#8221;#000000&#8243; background_enable_color__hover=&#8221;on&#8221; background_blend__hover=&#8221;normal&#8221; text_text_color__hover_enabled=&#8221;on|desktop&#8221; text_text_color__hover=&#8221;#FFFD55&#8243;]<\/p>\n<p>Hort Art<\/p>\n<p>[\/et_pb_text][\/et_pb_column][\/et_pb_row][et_pb_row column_structure=&#8221;1_2,1_2&#8243; _builder_version=&#8221;4.25.0&#8243; _module_preset=&#8221;default&#8221; width=&#8221;90%&#8221; max_width=&#8221;90%&#8221; global_colors_info=&#8221;{}&#8221;][et_pb_column type=&#8221;1_2&#8243; _builder_version=&#8221;4.25.0&#8243; _module_preset=&#8221;default&#8221; global_colors_info=&#8221;{}&#8221;][et_pb_text _builder_version=&#8221;4.27.0&#8243; _module_preset=&#8221;default&#8221; text_font=&#8221;|600|||||||&#8221; text_text_color=&#8221;#000000&#8243; text_font_size=&#8221;24px&#8221; header_3_font=&#8221;|300|||||||&#8221; header_3_text_color=&#8221;#EA43F7&#8243; header_3_font_size=&#8221;70px&#8221; header_4_font=&#8221;|300|||||||&#8221; header_4_text_color=&#8221;#000000&#8243; header_4_font_size=&#8221;36px&#8221; header_5_font=&#8221;&#8211;et_global_body_font|500|||||||&#8221; header_5_text_color=&#8221;#000000&#8243; header_6_font_size=&#8221;28px&#8221; custom_margin=&#8221;||||false|false&#8221; custom_padding=&#8221;||||false|false&#8221; custom_padding_tablet=&#8221;5vw||||false|false&#8221; custom_padding_phone=&#8221;5vw||||false|false&#8221; custom_padding_last_edited=&#8221;on|desktop&#8221; link_option_url=&#8221;https:\/\/festivalbucles.com\/vl\/agenda\/pols-som-i-ens-convertirem\/&#8221; header_3_font_size_tablet=&#8221;48px&#8221; header_3_font_size_phone=&#8221;48px&#8221; header_3_font_size_last_edited=&#8221;on|phone&#8221; header_4_font_size_tablet=&#8221;72px&#8221; header_4_font_size_phone=&#8221;48px&#8221; header_4_font_size_last_edited=&#8221;on|phone&#8221; locked=&#8221;off&#8221; global_colors_info=&#8221;{}&#8221;]<\/p>\n<h6>MOSTRA WORKSHOP<\/h6>\n<h3>Maria Jos\u00e9 Sales<\/h3>\n<h4>AKRAM KHAN DUST<\/h4>\n<p> 17.00 h \/ Pla\u00e7a de San Valero[\/et_pb_text][\/et_pb_column][et_pb_column type=&#8221;1_2&#8243; _builder_version=&#8221;4.25.0&#8243; _module_preset=&#8221;default&#8221; global_colors_info=&#8221;{}&#8221;][et_pb_text _builder_version=&#8221;4.27.0&#8243; _module_preset=&#8221;default&#8221; text_font=&#8221;|||on|||||&#8221; text_text_color=&#8221;RGBA(255,255,255,0)&#8221; text_font_size=&#8221;24px&#8221; background_image=&#8221;https:\/\/festivalbucles.com\/wp-content\/uploads\/2024\/05\/the-beat-img.jpg&#8221; text_orientation=&#8221;center&#8221; custom_padding=&#8221;9vw||9vw||true|false&#8221; custom_padding_tablet=&#8221;20vw||20vw||true|false&#8221; custom_padding_phone=&#8221;20vw||20vw||true|false&#8221; custom_padding_last_edited=&#8221;on|tablet&#8221; link_option_url=&#8221;https:\/\/festivalbucles.com\/vl\/agenda\/pols-som-i-ens-convertirem\/&#8221; text_text_color_tablet=&#8221;RGBA(255,255,255,0)&#8221; text_text_color_phone=&#8221;RGBA(255,255,255,0)&#8221; text_text_color_last_edited=&#8221;on|tablet&#8221; locked=&#8221;off&#8221; global_colors_info=&#8221;{}&#8221; background__hover_enabled=&#8221;on|hover&#8221; background_image__hover=&#8221;&#8221; background_enable_image__hover=&#8221;off&#8221; background_color__hover=&#8221;#000000&#8243; background_enable_color__hover=&#8221;on&#8221; background_blend__hover=&#8221;normal&#8221; text_text_color__hover_enabled=&#8221;on|desktop&#8221; text_text_color__hover=&#8221;#FFFD55&#8243;]<\/p>\n<p>Mostra Workshop<\/p>\n<p>[\/et_pb_text][\/et_pb_column][\/et_pb_row][et_pb_row column_structure=&#8221;1_2,1_2&#8243; _builder_version=&#8221;4.25.0&#8243; _module_preset=&#8221;default&#8221; width=&#8221;90%&#8221; max_width=&#8221;90%&#8221; global_colors_info=&#8221;{}&#8221;][et_pb_column type=&#8221;1_2&#8243; _builder_version=&#8221;4.25.0&#8243; _module_preset=&#8221;default&#8221; global_colors_info=&#8221;{}&#8221;][et_pb_text _builder_version=&#8221;4.27.0&#8243; _module_preset=&#8221;default&#8221; text_font=&#8221;|600|||||||&#8221; text_text_color=&#8221;#000000&#8243; text_font_size=&#8221;24px&#8221; header_3_font=&#8221;|300|||||||&#8221; header_3_text_color=&#8221;#EA43F7&#8243; header_3_font_size=&#8221;70px&#8221; header_4_font=&#8221;|300|||||||&#8221; header_4_text_color=&#8221;#000000&#8243; header_4_font_size=&#8221;36px&#8221; header_5_font=&#8221;&#8211;et_global_body_font|500|||||||&#8221; header_5_text_color=&#8221;#000000&#8243; header_6_font_size=&#8221;28px&#8221; custom_margin=&#8221;||||false|false&#8221; custom_padding=&#8221;||||false|false&#8221; custom_padding_tablet=&#8221;5vw||||false|false&#8221; custom_padding_phone=&#8221;5vw||||false|false&#8221; custom_padding_last_edited=&#8221;on|desktop&#8221; link_option_url=&#8221;https:\/\/festivalbucles.com\/vl\/agenda\/el-pols-comu\/&#8221; header_3_font_size_tablet=&#8221;48px&#8221; header_3_font_size_phone=&#8221;48px&#8221; header_3_font_size_last_edited=&#8221;on|phone&#8221; header_4_font_size_tablet=&#8221;72px&#8221; header_4_font_size_phone=&#8221;48px&#8221; header_4_font_size_last_edited=&#8221;on|phone&#8221; locked=&#8221;off&#8221; global_colors_info=&#8221;{}&#8221;]<\/p>\n<h6>EXPERI\u00c8NCIA COREOGR\u00c0FICA<\/h6>\n<h3>\u00c9lida Dorta<\/h3>\n<h3> Javier Arozen<\/h3>\n<h4>U<\/h4>\n<p>17.15 h \/ Pla\u00e7a de San Valero<\/p>\n<p>[\/et_pb_text][\/et_pb_column][et_pb_column type=&#8221;1_2&#8243; _builder_version=&#8221;4.25.0&#8243; _module_preset=&#8221;default&#8221; global_colors_info=&#8221;{}&#8221;][et_pb_text _builder_version=&#8221;4.27.0&#8243; _module_preset=&#8221;default&#8221; text_font=&#8221;|||on|||||&#8221; text_text_color=&#8221;RGBA(255,255,255,0)&#8221; text_font_size=&#8221;24px&#8221; background_image=&#8221;https:\/\/festivalbucles.com\/wp-content\/uploads\/2024\/05\/circuito-bucles-elidadortajavierarozen.jpg&#8221; text_orientation=&#8221;center&#8221; custom_padding=&#8221;9vw||9vw||true|false&#8221; custom_padding_tablet=&#8221;20vw||20vw||true|false&#8221; custom_padding_phone=&#8221;20vw||20vw||true|false&#8221; custom_padding_last_edited=&#8221;on|tablet&#8221; link_option_url=&#8221;https:\/\/festivalbucles.com\/vl\/agenda\/el-pols-comu\/&#8221; text_text_color_tablet=&#8221;RGBA(255,255,255,0)&#8221; text_text_color_phone=&#8221;RGBA(255,255,255,0)&#8221; text_text_color_last_edited=&#8221;on|tablet&#8221; locked=&#8221;off&#8221; global_colors_info=&#8221;{}&#8221; background__hover_enabled=&#8221;on|hover&#8221; background_image__hover=&#8221;&#8221; background_enable_image__hover=&#8221;off&#8221; background_color__hover=&#8221;#000000&#8243; background_enable_color__hover=&#8221;on&#8221; background_blend__hover=&#8221;normal&#8221; text_text_color__hover_enabled=&#8221;on|desktop&#8221; text_text_color__hover=&#8221;#FFFD55&#8243;]<\/p>\n<p>\u00c9lida Dorta &amp; Javier Arozen<\/p>\n<p>[\/et_pb_text][\/et_pb_column][\/et_pb_row][et_pb_row column_structure=&#8221;1_2,1_2&#8243; _builder_version=&#8221;4.25.0&#8243; _module_preset=&#8221;default&#8221; width=&#8221;90%&#8221; max_width=&#8221;90%&#8221; global_colors_info=&#8221;{}&#8221;][et_pb_column type=&#8221;1_2&#8243; _builder_version=&#8221;4.25.0&#8243; _module_preset=&#8221;default&#8221; global_colors_info=&#8221;{}&#8221;][et_pb_text _builder_version=&#8221;4.27.0&#8243; _module_preset=&#8221;default&#8221; text_font=&#8221;|600|||||||&#8221; text_text_color=&#8221;#000000&#8243; text_font_size=&#8221;24px&#8221; header_3_font=&#8221;|300|||||||&#8221; header_3_text_color=&#8221;#EA43F7&#8243; header_3_font_size=&#8221;70px&#8221; header_4_font=&#8221;|300|||||||&#8221; header_4_text_color=&#8221;#000000&#8243; header_4_font_size=&#8221;36px&#8221; header_5_font=&#8221;&#8211;et_global_body_font|500|||||||&#8221; header_5_text_color=&#8221;#000000&#8243; header_6_font_size=&#8221;28px&#8221; custom_margin=&#8221;||||false|false&#8221; custom_padding=&#8221;||||false|false&#8221; custom_padding_tablet=&#8221;5vw||||false|false&#8221; custom_padding_phone=&#8221;5vw||||false|false&#8221; custom_padding_last_edited=&#8221;on|desktop&#8221; link_option_url=&#8221;https:\/\/festivalbucles.com\/vl\/agenda\/geometria-i-repeticio\/&#8221; header_3_font_size_tablet=&#8221;48px&#8221; header_3_font_size_phone=&#8221;48px&#8221; header_3_font_size_last_edited=&#8221;on|phone&#8221; header_4_font_size_tablet=&#8221;72px&#8221; header_4_font_size_phone=&#8221;48px&#8221; header_4_font_size_last_edited=&#8221;on|phone&#8221; locked=&#8221;off&#8221; global_colors_info=&#8221;{}&#8221;]<\/p>\n<h6>PERFORMANCE SONORA<\/h6>\n<h3>Enrique del Castillo<\/h3>\n<h4>UMBR\u00c1FONO<\/h4>\n<p> 18.00 h \/ Carrer Puerto Rico N51[\/et_pb_text][\/et_pb_column][et_pb_column type=&#8221;1_2&#8243; _builder_version=&#8221;4.25.0&#8243; _module_preset=&#8221;default&#8221; global_colors_info=&#8221;{}&#8221;][et_pb_text _builder_version=&#8221;4.27.0&#8243; _module_preset=&#8221;default&#8221; text_font=&#8221;|||on|||||&#8221; text_text_color=&#8221;RGBA(255,255,255,0)&#8221; text_font_size=&#8221;24px&#8221; background_image=&#8221;https:\/\/festivalbucles.com\/wp-content\/uploads\/2024\/05\/circuito-bucles-enrique-del-castillo.jpg&#8221; text_orientation=&#8221;center&#8221; custom_padding=&#8221;9vw||9vw||true|false&#8221; custom_padding_tablet=&#8221;20vw||20vw||true|false&#8221; custom_padding_phone=&#8221;20vw||20vw||true|false&#8221; custom_padding_last_edited=&#8221;on|tablet&#8221; link_option_url=&#8221;https:\/\/festivalbucles.com\/vl\/agenda\/geometria-i-repeticio\/&#8221; text_text_color_tablet=&#8221;RGBA(255,255,255,0)&#8221; text_text_color_phone=&#8221;RGBA(255,255,255,0)&#8221; text_text_color_last_edited=&#8221;on|tablet&#8221; locked=&#8221;off&#8221; global_colors_info=&#8221;{}&#8221; background__hover_enabled=&#8221;on|hover&#8221; background_image__hover=&#8221;&#8221; background_enable_image__hover=&#8221;off&#8221; background_color__hover=&#8221;#000000&#8243; background_enable_color__hover=&#8221;on&#8221; background_blend__hover=&#8221;normal&#8221; text_text_color__hover_enabled=&#8221;on|desktop&#8221; text_text_color__hover=&#8221;#FFFD55&#8243;]<\/p>\n<p>Enrique del Castillo<\/p>\n<p>[\/et_pb_text][\/et_pb_column][\/et_pb_row][et_pb_row column_structure=&#8221;1_2,1_2&#8243; _builder_version=&#8221;4.27.0&#8243; _module_preset=&#8221;default&#8221; width=&#8221;90%&#8221; max_width=&#8221;90%&#8221; global_colors_info=&#8221;{}&#8221;][et_pb_column type=&#8221;1_2&#8243; _builder_version=&#8221;4.25.0&#8243; _module_preset=&#8221;default&#8221; global_colors_info=&#8221;{}&#8221;][et_pb_text _builder_version=&#8221;4.27.0&#8243; _module_preset=&#8221;default&#8221; text_font=&#8221;|600|||||||&#8221; text_text_color=&#8221;#000000&#8243; text_font_size=&#8221;24px&#8221; header_3_font=&#8221;|300|||||||&#8221; header_3_text_color=&#8221;#EA43F7&#8243; header_3_font_size=&#8221;70px&#8221; header_4_font=&#8221;|300|||||||&#8221; header_4_text_color=&#8221;#000000&#8243; header_4_font_size=&#8221;36px&#8221; header_5_font=&#8221;&#8211;et_global_body_font|500|||||||&#8221; header_5_text_color=&#8221;#000000&#8243; header_6_font_size=&#8221;28px&#8221; custom_margin=&#8221;||||false|false&#8221; custom_padding=&#8221;||||false|false&#8221; custom_padding_tablet=&#8221;5vw||||false|false&#8221; custom_padding_phone=&#8221;5vw||||false|false&#8221; custom_padding_last_edited=&#8221;on|desktop&#8221; link_option_url=&#8221;https:\/\/festivalbucles.com\/vl\/agenda\/pulsacio-sanguinia-de-la-creacio\/&#8221; header_3_font_size_tablet=&#8221;48px&#8221; header_3_font_size_phone=&#8221;48px&#8221; header_3_font_size_last_edited=&#8221;on|phone&#8221; header_4_font_size_tablet=&#8221;72px&#8221; header_4_font_size_phone=&#8221;48px&#8221; header_4_font_size_last_edited=&#8221;on|phone&#8221; locked=&#8221;off&#8221; global_colors_info=&#8221;{}&#8221;]<\/p>\n<h6>EXPERI\u00c8NCIA COREOGR\u00c0FICA + CONVERSA<\/h6>\n<h3>eLeCeDe<\/h3>\n<h4>EXTRACTO DE PELS DE COLOM<\/h4>\n<p> 19.00 h \/ Sporting Club Russafa[\/et_pb_text][\/et_pb_column][et_pb_column type=&#8221;1_2&#8243; _builder_version=&#8221;4.25.0&#8243; _module_preset=&#8221;default&#8221; global_colors_info=&#8221;{}&#8221;][et_pb_text _builder_version=&#8221;4.27.0&#8243; _module_preset=&#8221;default&#8221; text_font=&#8221;|||on|||||&#8221; text_text_color=&#8221;RGBA(255,255,255,0)&#8221; text_font_size=&#8221;24px&#8221; background_image=&#8221;https:\/\/festivalbucles.com\/wp-content\/uploads\/2024\/05\/circuito-bucles-albert-garcia.jpg&#8221; text_orientation=&#8221;center&#8221; custom_padding=&#8221;9vw||9vw||true|false&#8221; custom_padding_tablet=&#8221;20vw||20vw||true|false&#8221; custom_padding_phone=&#8221;20vw||20vw||true|false&#8221; custom_padding_last_edited=&#8221;on|tablet&#8221; link_option_url=&#8221;https:\/\/festivalbucles.com\/vl\/agenda\/pulsacio-sanguinia-de-la-creacio\/&#8221; text_text_color_tablet=&#8221;RGBA(255,255,255,0)&#8221; text_text_color_phone=&#8221;RGBA(255,255,255,0)&#8221; text_text_color_last_edited=&#8221;on|tablet&#8221; locked=&#8221;off&#8221; global_colors_info=&#8221;{}&#8221; background__hover_enabled=&#8221;on|hover&#8221; background_image__hover=&#8221;&#8221; background_enable_image__hover=&#8221;off&#8221; background_color__hover=&#8221;#000000&#8243; background_enable_color__hover=&#8221;on&#8221; background_blend__hover=&#8221;normal&#8221; text_text_color__hover_enabled=&#8221;on|desktop&#8221; text_text_color__hover=&#8221;#FFFD55&#8243;]<\/p>\n<p>eLeCeDe<\/p>\n<p>[\/et_pb_text][\/et_pb_column][\/et_pb_row][et_pb_row column_structure=&#8221;1_2,1_2&#8243; _builder_version=&#8221;4.27.0&#8243; _module_preset=&#8221;default&#8221; width=&#8221;90%&#8221; max_width=&#8221;90%&#8221; global_colors_info=&#8221;{}&#8221;][et_pb_column type=&#8221;1_2&#8243; _builder_version=&#8221;4.25.0&#8243; _module_preset=&#8221;default&#8221; global_colors_info=&#8221;{}&#8221;][et_pb_text _builder_version=&#8221;4.27.0&#8243; _module_preset=&#8221;default&#8221; text_font=&#8221;|600|||||||&#8221; text_text_color=&#8221;#000000&#8243; text_font_size=&#8221;24px&#8221; header_3_font=&#8221;|300|||||||&#8221; header_3_text_color=&#8221;#EA43F7&#8243; header_3_font_size=&#8221;70px&#8221; header_4_font=&#8221;|300|||||||&#8221; header_4_text_color=&#8221;#000000&#8243; header_4_font_size=&#8221;36px&#8221; header_5_font=&#8221;&#8211;et_global_body_font|500|||||||&#8221; header_5_text_color=&#8221;#000000&#8243; header_6_font_size=&#8221;28px&#8221; custom_margin=&#8221;||||false|false&#8221; custom_padding=&#8221;||||false|false&#8221; custom_padding_tablet=&#8221;5vw||||false|false&#8221; custom_padding_phone=&#8221;5vw||||false|false&#8221; custom_padding_last_edited=&#8221;on|desktop&#8221; link_option_url=&#8221;https:\/\/festivalbucles.com\/vl\/agenda\/prejudici-en-la-creacio\/&#8221; header_3_font_size_tablet=&#8221;48px&#8221; header_3_font_size_phone=&#8221;48px&#8221; header_3_font_size_last_edited=&#8221;on|phone&#8221; header_4_font_size_tablet=&#8221;72px&#8221; header_4_font_size_phone=&#8221;48px&#8221; header_4_font_size_last_edited=&#8221;on|phone&#8221; locked=&#8221;off&#8221; global_colors_info=&#8221;{}&#8221;]<\/p>\n<h6>EXPERI\u00c8NCIA COREOGR\u00c0FICA &gt;<\/h6>\n<h3>Paula Serrano<\/h3>\n<h4>TODOS SABEN LO QUE EST\u00c1 PASANDO<\/h4>\n<p> 20.00 h \/ Sala Russafa[\/et_pb_text][\/et_pb_column][et_pb_column type=&#8221;1_2&#8243; _builder_version=&#8221;4.25.0&#8243; _module_preset=&#8221;default&#8221; global_colors_info=&#8221;{}&#8221;][et_pb_text _builder_version=&#8221;4.27.0&#8243; _module_preset=&#8221;default&#8221; text_font=&#8221;|||on|||||&#8221; text_text_color=&#8221;RGBA(255,255,255,0)&#8221; text_font_size=&#8221;24px&#8221; background_image=&#8221;https:\/\/festivalbucles.com\/wp-content\/uploads\/2024\/05\/circuito-bucles-paula-serrano.jpg&#8221; text_orientation=&#8221;center&#8221; custom_padding=&#8221;9vw||9vw||true|false&#8221; custom_padding_tablet=&#8221;20vw||20vw||true|false&#8221; custom_padding_phone=&#8221;20vw||20vw||true|false&#8221; custom_padding_last_edited=&#8221;on|tablet&#8221; link_option_url=&#8221;https:\/\/festivalbucles.com\/vl\/agenda\/prejudici-en-la-creacio\/&#8221; text_text_color_tablet=&#8221;RGBA(255,255,255,0)&#8221; text_text_color_phone=&#8221;RGBA(255,255,255,0)&#8221; text_text_color_last_edited=&#8221;on|tablet&#8221; locked=&#8221;off&#8221; global_colors_info=&#8221;{}&#8221; background__hover_enabled=&#8221;on|hover&#8221; background_image__hover=&#8221;&#8221; background_enable_image__hover=&#8221;off&#8221; background_color__hover=&#8221;#000000&#8243; background_enable_color__hover=&#8221;on&#8221; background_blend__hover=&#8221;normal&#8221; text_text_color__hover_enabled=&#8221;on|desktop&#8221; text_text_color__hover=&#8221;#FFFD55&#8243;]<\/p>\n<p>Paula Serrano<\/p>\n<p>[\/et_pb_text][\/et_pb_column][\/et_pb_row][\/et_pb_section][et_pb_section fb_built=&#8221;1&#8243; _builder_version=&#8221;4.27.0&#8243; _module_preset=&#8221;default&#8221; background_color=&#8221;RGBA(255,255,255,0)&#8221; custom_padding=&#8221;60px||20px||false|false&#8221; border_width_top=&#8221;1px&#8221; border_width_bottom=&#8221;1px&#8221; global_colors_info=&#8221;{}&#8221;][et_pb_row _builder_version=&#8221;4.25.0&#8243; _module_preset=&#8221;default&#8221; width=&#8221;90%&#8221; max_width=&#8221;90%&#8221; max_width_tablet=&#8221;1400px&#8221; max_width_phone=&#8221;1400px&#8221; max_width_last_edited=&#8221;on|phone&#8221; global_colors_info=&#8221;{}&#8221;][et_pb_column type=&#8221;4_4&#8243; _builder_version=&#8221;4.25.0&#8243; _module_preset=&#8221;default&#8221; global_colors_info=&#8221;{}&#8221;][et_pb_text _builder_version=&#8221;4.27.0&#8243; _module_preset=&#8221;default&#8221; header_2_text_color=&#8221;#000000&#8243; header_2_font_size=&#8221;100px&#8221; header_2_font_size_tablet=&#8221;80px&#8221; header_2_font_size_phone=&#8221;60px&#8221; header_2_font_size_last_edited=&#8221;on|phone&#8221; global_colors_info=&#8221;{}&#8221;]<\/p>\n<h2>Diumenge 16 OCTUBRE<\/h2>\n<p>[\/et_pb_text][\/et_pb_column][\/et_pb_row][et_pb_row column_structure=&#8221;1_2,1_2&#8243; _builder_version=&#8221;4.25.0&#8243; _module_preset=&#8221;default&#8221; width=&#8221;90%&#8221; max_width=&#8221;90%&#8221; global_colors_info=&#8221;{}&#8221;][et_pb_column type=&#8221;1_2&#8243; _builder_version=&#8221;4.25.0&#8243; _module_preset=&#8221;default&#8221; global_colors_info=&#8221;{}&#8221;][et_pb_text _builder_version=&#8221;4.27.0&#8243; _module_preset=&#8221;default&#8221; text_font=&#8221;|600|||||||&#8221; text_text_color=&#8221;#000000&#8243; text_font_size=&#8221;24px&#8221; header_3_font=&#8221;|300|||||||&#8221; header_3_text_color=&#8221;#EA43F7&#8243; header_3_font_size=&#8221;70px&#8221; header_4_font=&#8221;|300|||||||&#8221; header_4_text_color=&#8221;#000000&#8243; header_4_font_size=&#8221;36px&#8221; header_5_font=&#8221;&#8211;et_global_body_font|500|||||||&#8221; header_5_text_color=&#8221;#000000&#8243; header_6_font_size=&#8221;28px&#8221; custom_margin=&#8221;||||false|false&#8221; custom_padding=&#8221;||||false|false&#8221; custom_padding_tablet=&#8221;5vw||||false|false&#8221; custom_padding_phone=&#8221;5vw||||false|false&#8221; custom_padding_last_edited=&#8221;on|desktop&#8221; link_option_url=&#8221;https:\/\/festivalbucles.com\/vl\/agenda\/sera-aquest-lidioma-que-tots-parlen\/&#8221; header_3_font_size_tablet=&#8221;48px&#8221; header_3_font_size_phone=&#8221;48px&#8221; header_3_font_size_last_edited=&#8221;on|phone&#8221; header_4_font_size_tablet=&#8221;72px&#8221; header_4_font_size_phone=&#8221;48px&#8221; header_4_font_size_last_edited=&#8221;on|phone&#8221; locked=&#8221;off&#8221; global_colors_info=&#8221;{}&#8221;]<\/p>\n<h6>EXPERI\u00c8NCIA COREOGR\u00c0FICA<\/h6>\n<h3>La Taronja Esc\u00e8nica<\/h3>\n<h4>CO\u2019DIS<\/h4>\n<p>12.00 h \/ Ram Club, La Rambleta<\/p>\n<p>[\/et_pb_text][\/et_pb_column][et_pb_column type=&#8221;1_2&#8243; _builder_version=&#8221;4.25.0&#8243; _module_preset=&#8221;default&#8221; global_colors_info=&#8221;{}&#8221;][et_pb_text _builder_version=&#8221;4.27.0&#8243; _module_preset=&#8221;default&#8221; text_font=&#8221;|||on|||||&#8221; text_text_color=&#8221;RGBA(255,255,255,0)&#8221; text_font_size=&#8221;24px&#8221; background_image=&#8221;https:\/\/festivalbucles.com\/wp-content\/uploads\/2024\/05\/circuito-bucles-taronja-escenica-2.jpg&#8221; text_orientation=&#8221;center&#8221; custom_padding=&#8221;9vw||9vw||true|false&#8221; custom_padding_tablet=&#8221;20vw||20vw||true|false&#8221; custom_padding_phone=&#8221;20vw||20vw||true|false&#8221; custom_padding_last_edited=&#8221;on|tablet&#8221; link_option_url=&#8221;https:\/\/festivalbucles.com\/vl\/agenda\/sera-aquest-lidioma-que-tots-parlen\/&#8221; text_text_color_tablet=&#8221;RGBA(255,255,255,0)&#8221; text_text_color_phone=&#8221;RGBA(255,255,255,0)&#8221; text_text_color_last_edited=&#8221;on|tablet&#8221; locked=&#8221;off&#8221; global_colors_info=&#8221;{}&#8221; background__hover_enabled=&#8221;on|hover&#8221; background_image__hover=&#8221;&#8221; background_enable_image__hover=&#8221;off&#8221; background_color__hover=&#8221;#000000&#8243; background_enable_color__hover=&#8221;on&#8221; background_blend__hover=&#8221;normal&#8221; text_text_color__hover_enabled=&#8221;on|desktop&#8221; text_text_color__hover=&#8221;#FFFD55&#8243;]<\/p>\n<p>La Taronja Esc\u00e8nica<\/p>\n<p>[\/et_pb_text][\/et_pb_column][\/et_pb_row][et_pb_row column_structure=&#8221;1_2,1_2&#8243; _builder_version=&#8221;4.25.0&#8243; _module_preset=&#8221;default&#8221; width=&#8221;90%&#8221; max_width=&#8221;90%&#8221; global_colors_info=&#8221;{}&#8221;][et_pb_column type=&#8221;1_2&#8243; _builder_version=&#8221;4.25.0&#8243; _module_preset=&#8221;default&#8221; global_colors_info=&#8221;{}&#8221;][et_pb_text _builder_version=&#8221;4.27.0&#8243; _module_preset=&#8221;default&#8221; text_font=&#8221;|600|||||||&#8221; text_text_color=&#8221;#000000&#8243; text_font_size=&#8221;24px&#8221; header_3_font=&#8221;|300|||||||&#8221; header_3_text_color=&#8221;#EA43F7&#8243; header_3_font_size=&#8221;70px&#8221; header_4_font=&#8221;|300|||||||&#8221; header_4_text_color=&#8221;#000000&#8243; header_4_font_size=&#8221;36px&#8221; header_5_font=&#8221;&#8211;et_global_body_font|500|||||||&#8221; header_5_text_color=&#8221;#000000&#8243; header_6_font_size=&#8221;28px&#8221; custom_margin=&#8221;||||false|false&#8221; custom_padding=&#8221;||||false|false&#8221; custom_padding_tablet=&#8221;5vw||||false|false&#8221; custom_padding_phone=&#8221;5vw||||false|false&#8221; custom_padding_last_edited=&#8221;on|desktop&#8221; link_option_url=&#8221;https:\/\/festivalbucles.com\/vl\/agenda\/simultaneitat-i-connexio\/&#8221; header_3_font_size_tablet=&#8221;48px&#8221; header_3_font_size_phone=&#8221;48px&#8221; header_3_font_size_last_edited=&#8221;on|phone&#8221; header_4_font_size_tablet=&#8221;72px&#8221; header_4_font_size_phone=&#8221;48px&#8221; header_4_font_size_last_edited=&#8221;on|phone&#8221; locked=&#8221;off&#8221; global_colors_info=&#8221;{}&#8221;]<\/p>\n<h6>EXPERI\u00c8NCIA COREOGR\u00c0FICA + CONVERSA<\/h6>\n<h3>Elton Medang  Julia Zac<\/h3>\n<h4>DISPOSITIVO PARA SECUENCIAS EDITABLES<\/h4>\n<p> 17.30 h \/ La Cambra, La Rambleta[\/et_pb_text][\/et_pb_column][et_pb_column type=&#8221;1_2&#8243; _builder_version=&#8221;4.25.0&#8243; _module_preset=&#8221;default&#8221; global_colors_info=&#8221;{}&#8221;][et_pb_text _builder_version=&#8221;4.27.0&#8243; _module_preset=&#8221;default&#8221; text_font=&#8221;|||on|||||&#8221; text_text_color=&#8221;RGBA(255,255,255,0)&#8221; text_font_size=&#8221;24px&#8221; background_image=&#8221;https:\/\/festivalbucles.com\/wp-content\/uploads\/2024\/05\/circuito-bucles-elton-luis.jpg&#8221; text_orientation=&#8221;center&#8221; custom_padding=&#8221;9vw||9vw||true|false&#8221; custom_padding_tablet=&#8221;20vw||20vw||true|false&#8221; custom_padding_phone=&#8221;20vw||20vw||true|false&#8221; custom_padding_last_edited=&#8221;on|tablet&#8221; link_option_url=&#8221;https:\/\/festivalbucles.com\/vl\/agenda\/simultaneitat-i-connexio\/&#8221; text_text_color_tablet=&#8221;RGBA(255,255,255,0)&#8221; text_text_color_phone=&#8221;RGBA(255,255,255,0)&#8221; text_text_color_last_edited=&#8221;on|tablet&#8221; locked=&#8221;off&#8221; global_colors_info=&#8221;{}&#8221; background__hover_enabled=&#8221;on|hover&#8221; background_image__hover=&#8221;&#8221; background_enable_image__hover=&#8221;off&#8221; background_color__hover=&#8221;#000000&#8243; background_enable_color__hover=&#8221;on&#8221; background_blend__hover=&#8221;normal&#8221; text_text_color__hover_enabled=&#8221;on|desktop&#8221; text_text_color__hover=&#8221;#FFFD55&#8243;]<\/p>\n<p>Elton Medang + Julia Zac<\/p>\n<p>[\/et_pb_text][\/et_pb_column][\/et_pb_row][et_pb_row column_structure=&#8221;1_2,1_2&#8243; _builder_version=&#8221;4.25.0&#8243; _module_preset=&#8221;default&#8221; width=&#8221;90%&#8221; max_width=&#8221;90%&#8221; global_colors_info=&#8221;{}&#8221;][et_pb_column type=&#8221;1_2&#8243; _builder_version=&#8221;4.25.0&#8243; _module_preset=&#8221;default&#8221; global_colors_info=&#8221;{}&#8221;][et_pb_text _builder_version=&#8221;4.27.0&#8243; _module_preset=&#8221;default&#8221; text_font=&#8221;|600|||||||&#8221; text_text_color=&#8221;#000000&#8243; text_font_size=&#8221;24px&#8221; header_3_font=&#8221;|300|||||||&#8221; header_3_text_color=&#8221;#EA43F7&#8243; header_3_font_size=&#8221;70px&#8221; header_4_font=&#8221;|300|||||||&#8221; header_4_text_color=&#8221;#000000&#8243; header_4_font_size=&#8221;36px&#8221; header_5_font=&#8221;&#8211;et_global_body_font|500|||||||&#8221; header_5_text_color=&#8221;#000000&#8243; header_6_font_size=&#8221;28px&#8221; custom_margin=&#8221;||||false|false&#8221; custom_padding=&#8221;||||false|false&#8221; custom_padding_tablet=&#8221;5vw||||false|false&#8221; custom_padding_phone=&#8221;5vw||||false|false&#8221; custom_padding_last_edited=&#8221;on|desktop&#8221; link_option_url=&#8221;https:\/\/festivalbucles.com\/vl\/agenda\/ballar-linvisible\/&#8221; header_3_font_size_tablet=&#8221;48px&#8221; header_3_font_size_phone=&#8221;48px&#8221; header_3_font_size_last_edited=&#8221;on|phone&#8221; header_4_font_size_tablet=&#8221;72px&#8221; header_4_font_size_phone=&#8221;48px&#8221; header_4_font_size_last_edited=&#8221;on|phone&#8221; locked=&#8221;off&#8221; global_colors_info=&#8221;{}&#8221;]<\/p>\n<h6>EXPERI\u00c8NCIA COREOGR\u00c0FICA<\/h6>\n<h3>Daniel Abreu<\/h3>\n<h4>INDICO<\/h4>\n<p> 18.30 h \/ Llac de La Rambleta[\/et_pb_text][\/et_pb_column][et_pb_column type=&#8221;1_2&#8243; _builder_version=&#8221;4.25.0&#8243; _module_preset=&#8221;default&#8221; global_colors_info=&#8221;{}&#8221;][et_pb_text _builder_version=&#8221;4.27.0&#8243; _module_preset=&#8221;default&#8221; text_font=&#8221;|||on|||||&#8221; text_text_color=&#8221;RGBA(255,255,255,0)&#8221; text_font_size=&#8221;24px&#8221; background_image=&#8221;https:\/\/festivalbucles.com\/wp-content\/uploads\/2024\/05\/circuito-bucles-daniel-abreu.jpg&#8221; text_orientation=&#8221;center&#8221; custom_padding=&#8221;9vw||9vw||true|false&#8221; custom_padding_tablet=&#8221;20vw||20vw||true|false&#8221; custom_padding_phone=&#8221;20vw||20vw||true|false&#8221; custom_padding_last_edited=&#8221;on|tablet&#8221; link_option_url=&#8221;https:\/\/festivalbucles.com\/vl\/agenda\/ballar-linvisible\/&#8221; text_text_color_tablet=&#8221;RGBA(255,255,255,0)&#8221; text_text_color_phone=&#8221;RGBA(255,255,255,0)&#8221; text_text_color_last_edited=&#8221;on|tablet&#8221; locked=&#8221;off&#8221; global_colors_info=&#8221;{}&#8221; background__hover_enabled=&#8221;on|hover&#8221; background_image__hover=&#8221;&#8221; background_enable_image__hover=&#8221;off&#8221; background_color__hover=&#8221;#000000&#8243; background_enable_color__hover=&#8221;on&#8221; background_blend__hover=&#8221;normal&#8221; text_text_color__hover_enabled=&#8221;on|desktop&#8221; text_text_color__hover=&#8221;#FFFD55&#8243;]<\/p>\n<p>Daniel Abreu<\/p>\n<p>[\/et_pb_text][\/et_pb_column][\/et_pb_row][et_pb_row column_structure=&#8221;1_2,1_2&#8243; _builder_version=&#8221;4.25.0&#8243; _module_preset=&#8221;default&#8221; width=&#8221;90%&#8221; max_width=&#8221;90%&#8221; global_colors_info=&#8221;{}&#8221;][et_pb_column type=&#8221;1_2&#8243; _builder_version=&#8221;4.25.0&#8243; _module_preset=&#8221;default&#8221; global_colors_info=&#8221;{}&#8221;][et_pb_text _builder_version=&#8221;4.27.0&#8243; _module_preset=&#8221;default&#8221; text_font=&#8221;|600|||||||&#8221; text_text_color=&#8221;#000000&#8243; text_font_size=&#8221;24px&#8221; header_3_font=&#8221;|300|||||||&#8221; header_3_text_color=&#8221;#EA43F7&#8243; header_3_font_size=&#8221;70px&#8221; header_4_font=&#8221;|300|||||||&#8221; header_4_text_color=&#8221;#000000&#8243; header_4_font_size=&#8221;36px&#8221; header_5_font=&#8221;&#8211;et_global_body_font|500|||||||&#8221; header_5_text_color=&#8221;#000000&#8243; header_6_font_size=&#8221;28px&#8221; custom_margin=&#8221;||||false|false&#8221; custom_padding=&#8221;||||false|false&#8221; custom_padding_tablet=&#8221;5vw||||false|false&#8221; custom_padding_phone=&#8221;5vw||||false|false&#8221; custom_padding_last_edited=&#8221;on|desktop&#8221; link_option_url=&#8221;https:\/\/festivalbucles.com\/vl\/agenda\/prejudici-en-la-creacio\/&#8221; header_3_font_size_tablet=&#8221;48px&#8221; header_3_font_size_phone=&#8221;48px&#8221; header_3_font_size_last_edited=&#8221;on|phone&#8221; header_4_font_size_tablet=&#8221;72px&#8221; header_4_font_size_phone=&#8221;48px&#8221; header_4_font_size_last_edited=&#8221;on|phone&#8221; locked=&#8221;off&#8221; global_colors_info=&#8221;{}&#8221;]<\/p>\n<h6>EXPERI\u00c8NCIA COREOGR\u00c0FICA<\/h6>\n<h3>Paula Serrano<\/h3>\n<h4>TODOS SABEN LO QUE EST\u00c1 PASANDO<\/h4>\n<p> 19.00 h \/ Sala Russafa[\/et_pb_text][\/et_pb_column][et_pb_column type=&#8221;1_2&#8243; _builder_version=&#8221;4.25.0&#8243; _module_preset=&#8221;default&#8221; global_colors_info=&#8221;{}&#8221;][et_pb_text _builder_version=&#8221;4.27.0&#8243; _module_preset=&#8221;default&#8221; text_font=&#8221;|||on|||||&#8221; text_text_color=&#8221;RGBA(255,255,255,0)&#8221; text_font_size=&#8221;24px&#8221; background_image=&#8221;https:\/\/festivalbucles.com\/wp-content\/uploads\/2024\/05\/circuito-bucles-paula-serrano.jpg&#8221; text_orientation=&#8221;center&#8221; custom_padding=&#8221;9vw||9vw||true|false&#8221; custom_padding_tablet=&#8221;20vw||20vw||true|false&#8221; custom_padding_phone=&#8221;20vw||20vw||true|false&#8221; custom_padding_last_edited=&#8221;on|tablet&#8221; link_option_url=&#8221;https:\/\/festivalbucles.com\/vl\/agenda\/prejudici-en-la-creacio\/&#8221; text_text_color_tablet=&#8221;RGBA(255,255,255,0)&#8221; text_text_color_phone=&#8221;RGBA(255,255,255,0)&#8221; text_text_color_last_edited=&#8221;on|tablet&#8221; locked=&#8221;off&#8221; global_colors_info=&#8221;{}&#8221; background__hover_enabled=&#8221;on|hover&#8221; background_image__hover=&#8221;&#8221; background_enable_image__hover=&#8221;off&#8221; background_color__hover=&#8221;#000000&#8243; background_enable_color__hover=&#8221;on&#8221; background_blend__hover=&#8221;normal&#8221; text_text_color__hover_enabled=&#8221;on|desktop&#8221; text_text_color__hover=&#8221;#FFFD55&#8243;]<\/p>\n<p>Paula Serrano<\/p>\n<p>[\/et_pb_text][\/et_pb_column][\/et_pb_row][\/et_pb_section][et_pb_section fb_built=&#8221;1&#8243; _builder_version=&#8221;4.27.0&#8243; _module_preset=&#8221;default&#8221; background_color=&#8221;RGBA(255,255,255,0)&#8221; custom_padding=&#8221;60px||20px||false|false&#8221; border_width_top=&#8221;1px&#8221; border_width_bottom=&#8221;1px&#8221; global_colors_info=&#8221;{}&#8221;][et_pb_row _builder_version=&#8221;4.25.0&#8243; _module_preset=&#8221;default&#8221; width=&#8221;90%&#8221; max_width=&#8221;90%&#8221; max_width_tablet=&#8221;1400px&#8221; max_width_phone=&#8221;1400px&#8221; max_width_last_edited=&#8221;on|phone&#8221; global_colors_info=&#8221;{}&#8221;][et_pb_column type=&#8221;4_4&#8243; _builder_version=&#8221;4.25.0&#8243; _module_preset=&#8221;default&#8221; global_colors_info=&#8221;{}&#8221;][et_pb_text _builder_version=&#8221;4.25.0&#8243; _module_preset=&#8221;default&#8221; header_2_text_color=&#8221;#000000&#8243; header_2_font_size=&#8221;100px&#8221; header_2_font_size_tablet=&#8221;80px&#8221; header_2_font_size_phone=&#8221;60px&#8221; header_2_font_size_last_edited=&#8221;on|phone&#8221; global_colors_info=&#8221;{}&#8221;]<\/p>\n<h2>Dimarts 18 OCTUBRE<\/h2>\n<p>[\/et_pb_text][\/et_pb_column][\/et_pb_row][et_pb_row column_structure=&#8221;1_2,1_2&#8243; _builder_version=&#8221;4.25.0&#8243; _module_preset=&#8221;default&#8221; width=&#8221;90%&#8221; max_width=&#8221;90%&#8221; global_colors_info=&#8221;{}&#8221;][et_pb_column type=&#8221;1_2&#8243; _builder_version=&#8221;4.25.0&#8243; _module_preset=&#8221;default&#8221; global_colors_info=&#8221;{}&#8221;][et_pb_text _builder_version=&#8221;4.27.0&#8243; _module_preset=&#8221;default&#8221; text_font=&#8221;|600|||||||&#8221; text_text_color=&#8221;#000000&#8243; text_font_size=&#8221;24px&#8221; header_3_font=&#8221;|300|||||||&#8221; header_3_text_color=&#8221;#EA43F7&#8243; header_3_font_size=&#8221;70px&#8221; header_4_font=&#8221;|300|||||||&#8221; header_4_text_color=&#8221;#000000&#8243; header_4_font_size=&#8221;36px&#8221; header_5_font=&#8221;&#8211;et_global_body_font|500|||||||&#8221; header_5_text_color=&#8221;#000000&#8243; header_6_font_size=&#8221;28px&#8221; custom_margin=&#8221;||||false|false&#8221; custom_padding=&#8221;||||false|false&#8221; custom_padding_tablet=&#8221;5vw||||false|false&#8221; custom_padding_phone=&#8221;5vw||||false|false&#8221; custom_padding_last_edited=&#8221;on|desktop&#8221; link_option_url=&#8221;https:\/\/festivalbucles.com\/vl\/agenda\/dansa-astrologia-i-misticisme\/&#8221; header_3_font_size_tablet=&#8221;48px&#8221; header_3_font_size_phone=&#8221;48px&#8221; header_3_font_size_last_edited=&#8221;on|phone&#8221; header_4_font_size_tablet=&#8221;72px&#8221; header_4_font_size_phone=&#8221;48px&#8221; header_4_font_size_last_edited=&#8221;on|phone&#8221; locked=&#8221;off&#8221; global_colors_info=&#8221;{}&#8221;]<\/p>\n<h6>TALLER EXPERIMENTAL<\/h6>\n<h3>Sybaila Astrodanza<\/h3>\n<h4>LA DANZA COMO PUERTA AL TRANCE<\/h4>\n<p> 10.00 h \/ Espai LaGranja[\/et_pb_text][\/et_pb_column][et_pb_column type=&#8221;1_2&#8243; _builder_version=&#8221;4.25.0&#8243; _module_preset=&#8221;default&#8221; global_colors_info=&#8221;{}&#8221;][et_pb_text _builder_version=&#8221;4.27.0&#8243; _module_preset=&#8221;default&#8221; text_font=&#8221;|||on|||||&#8221; text_text_color=&#8221;RGBA(255,255,255,0)&#8221; text_font_size=&#8221;24px&#8221; background_image=&#8221;https:\/\/festivalbucles.com\/wp-content\/uploads\/2024\/05\/circuito-bucles-espai-la-granja-18-oct.jpg&#8221; text_orientation=&#8221;center&#8221; custom_padding=&#8221;9vw||9vw||true|false&#8221; custom_padding_tablet=&#8221;20vw||20vw||true|false&#8221; custom_padding_phone=&#8221;20vw||20vw||true|false&#8221; custom_padding_last_edited=&#8221;on|tablet&#8221; link_option_url=&#8221;https:\/\/festivalbucles.com\/vl\/agenda\/dansa-astrologia-i-misticisme\/&#8221; text_text_color_tablet=&#8221;RGBA(255,255,255,0)&#8221; text_text_color_phone=&#8221;RGBA(255,255,255,0)&#8221; text_text_color_last_edited=&#8221;on|tablet&#8221; locked=&#8221;off&#8221; global_colors_info=&#8221;{}&#8221; background__hover_enabled=&#8221;on|hover&#8221; background_image__hover=&#8221;&#8221; background_enable_image__hover=&#8221;off&#8221; background_color__hover=&#8221;#000000&#8243; background_enable_color__hover=&#8221;on&#8221; background_blend__hover=&#8221;normal&#8221; text_text_color__hover_enabled=&#8221;on|desktop&#8221; text_text_color__hover=&#8221;#FFFD55&#8243;]<\/p>\n<p>Sybaila Astrodanza<\/p>\n<p>[\/et_pb_text][\/et_pb_column][\/et_pb_row][\/et_pb_section][et_pb_section fb_built=&#8221;1&#8243; _builder_version=&#8221;4.27.0&#8243; _module_preset=&#8221;default&#8221; background_color=&#8221;RGBA(255,255,255,0)&#8221; custom_padding=&#8221;60px||20px||false|false&#8221; border_width_top=&#8221;1px&#8221; border_width_bottom=&#8221;1px&#8221; global_colors_info=&#8221;{}&#8221;][et_pb_row _builder_version=&#8221;4.25.0&#8243; _module_preset=&#8221;default&#8221; width=&#8221;90%&#8221; max_width=&#8221;90%&#8221; max_width_tablet=&#8221;1400px&#8221; max_width_phone=&#8221;1400px&#8221; max_width_last_edited=&#8221;on|phone&#8221; global_colors_info=&#8221;{}&#8221;][et_pb_column type=&#8221;4_4&#8243; _builder_version=&#8221;4.25.0&#8243; _module_preset=&#8221;default&#8221; global_colors_info=&#8221;{}&#8221;][et_pb_text _builder_version=&#8221;4.25.0&#8243; _module_preset=&#8221;default&#8221; header_2_text_color=&#8221;#000000&#8243; header_2_font_size=&#8221;100px&#8221; header_2_font_size_tablet=&#8221;80px&#8221; header_2_font_size_phone=&#8221;60px&#8221; header_2_font_size_last_edited=&#8221;on|phone&#8221; global_colors_info=&#8221;{}&#8221;]<\/p>\n<h2>Dimecres 19 OCTUBRE<\/h2>\n<p>[\/et_pb_text][\/et_pb_column][\/et_pb_row][et_pb_row column_structure=&#8221;1_2,1_2&#8243; _builder_version=&#8221;4.27.0&#8243; _module_preset=&#8221;default&#8221; width=&#8221;90%&#8221; max_width=&#8221;90%&#8221; global_colors_info=&#8221;{}&#8221;][et_pb_column type=&#8221;1_2&#8243; _builder_version=&#8221;4.25.0&#8243; _module_preset=&#8221;default&#8221; global_colors_info=&#8221;{}&#8221;][et_pb_text _builder_version=&#8221;4.27.0&#8243; _module_preset=&#8221;default&#8221; text_font=&#8221;|600|||||||&#8221; text_text_color=&#8221;#000000&#8243; text_font_size=&#8221;24px&#8221; header_3_font=&#8221;|300|||||||&#8221; header_3_text_color=&#8221;#EA43F7&#8243; header_3_font_size=&#8221;70px&#8221; header_4_font=&#8221;|300|||||||&#8221; header_4_text_color=&#8221;#000000&#8243; header_4_font_size=&#8221;36px&#8221; header_5_font=&#8221;&#8211;et_global_body_font|500|||||||&#8221; header_5_text_color=&#8221;#000000&#8243; header_6_font_size=&#8221;28px&#8221; custom_margin=&#8221;||||false|false&#8221; custom_padding=&#8221;||||false|false&#8221; custom_padding_tablet=&#8221;5vw||||false|false&#8221; custom_padding_phone=&#8221;5vw||||false|false&#8221; custom_padding_last_edited=&#8221;on|desktop&#8221; link_option_url=&#8221;https:\/\/festivalbucles.com\/vl\/agenda\/lexpressio-a-traves-de-la-musica\/&#8221; header_3_font_size_tablet=&#8221;48px&#8221; header_3_font_size_phone=&#8221;48px&#8221; header_3_font_size_last_edited=&#8221;on|phone&#8221; header_4_font_size_tablet=&#8221;72px&#8221; header_4_font_size_phone=&#8221;48px&#8221; header_4_font_size_last_edited=&#8221;on|phone&#8221; locked=&#8221;off&#8221; global_colors_info=&#8221;{}&#8221;]<\/p>\n<h6>CLASE MAGISTRAL<\/h6>\n<h3>Afri K<\/h3>\n<h4>FREESTYLE<\/h4>\n<p> 11.00 h \/ Espai LaGranja[\/et_pb_text][\/et_pb_column][et_pb_column type=&#8221;1_2&#8243; _builder_version=&#8221;4.25.0&#8243; _module_preset=&#8221;default&#8221; global_colors_info=&#8221;{}&#8221;][et_pb_text _builder_version=&#8221;4.27.0&#8243; _module_preset=&#8221;default&#8221; text_font=&#8221;|||on|||||&#8221; text_text_color=&#8221;RGBA(255,255,255,0)&#8221; text_font_size=&#8221;24px&#8221; background_image=&#8221;https:\/\/festivalbucles.com\/wp-content\/uploads\/2024\/05\/circuito-bucles-espai-la-granja-19-oct.jpg&#8221; text_orientation=&#8221;center&#8221; custom_padding=&#8221;9vw||9vw||true|false&#8221; custom_padding_tablet=&#8221;20vw||20vw||true|false&#8221; custom_padding_phone=&#8221;20vw||20vw||true|false&#8221; custom_padding_last_edited=&#8221;on|tablet&#8221; link_option_url=&#8221;https:\/\/festivalbucles.com\/vl\/agenda\/lexpressio-a-traves-de-la-musica\/&#8221; text_text_color_tablet=&#8221;RGBA(255,255,255,0)&#8221; text_text_color_phone=&#8221;RGBA(255,255,255,0)&#8221; text_text_color_last_edited=&#8221;on|tablet&#8221; locked=&#8221;off&#8221; global_colors_info=&#8221;{}&#8221; background__hover_enabled=&#8221;on|hover&#8221; background_image__hover=&#8221;&#8221; background_enable_image__hover=&#8221;off&#8221; background_color__hover=&#8221;#000000&#8243; background_enable_color__hover=&#8221;on&#8221; background_blend__hover=&#8221;normal&#8221; text_text_color__hover_enabled=&#8221;on|desktop&#8221; text_text_color__hover=&#8221;#FFFD55&#8243;]<\/p>\n<p>Afri K<\/p>\n<p>[\/et_pb_text][\/et_pb_column][\/et_pb_row][\/et_pb_section][et_pb_section fb_built=&#8221;1&#8243; _builder_version=&#8221;4.27.0&#8243; _module_preset=&#8221;default&#8221; background_color=&#8221;RGBA(255,255,255,0)&#8221; custom_padding=&#8221;60px||20px||false|false&#8221; border_width_top=&#8221;1px&#8221; border_width_bottom=&#8221;1px&#8221; global_colors_info=&#8221;{}&#8221;][et_pb_row _builder_version=&#8221;4.25.0&#8243; _module_preset=&#8221;default&#8221; width=&#8221;90%&#8221; max_width=&#8221;90%&#8221; max_width_tablet=&#8221;1400px&#8221; max_width_phone=&#8221;1400px&#8221; max_width_last_edited=&#8221;on|phone&#8221; global_colors_info=&#8221;{}&#8221;][et_pb_column type=&#8221;4_4&#8243; _builder_version=&#8221;4.25.0&#8243; _module_preset=&#8221;default&#8221; global_colors_info=&#8221;{}&#8221;][et_pb_text _builder_version=&#8221;4.25.0&#8243; _module_preset=&#8221;default&#8221; header_2_text_color=&#8221;#000000&#8243; header_2_font_size=&#8221;100px&#8221; header_2_font_size_tablet=&#8221;80px&#8221; header_2_font_size_phone=&#8221;60px&#8221; header_2_font_size_last_edited=&#8221;on|phone&#8221; global_colors_info=&#8221;{}&#8221;]<\/p>\n<h2>Dijous 20 OCTUBRE<\/h2>\n<p>[\/et_pb_text][\/et_pb_column][\/et_pb_row][et_pb_row column_structure=&#8221;1_2,1_2&#8243; _builder_version=&#8221;4.25.0&#8243; _module_preset=&#8221;default&#8221; width=&#8221;90%&#8221; max_width=&#8221;90%&#8221; global_colors_info=&#8221;{}&#8221;][et_pb_column type=&#8221;1_2&#8243; _builder_version=&#8221;4.25.0&#8243; _module_preset=&#8221;default&#8221; global_colors_info=&#8221;{}&#8221;][et_pb_text _builder_version=&#8221;4.27.0&#8243; _module_preset=&#8221;default&#8221; text_font=&#8221;|600|||||||&#8221; text_text_color=&#8221;#000000&#8243; text_font_size=&#8221;24px&#8221; header_3_font=&#8221;|300|||||||&#8221; header_3_text_color=&#8221;#EA43F7&#8243; header_3_font_size=&#8221;70px&#8221; header_4_font=&#8221;|300|||||||&#8221; header_4_text_color=&#8221;#000000&#8243; header_4_font_size=&#8221;36px&#8221; header_5_font=&#8221;&#8211;et_global_body_font|500|||||||&#8221; header_5_text_color=&#8221;#000000&#8243; header_6_font_size=&#8221;28px&#8221; custom_margin=&#8221;||||false|false&#8221; custom_padding=&#8221;||||false|false&#8221; custom_padding_tablet=&#8221;5vw||||false|false&#8221; custom_padding_phone=&#8221;5vw||||false|false&#8221; custom_padding_last_edited=&#8221;on|desktop&#8221; link_option_url=&#8221;https:\/\/festivalbucles.com\/vl\/agenda\/la-paraula-laccio-i-lespai\/&#8221; header_3_font_size_tablet=&#8221;48px&#8221; header_3_font_size_phone=&#8221;48px&#8221; header_3_font_size_last_edited=&#8221;on|phone&#8221; header_4_font_size_tablet=&#8221;72px&#8221; header_4_font_size_phone=&#8221;48px&#8221; header_4_font_size_last_edited=&#8221;on|phone&#8221; locked=&#8221;off&#8221; global_colors_info=&#8221;{}&#8221;]<\/p>\n<h6>EXPERI\u00c8NCIA COREOGR\u00c0FICA + CONVERSA<\/h6>\n<h3>Edu Migro &amp; Sebastian Rowinsky<\/h3>\n<h4>PARCE<\/h4>\n<p> 10.30 h \/ Facultat de Ci\u00e8ncies Socials[\/et_pb_text][\/et_pb_column][et_pb_column type=&#8221;1_2&#8243; _builder_version=&#8221;4.25.0&#8243; _module_preset=&#8221;default&#8221; global_colors_info=&#8221;{}&#8221;][et_pb_text _builder_version=&#8221;4.27.0&#8243; _module_preset=&#8221;default&#8221; text_font=&#8221;|||on|||||&#8221; text_text_color=&#8221;RGBA(255,255,255,0)&#8221; text_font_size=&#8221;24px&#8221; background_image=&#8221;https:\/\/festivalbucles.com\/wp-content\/uploads\/2024\/05\/circuito-bucles-parce.jpg&#8221; text_orientation=&#8221;center&#8221; custom_padding=&#8221;9vw||9vw||true|false&#8221; custom_padding_tablet=&#8221;20vw||20vw||true|false&#8221; custom_padding_phone=&#8221;20vw||20vw||true|false&#8221; custom_padding_last_edited=&#8221;on|tablet&#8221; link_option_url=&#8221;https:\/\/festivalbucles.com\/vl\/agenda\/la-paraula-laccio-i-lespai\/&#8221; text_text_color_tablet=&#8221;RGBA(255,255,255,0)&#8221; text_text_color_phone=&#8221;RGBA(255,255,255,0)&#8221; text_text_color_last_edited=&#8221;on|tablet&#8221; locked=&#8221;off&#8221; global_colors_info=&#8221;{}&#8221; background__hover_enabled=&#8221;on|hover&#8221; background_image__hover=&#8221;&#8221; background_enable_image__hover=&#8221;off&#8221; background_color__hover=&#8221;#000000&#8243; background_enable_color__hover=&#8221;on&#8221; background_blend__hover=&#8221;normal&#8221; text_text_color__hover_enabled=&#8221;on|desktop&#8221; text_text_color__hover=&#8221;#FFFD55&#8243;]<\/p>\n<p>Edu Migro &amp; Sebastian Rowinsky<\/p>\n<p>[\/et_pb_text][\/et_pb_column][\/et_pb_row][et_pb_row column_structure=&#8221;1_2,1_2&#8243; _builder_version=&#8221;4.25.0&#8243; _module_preset=&#8221;default&#8221; width=&#8221;90%&#8221; max_width=&#8221;90%&#8221; global_colors_info=&#8221;{}&#8221;][et_pb_column type=&#8221;1_2&#8243; _builder_version=&#8221;4.25.0&#8243; _module_preset=&#8221;default&#8221; global_colors_info=&#8221;{}&#8221;][et_pb_text _builder_version=&#8221;4.27.0&#8243; _module_preset=&#8221;default&#8221; text_font=&#8221;|600|||||||&#8221; text_text_color=&#8221;#000000&#8243; text_font_size=&#8221;24px&#8221; header_3_font=&#8221;|300|||||||&#8221; header_3_text_color=&#8221;#EA43F7&#8243; header_3_font_size=&#8221;70px&#8221; header_4_font=&#8221;|300|||||||&#8221; header_4_text_color=&#8221;#000000&#8243; header_4_font_size=&#8221;36px&#8221; header_5_font=&#8221;&#8211;et_global_body_font|500|||||||&#8221; header_5_text_color=&#8221;#000000&#8243; header_6_font_size=&#8221;28px&#8221; custom_margin=&#8221;||||false|false&#8221; custom_padding=&#8221;||||false|false&#8221; custom_padding_tablet=&#8221;5vw||||false|false&#8221; custom_padding_phone=&#8221;5vw||||false|false&#8221; custom_padding_last_edited=&#8221;on|desktop&#8221; link_option_url=&#8221;https:\/\/festivalbucles.com\/vl\/agenda\/taula-rodona-i-col%c2%b7loqui\/&#8221; header_3_font_size_tablet=&#8221;48px&#8221; header_3_font_size_phone=&#8221;48px&#8221; header_3_font_size_last_edited=&#8221;on|phone&#8221; header_4_font_size_tablet=&#8221;72px&#8221; header_4_font_size_phone=&#8221;48px&#8221; header_4_font_size_last_edited=&#8221;on|phone&#8221; locked=&#8221;off&#8221; global_colors_info=&#8221;{}&#8221;]<\/p>\n<h6>TAULA RODONA I COL\u00b7LOQUI<\/h6>\n<h3>Edu Comelles \/ Oriol Rosell \/ Jessica Mart\u00edn \/ Isabela Alfaro<\/h3>\n<h4>THE BEAT<\/h4>\n<p> 12.30 h \/ Facultad de Psicologia[\/et_pb_text][\/et_pb_column][et_pb_column type=&#8221;1_2&#8243; _builder_version=&#8221;4.25.0&#8243; _module_preset=&#8221;default&#8221; global_colors_info=&#8221;{}&#8221;][et_pb_text _builder_version=&#8221;4.27.0&#8243; _module_preset=&#8221;default&#8221; text_font=&#8221;|||on|||||&#8221; text_text_color=&#8221;RGBA(255,255,255,0)&#8221; text_font_size=&#8221;24px&#8221; background_image=&#8221;https:\/\/festivalbucles.com\/wp-content\/uploads\/2024\/05\/circuito-bucles-volumens.jpg&#8221; text_orientation=&#8221;center&#8221; custom_padding=&#8221;9vw||9vw||true|false&#8221; custom_padding_tablet=&#8221;20vw||20vw||true|false&#8221; custom_padding_phone=&#8221;20vw||20vw||true|false&#8221; custom_padding_last_edited=&#8221;on|tablet&#8221; link_option_url=&#8221;https:\/\/festivalbucles.com\/vl\/agenda\/taula-rodona-i-col%c2%b7loqui\/&#8221; text_text_color_tablet=&#8221;RGBA(255,255,255,0)&#8221; text_text_color_phone=&#8221;RGBA(255,255,255,0)&#8221; text_text_color_last_edited=&#8221;on|tablet&#8221; locked=&#8221;off&#8221; global_colors_info=&#8221;{}&#8221; background__hover_enabled=&#8221;on|hover&#8221; background_image__hover=&#8221;&#8221; background_enable_image__hover=&#8221;off&#8221; background_color__hover=&#8221;#000000&#8243; background_enable_color__hover=&#8221;on&#8221; background_blend__hover=&#8221;normal&#8221; text_text_color__hover_enabled=&#8221;on|desktop&#8221; text_text_color__hover=&#8221;#FFFD55&#8243;]<\/p>\n<p>THE BEAT<\/p>\n<p>[\/et_pb_text][\/et_pb_column][\/et_pb_row][et_pb_row column_structure=&#8221;1_2,1_2&#8243; _builder_version=&#8221;4.25.0&#8243; _module_preset=&#8221;default&#8221; width=&#8221;90%&#8221; max_width=&#8221;90%&#8221; global_colors_info=&#8221;{}&#8221;][et_pb_column type=&#8221;1_2&#8243; _builder_version=&#8221;4.25.0&#8243; _module_preset=&#8221;default&#8221; global_colors_info=&#8221;{}&#8221;][et_pb_text _builder_version=&#8221;4.27.0&#8243; _module_preset=&#8221;default&#8221; text_font=&#8221;|600|||||||&#8221; text_text_color=&#8221;#000000&#8243; text_font_size=&#8221;24px&#8221; header_3_font=&#8221;|300|||||||&#8221; header_3_text_color=&#8221;#EA43F7&#8243; header_3_font_size=&#8221;70px&#8221; header_4_font=&#8221;|300|||||||&#8221; header_4_text_color=&#8221;#000000&#8243; header_4_font_size=&#8221;36px&#8221; header_5_font=&#8221;&#8211;et_global_body_font|500|||||||&#8221; header_5_text_color=&#8221;#000000&#8243; header_6_font_size=&#8221;28px&#8221; custom_margin=&#8221;||||false|false&#8221; custom_padding=&#8221;||||false|false&#8221; custom_padding_tablet=&#8221;5vw||||false|false&#8221; custom_padding_phone=&#8221;5vw||||false|false&#8221; custom_padding_last_edited=&#8221;on|desktop&#8221; link_option_url=&#8221;https:\/\/festivalbucles.com\/vl\/agenda\/lenyoranca-i-soledat\/&#8221; header_3_font_size_tablet=&#8221;48px&#8221; header_3_font_size_phone=&#8221;48px&#8221; header_3_font_size_last_edited=&#8221;on|phone&#8221; header_4_font_size_tablet=&#8221;72px&#8221; header_4_font_size_phone=&#8221;48px&#8221; header_4_font_size_last_edited=&#8221;on|phone&#8221; locked=&#8221;off&#8221; global_colors_info=&#8221;{}&#8221;]<\/p>\n<h6>EXPERI\u00c8NCIA COREOGR\u00c0FICA<\/h6>\n<h3>CIA Jacob G\u00f3mez<\/h3>\n<h4>MEOHADIM<\/h4>\n<p>13.15 h \/ Facultad de Psicologia<\/p>\n<p>[\/et_pb_text][\/et_pb_column][et_pb_column type=&#8221;1_2&#8243; _builder_version=&#8221;4.25.0&#8243; _module_preset=&#8221;default&#8221; global_colors_info=&#8221;{}&#8221;][et_pb_text _builder_version=&#8221;4.27.0&#8243; _module_preset=&#8221;default&#8221; text_font=&#8221;|||on|||||&#8221; text_text_color=&#8221;RGBA(255,255,255,0)&#8221; text_font_size=&#8221;24px&#8221; background_image=&#8221;https:\/\/festivalbucles.com\/wp-content\/uploads\/2024\/05\/circuito-bucles-jacob-gomez-3.jpg&#8221; text_orientation=&#8221;center&#8221; custom_padding=&#8221;9vw||9vw||true|false&#8221; custom_padding_tablet=&#8221;20vw||20vw||true|false&#8221; custom_padding_phone=&#8221;20vw||20vw||true|false&#8221; custom_padding_last_edited=&#8221;on|tablet&#8221; link_option_url=&#8221;https:\/\/festivalbucles.com\/vl\/agenda\/lenyoranca-i-soledat\/&#8221; text_text_color_tablet=&#8221;RGBA(255,255,255,0)&#8221; text_text_color_phone=&#8221;RGBA(255,255,255,0)&#8221; text_text_color_last_edited=&#8221;on|tablet&#8221; locked=&#8221;off&#8221; global_colors_info=&#8221;{}&#8221; background__hover_enabled=&#8221;on|hover&#8221; background_image__hover=&#8221;&#8221; background_enable_image__hover=&#8221;off&#8221; background_color__hover=&#8221;#000000&#8243; background_enable_color__hover=&#8221;on&#8221; background_blend__hover=&#8221;normal&#8221; text_text_color__hover_enabled=&#8221;on|desktop&#8221; text_text_color__hover=&#8221;#FFFD55&#8243;]<\/p>\n<p>Jacob G\u00f3mez<\/p>\n<p>[\/et_pb_text][\/et_pb_column][\/et_pb_row][\/et_pb_section][et_pb_section fb_built=&#8221;1&#8243; _builder_version=&#8221;4.27.0&#8243; _module_preset=&#8221;default&#8221; background_color=&#8221;RGBA(255,255,255,0)&#8221; custom_padding=&#8221;60px||20px||false|false&#8221; border_width_top=&#8221;1px&#8221; border_width_bottom=&#8221;1px&#8221; global_colors_info=&#8221;{}&#8221;][et_pb_row _builder_version=&#8221;4.25.0&#8243; _module_preset=&#8221;default&#8221; width=&#8221;90%&#8221; max_width=&#8221;90%&#8221; max_width_tablet=&#8221;1400px&#8221; max_width_phone=&#8221;1400px&#8221; max_width_last_edited=&#8221;on|phone&#8221; global_colors_info=&#8221;{}&#8221;][et_pb_column type=&#8221;4_4&#8243; _builder_version=&#8221;4.25.0&#8243; _module_preset=&#8221;default&#8221; global_colors_info=&#8221;{}&#8221;][et_pb_text _builder_version=&#8221;4.25.0&#8243; _module_preset=&#8221;default&#8221; header_2_text_color=&#8221;#000000&#8243; header_2_font_size=&#8221;100px&#8221; header_2_font_size_tablet=&#8221;80px&#8221; header_2_font_size_phone=&#8221;60px&#8221; header_2_font_size_last_edited=&#8221;on|phone&#8221; global_colors_info=&#8221;{}&#8221;]<\/p>\n<h2>Divendres 21 OCTUBRE<\/h2>\n<p>[\/et_pb_text][\/et_pb_column][\/et_pb_row][et_pb_row column_structure=&#8221;1_2,1_2&#8243; _builder_version=&#8221;4.25.0&#8243; _module_preset=&#8221;default&#8221; width=&#8221;90%&#8221; max_width=&#8221;90%&#8221; global_colors_info=&#8221;{}&#8221;][et_pb_column type=&#8221;1_2&#8243; _builder_version=&#8221;4.25.0&#8243; _module_preset=&#8221;default&#8221; global_colors_info=&#8221;{}&#8221;][et_pb_text _builder_version=&#8221;4.27.0&#8243; _module_preset=&#8221;default&#8221; text_font=&#8221;|600|||||||&#8221; text_text_color=&#8221;#000000&#8243; text_font_size=&#8221;24px&#8221; header_3_font=&#8221;|300|||||||&#8221; header_3_text_color=&#8221;#EA43F7&#8243; header_3_font_size=&#8221;70px&#8221; header_4_font=&#8221;|300|||||||&#8221; header_4_text_color=&#8221;#000000&#8243; header_4_font_size=&#8221;36px&#8221; header_5_font=&#8221;&#8211;et_global_body_font|500|||||||&#8221; header_5_text_color=&#8221;#000000&#8243; header_6_font_size=&#8221;28px&#8221; custom_margin=&#8221;||||false|false&#8221; custom_padding=&#8221;||||false|false&#8221; custom_padding_tablet=&#8221;5vw||||false|false&#8221; custom_padding_phone=&#8221;5vw||||false|false&#8221; custom_padding_last_edited=&#8221;on|desktop&#8221; link_option_url=&#8221;https:\/\/festivalbucles.com\/vl\/agenda\/practica-de-la-dansa-techno\/&#8221; header_3_font_size_tablet=&#8221;48px&#8221; header_3_font_size_phone=&#8221;48px&#8221; header_3_font_size_last_edited=&#8221;on|phone&#8221; header_4_font_size_tablet=&#8221;72px&#8221; header_4_font_size_phone=&#8221;48px&#8221; header_4_font_size_last_edited=&#8221;on|phone&#8221; locked=&#8221;off&#8221; global_colors_info=&#8221;{}&#8221;]<\/p>\n<h6>CLASE MAGISTRAL<\/h6>\n<h3>Michele Rizzo<\/h3>\n<h4>PR\u00c0CTICA DE LA DANSA TECHNO<\/h4>\n<p> 15.00 h \/ Espai LaGranja[\/et_pb_text][\/et_pb_column][et_pb_column type=&#8221;1_2&#8243; _builder_version=&#8221;4.25.0&#8243; _module_preset=&#8221;default&#8221; global_colors_info=&#8221;{}&#8221;][et_pb_text _builder_version=&#8221;4.27.0&#8243; _module_preset=&#8221;default&#8221; text_font=&#8221;|||on|||||&#8221; text_text_color=&#8221;RGBA(255,255,255,0)&#8221; text_font_size=&#8221;24px&#8221; background_image=&#8221;https:\/\/festivalbucles.com\/wp-content\/uploads\/2024\/05\/circuito-bucles-michelle-rizzo-2.jpg&#8221; text_orientation=&#8221;center&#8221; custom_padding=&#8221;9vw||9vw||true|false&#8221; custom_padding_tablet=&#8221;20vw||20vw||true|false&#8221; custom_padding_phone=&#8221;20vw||20vw||true|false&#8221; custom_padding_last_edited=&#8221;on|tablet&#8221; link_option_url=&#8221;https:\/\/festivalbucles.com\/vl\/agenda\/practica-de-la-dansa-techno\/&#8221; text_text_color_tablet=&#8221;RGBA(255,255,255,0)&#8221; text_text_color_phone=&#8221;RGBA(255,255,255,0)&#8221; text_text_color_last_edited=&#8221;on|tablet&#8221; locked=&#8221;off&#8221; global_colors_info=&#8221;{}&#8221; background__hover_enabled=&#8221;on|hover&#8221; background_image__hover=&#8221;&#8221; background_enable_image__hover=&#8221;off&#8221; background_color__hover=&#8221;#000000&#8243; background_enable_color__hover=&#8221;on&#8221; background_blend__hover=&#8221;normal&#8221; text_text_color__hover_enabled=&#8221;on|desktop&#8221; text_text_color__hover=&#8221;#FFFD55&#8243;]<\/p>\n<p>CLASE MAGISTRAL<\/p>\n<p>[\/et_pb_text][\/et_pb_column][\/et_pb_row][et_pb_row column_structure=&#8221;1_2,1_2&#8243; _builder_version=&#8221;4.25.0&#8243; _module_preset=&#8221;default&#8221; width=&#8221;90%&#8221; max_width=&#8221;90%&#8221; global_colors_info=&#8221;{}&#8221;][et_pb_column type=&#8221;1_2&#8243; _builder_version=&#8221;4.25.0&#8243; _module_preset=&#8221;default&#8221; global_colors_info=&#8221;{}&#8221;][et_pb_text _builder_version=&#8221;4.27.0&#8243; _module_preset=&#8221;default&#8221; text_font=&#8221;|600|||||||&#8221; text_text_color=&#8221;#000000&#8243; text_font_size=&#8221;24px&#8221; header_3_font=&#8221;|300|||||||&#8221; header_3_text_color=&#8221;#EA43F7&#8243; header_3_font_size=&#8221;70px&#8221; header_4_font=&#8221;|300|||||||&#8221; header_4_text_color=&#8221;#000000&#8243; header_4_font_size=&#8221;36px&#8221; header_5_font=&#8221;&#8211;et_global_body_font|500|||||||&#8221; header_5_text_color=&#8221;#000000&#8243; header_6_font_size=&#8221;28px&#8221; custom_margin=&#8221;||||false|false&#8221; custom_padding=&#8221;||||false|false&#8221; custom_padding_tablet=&#8221;5vw||||false|false&#8221; custom_padding_phone=&#8221;5vw||||false|false&#8221; custom_padding_last_edited=&#8221;on|desktop&#8221; header_3_font_size_tablet=&#8221;48px&#8221; header_3_font_size_phone=&#8221;48px&#8221; header_3_font_size_last_edited=&#8221;on|phone&#8221; header_4_font_size_tablet=&#8221;72px&#8221; header_4_font_size_phone=&#8221;48px&#8221; header_4_font_size_last_edited=&#8221;on|phone&#8221; locked=&#8221;off&#8221; global_colors_info=&#8221;{}&#8221;]<\/p>\n<h6>CERTAMEN CIRCUITO BUCLES &amp; CARME\u2019N\u2019DANSA<\/h6>\n<h3>Colectivo Banquet \/ Cristina G\u00f3mez \/ Federica Fasano \/ Jacob G\u00f3mez \/ Juana Varela \/ La Basal \/ Mar Garc\u00eda  Javi Soler \/ Sybaila Astrodanza<\/h3>\n<p> 18.00 h \/ Sala Carme Teatre[\/et_pb_text][\/et_pb_column][et_pb_column type=&#8221;1_2&#8243; _builder_version=&#8221;4.25.0&#8243; _module_preset=&#8221;default&#8221; global_colors_info=&#8221;{}&#8221;][et_pb_text _builder_version=&#8221;4.27.0&#8243; _module_preset=&#8221;default&#8221; text_font=&#8221;|||on|||||&#8221; text_text_color=&#8221;RGBA(255,255,255,0)&#8221; text_font_size=&#8221;24px&#8221; background_image=&#8221;https:\/\/festivalbucles.com\/wp-content\/uploads\/2024\/05\/circuito-bucles-certamen-coreografico-1.jpg&#8221; text_orientation=&#8221;center&#8221; custom_padding=&#8221;9vw||9vw||true|false&#8221; custom_padding_tablet=&#8221;20vw||20vw||true|false&#8221; custom_padding_phone=&#8221;20vw||20vw||true|false&#8221; custom_padding_last_edited=&#8221;on|tablet&#8221; text_text_color_tablet=&#8221;RGBA(255,255,255,0)&#8221; text_text_color_phone=&#8221;RGBA(255,255,255,0)&#8221; text_text_color_last_edited=&#8221;on|tablet&#8221; locked=&#8221;off&#8221; global_colors_info=&#8221;{}&#8221; background__hover_enabled=&#8221;on|hover&#8221; background_image__hover=&#8221;&#8221; background_enable_image__hover=&#8221;off&#8221; background_color__hover=&#8221;#000000&#8243; background_enable_color__hover=&#8221;on&#8221; background_blend__hover=&#8221;normal&#8221; text_text_color__hover_enabled=&#8221;on|desktop&#8221; text_text_color__hover=&#8221;#FFFD55&#8243;]<\/p>\n<p>CERTAMEN CIRCUITO BUCLES &amp; CARME\u2019N\u2019DANSA<\/p>\n<p>[\/et_pb_text][\/et_pb_column][\/et_pb_row][\/et_pb_section][et_pb_section fb_built=&#8221;1&#8243; _builder_version=&#8221;4.27.0&#8243; _module_preset=&#8221;default&#8221; background_color=&#8221;RGBA(255,255,255,0)&#8221; custom_padding=&#8221;60px||20px||false|false&#8221; border_width_top=&#8221;1px&#8221; border_width_bottom=&#8221;1px&#8221; global_colors_info=&#8221;{}&#8221;][et_pb_row _builder_version=&#8221;4.25.0&#8243; _module_preset=&#8221;default&#8221; width=&#8221;90%&#8221; max_width=&#8221;90%&#8221; max_width_tablet=&#8221;1400px&#8221; max_width_phone=&#8221;1400px&#8221; max_width_last_edited=&#8221;on|phone&#8221; global_colors_info=&#8221;{}&#8221;][et_pb_column type=&#8221;4_4&#8243; _builder_version=&#8221;4.25.0&#8243; _module_preset=&#8221;default&#8221; global_colors_info=&#8221;{}&#8221;][et_pb_text _builder_version=&#8221;4.25.0&#8243; _module_preset=&#8221;default&#8221; header_2_text_color=&#8221;#000000&#8243; header_2_font_size=&#8221;100px&#8221; header_2_font_size_tablet=&#8221;80px&#8221; header_2_font_size_phone=&#8221;60px&#8221; header_2_font_size_last_edited=&#8221;on|phone&#8221; global_colors_info=&#8221;{}&#8221;]<\/p>\n<h2>Dissabte 22 OCTUBRE<\/h2>\n<p>[\/et_pb_text][\/et_pb_column][\/et_pb_row][et_pb_row column_structure=&#8221;1_2,1_2&#8243; _builder_version=&#8221;4.25.0&#8243; _module_preset=&#8221;default&#8221; width=&#8221;90%&#8221; max_width=&#8221;90%&#8221; global_colors_info=&#8221;{}&#8221;][et_pb_column type=&#8221;1_2&#8243; _builder_version=&#8221;4.25.0&#8243; _module_preset=&#8221;default&#8221; global_colors_info=&#8221;{}&#8221;][et_pb_text _builder_version=&#8221;4.27.0&#8243; _module_preset=&#8221;default&#8221; text_font=&#8221;|600|||||||&#8221; text_text_color=&#8221;#000000&#8243; text_font_size=&#8221;24px&#8221; header_3_font=&#8221;|300|||||||&#8221; header_3_text_color=&#8221;#EA43F7&#8243; header_3_font_size=&#8221;70px&#8221; header_4_font=&#8221;|300|||||||&#8221; header_4_text_color=&#8221;#000000&#8243; header_4_font_size=&#8221;36px&#8221; header_5_font=&#8221;&#8211;et_global_body_font|500|||||||&#8221; header_5_text_color=&#8221;#000000&#8243; header_6_font_size=&#8221;28px&#8221; custom_margin=&#8221;||||false|false&#8221; custom_padding=&#8221;||||false|false&#8221; custom_padding_tablet=&#8221;5vw||||false|false&#8221; custom_padding_phone=&#8221;5vw||||false|false&#8221; custom_padding_last_edited=&#8221;on|desktop&#8221; link_option_url=&#8221;https:\/\/festivalbucles.com\/vl\/agenda\/trobada-amb-programadors-nacionals\/&#8221; header_3_font_size_tablet=&#8221;48px&#8221; header_3_font_size_phone=&#8221;48px&#8221; header_3_font_size_last_edited=&#8221;on|phone&#8221; header_4_font_size_tablet=&#8221;72px&#8221; header_4_font_size_phone=&#8221;48px&#8221; header_4_font_size_last_edited=&#8221;on|phone&#8221; locked=&#8221;off&#8221; global_colors_info=&#8221;{}&#8221;]<\/p>\n<h6>TROBADA AMB PROGRAMADORS NACIONALS<\/h6>\n<h3>Festival Circuit Bucles &amp; Misi\u00f3n Inversa<\/h3>\n<p> 10.30 h \/ Centre del Carme, Cultura Contempor\u00e0nia[\/et_pb_text][\/et_pb_column][et_pb_column type=&#8221;1_2&#8243; _builder_version=&#8221;4.25.0&#8243; _module_preset=&#8221;default&#8221; global_colors_info=&#8221;{}&#8221;][et_pb_text _builder_version=&#8221;4.27.0&#8243; _module_preset=&#8221;default&#8221; text_font=&#8221;|||on|||||&#8221; text_text_color=&#8221;RGBA(255,255,255,0)&#8221; text_font_size=&#8221;24px&#8221; background_image=&#8221;https:\/\/festivalbucles.com\/wp-content\/uploads\/2024\/05\/circuito-bucles-aved-2.jpg&#8221; background_size=&#8221;initial&#8221; text_orientation=&#8221;center&#8221; custom_padding=&#8221;9vw||9vw||true|false&#8221; custom_padding_tablet=&#8221;20vw||20vw||true|false&#8221; custom_padding_phone=&#8221;20vw||20vw||true|false&#8221; custom_padding_last_edited=&#8221;on|tablet&#8221; link_option_url=&#8221;https:\/\/festivalbucles.com\/vl\/agenda\/trobada-amb-programadors-nacionals\/&#8221; text_text_color_tablet=&#8221;RGBA(255,255,255,0)&#8221; text_text_color_phone=&#8221;RGBA(255,255,255,0)&#8221; text_text_color_last_edited=&#8221;on|tablet&#8221; locked=&#8221;off&#8221; global_colors_info=&#8221;{}&#8221; background__hover_enabled=&#8221;on|hover&#8221; background_image__hover=&#8221;&#8221; background_enable_image__hover=&#8221;off&#8221; background_color__hover=&#8221;#000000&#8243; background_enable_color__hover=&#8221;on&#8221; background_blend__hover=&#8221;normal&#8221; text_text_color__hover_enabled=&#8221;on|desktop&#8221; text_text_color__hover=&#8221;#FFFD55&#8243;]<\/p>\n<p>Festival Circuit Bucles &amp; Misi\u00f3n Inversa<\/p>\n<p>[\/et_pb_text][\/et_pb_column][\/et_pb_row][et_pb_row column_structure=&#8221;1_2,1_2&#8243; _builder_version=&#8221;4.25.0&#8243; _module_preset=&#8221;default&#8221; width=&#8221;90%&#8221; max_width=&#8221;90%&#8221; global_colors_info=&#8221;{}&#8221;][et_pb_column type=&#8221;1_2&#8243; _builder_version=&#8221;4.25.0&#8243; _module_preset=&#8221;default&#8221; global_colors_info=&#8221;{}&#8221;][et_pb_text _builder_version=&#8221;4.27.0&#8243; _module_preset=&#8221;default&#8221; text_font=&#8221;|600|||||||&#8221; text_text_color=&#8221;#000000&#8243; text_font_size=&#8221;24px&#8221; header_3_font=&#8221;|300|||||||&#8221; header_3_text_color=&#8221;#EA43F7&#8243; header_3_font_size=&#8221;70px&#8221; header_4_font=&#8221;|300|||||||&#8221; header_4_text_color=&#8221;#000000&#8243; header_4_font_size=&#8221;36px&#8221; header_5_font=&#8221;&#8211;et_global_body_font|500|||||||&#8221; header_5_text_color=&#8221;#000000&#8243; header_6_font_size=&#8221;28px&#8221; custom_margin=&#8221;||||false|false&#8221; custom_padding=&#8221;||||false|false&#8221; custom_padding_tablet=&#8221;5vw||||false|false&#8221; custom_padding_phone=&#8221;5vw||||false|false&#8221; custom_padding_last_edited=&#8221;on|desktop&#8221; link_option_url=&#8221;https:\/\/festivalbucles.com\/vl\/agenda\/dansant-des-de-larrel\/&#8221; header_3_font_size_tablet=&#8221;48px&#8221; header_3_font_size_phone=&#8221;48px&#8221; header_3_font_size_last_edited=&#8221;on|phone&#8221; header_4_font_size_tablet=&#8221;72px&#8221; header_4_font_size_phone=&#8221;48px&#8221; header_4_font_size_last_edited=&#8221;on|phone&#8221; locked=&#8221;off&#8221; global_colors_info=&#8221;{}&#8221;]<\/p>\n<h6>EXPERI\u00c8NCIA COREOGR\u00c0FICA<\/h6>\n<h3>Juan Carlos Avecilla<\/h3>\n<h4>DU@L<\/h4>\n<p> 13.45 h \/ Plaza del Carmen[\/et_pb_text][\/et_pb_column][et_pb_column type=&#8221;1_2&#8243; _builder_version=&#8221;4.25.0&#8243; _module_preset=&#8221;default&#8221; global_colors_info=&#8221;{}&#8221;][et_pb_text _builder_version=&#8221;4.27.0&#8243; _module_preset=&#8221;default&#8221; text_font=&#8221;|||on|||||&#8221; text_text_color=&#8221;RGBA(255,255,255,0)&#8221; text_font_size=&#8221;24px&#8221; background_image=&#8221;https:\/\/festivalbucles.com\/wp-content\/uploads\/2024\/05\/circuito-bucles-juan-carlos-avecilla.jpg&#8221; text_orientation=&#8221;center&#8221; custom_padding=&#8221;9vw||9vw||true|false&#8221; custom_padding_tablet=&#8221;20vw||20vw||true|false&#8221; custom_padding_phone=&#8221;20vw||20vw||true|false&#8221; custom_padding_last_edited=&#8221;on|tablet&#8221; link_option_url=&#8221;https:\/\/festivalbucles.com\/vl\/agenda\/dansant-des-de-larrel\/&#8221; text_text_color_tablet=&#8221;RGBA(255,255,255,0)&#8221; text_text_color_phone=&#8221;RGBA(255,255,255,0)&#8221; text_text_color_last_edited=&#8221;on|tablet&#8221; locked=&#8221;off&#8221; global_colors_info=&#8221;{}&#8221; background__hover_enabled=&#8221;on|hover&#8221; background_image__hover=&#8221;&#8221; background_enable_image__hover=&#8221;off&#8221; background_color__hover=&#8221;#000000&#8243; background_enable_color__hover=&#8221;on&#8221; background_blend__hover=&#8221;normal&#8221; text_text_color__hover_enabled=&#8221;on|desktop&#8221; text_text_color__hover=&#8221;#FFFD55&#8243;]<\/p>\n<p>Juan Carlos Avecilla<\/p>\n<p>[\/et_pb_text][\/et_pb_column][\/et_pb_row][et_pb_row column_structure=&#8221;1_2,1_2&#8243; _builder_version=&#8221;4.25.0&#8243; _module_preset=&#8221;default&#8221; width=&#8221;90%&#8221; max_width=&#8221;90%&#8221; global_colors_info=&#8221;{}&#8221;][et_pb_column type=&#8221;1_2&#8243; _builder_version=&#8221;4.25.0&#8243; _module_preset=&#8221;default&#8221; global_colors_info=&#8221;{}&#8221;][et_pb_text _builder_version=&#8221;4.27.0&#8243; _module_preset=&#8221;default&#8221; text_font=&#8221;|600|||||||&#8221; text_text_color=&#8221;#000000&#8243; text_font_size=&#8221;24px&#8221; header_3_font=&#8221;|300|||||||&#8221; header_3_text_color=&#8221;#EA43F7&#8243; header_3_font_size=&#8221;70px&#8221; header_4_font=&#8221;|300|||||||&#8221; header_4_text_color=&#8221;#000000&#8243; header_4_font_size=&#8221;36px&#8221; header_5_font=&#8221;&#8211;et_global_body_font|500|||||||&#8221; header_5_text_color=&#8221;#000000&#8243; header_6_font_size=&#8221;28px&#8221; custom_margin=&#8221;||||false|false&#8221; custom_padding=&#8221;||||false|false&#8221; custom_padding_tablet=&#8221;5vw||||false|false&#8221; custom_padding_phone=&#8221;5vw||||false|false&#8221; custom_padding_last_edited=&#8221;on|desktop&#8221; link_option_url=&#8221;https:\/\/festivalbucles.com\/vl\/agenda\/la-dansa-de-lanima\/&#8221; header_3_font_size_tablet=&#8221;48px&#8221; header_3_font_size_phone=&#8221;48px&#8221; header_3_font_size_last_edited=&#8221;on|phone&#8221; header_4_font_size_tablet=&#8221;72px&#8221; header_4_font_size_phone=&#8221;48px&#8221; header_4_font_size_last_edited=&#8221;on|phone&#8221; locked=&#8221;off&#8221; global_colors_info=&#8221;{}&#8221;]<\/p>\n<h6>EXPERI\u00c8NCIA PARTICIPATIVA AMB LA DANSA BUTOH<\/h6>\n<h3>Elvi Minato<\/h3>\n<h4>TRAVELING<\/h4>\n<p> 17.00 h \/ Centre del Carme, Cultura Contempor\u00e0nia[\/et_pb_text][\/et_pb_column][et_pb_column type=&#8221;1_2&#8243; _builder_version=&#8221;4.25.0&#8243; _module_preset=&#8221;default&#8221; global_colors_info=&#8221;{}&#8221;][et_pb_text _builder_version=&#8221;4.27.0&#8243; _module_preset=&#8221;default&#8221; text_font=&#8221;|||on|||||&#8221; text_text_color=&#8221;RGBA(255,255,255,0)&#8221; text_font_size=&#8221;24px&#8221; background_image=&#8221;https:\/\/festivalbucles.com\/wp-content\/uploads\/2024\/05\/circuito-bucles-elvi-minato.jpg&#8221; text_orientation=&#8221;center&#8221; custom_padding=&#8221;9vw||9vw||true|false&#8221; custom_padding_tablet=&#8221;20vw||20vw||true|false&#8221; custom_padding_phone=&#8221;20vw||20vw||true|false&#8221; custom_padding_last_edited=&#8221;on|tablet&#8221; link_option_url=&#8221;https:\/\/festivalbucles.com\/vl\/agenda\/la-dansa-de-lanima\/&#8221; text_text_color_tablet=&#8221;RGBA(255,255,255,0)&#8221; text_text_color_phone=&#8221;RGBA(255,255,255,0)&#8221; text_text_color_last_edited=&#8221;on|tablet&#8221; locked=&#8221;off&#8221; global_colors_info=&#8221;{}&#8221; background__hover_enabled=&#8221;on|hover&#8221; background_image__hover=&#8221;&#8221; background_enable_image__hover=&#8221;off&#8221; background_color__hover=&#8221;#000000&#8243; background_enable_color__hover=&#8221;on&#8221; background_blend__hover=&#8221;normal&#8221; text_text_color__hover_enabled=&#8221;on|desktop&#8221; text_text_color__hover=&#8221;#FFFD55&#8243;]<\/p>\n<p>Elvi Minato<\/p>\n<p>[\/et_pb_text][\/et_pb_column][\/et_pb_row][et_pb_row column_structure=&#8221;1_2,1_2&#8243; _builder_version=&#8221;4.25.0&#8243; _module_preset=&#8221;default&#8221; width=&#8221;90%&#8221; max_width=&#8221;90%&#8221; global_colors_info=&#8221;{}&#8221;][et_pb_column type=&#8221;1_2&#8243; _builder_version=&#8221;4.25.0&#8243; _module_preset=&#8221;default&#8221; global_colors_info=&#8221;{}&#8221;][et_pb_text _builder_version=&#8221;4.27.0&#8243; _module_preset=&#8221;default&#8221; text_font=&#8221;|600|||||||&#8221; text_text_color=&#8221;#000000&#8243; text_font_size=&#8221;24px&#8221; header_3_font=&#8221;|300|||||||&#8221; header_3_text_color=&#8221;#EA43F7&#8243; header_3_font_size=&#8221;70px&#8221; header_4_font=&#8221;|300|||||||&#8221; header_4_text_color=&#8221;#000000&#8243; header_4_font_size=&#8221;36px&#8221; header_5_font=&#8221;&#8211;et_global_body_font|500|||||||&#8221; header_5_text_color=&#8221;#000000&#8243; header_6_font_size=&#8221;28px&#8221; custom_margin=&#8221;||||false|false&#8221; custom_padding=&#8221;||||false|false&#8221; custom_padding_tablet=&#8221;5vw||||false|false&#8221; custom_padding_phone=&#8221;5vw||||false|false&#8221; custom_padding_last_edited=&#8221;on|desktop&#8221; link_option_url=&#8221;https:\/\/festivalbucles.com\/vl\/agenda\/la-catarsi-de-la-musica-techno\/&#8221; header_3_font_size_tablet=&#8221;48px&#8221; header_3_font_size_phone=&#8221;48px&#8221; header_3_font_size_last_edited=&#8221;on|phone&#8221; header_4_font_size_tablet=&#8221;72px&#8221; header_4_font_size_phone=&#8221;48px&#8221; header_4_font_size_last_edited=&#8221;on|phone&#8221; locked=&#8221;off&#8221; global_colors_info=&#8221;{}&#8221;]<\/p>\n<h6>EXPERI\u00c8NCIA COREOGR\u00c0FICA<\/h6>\n<h3>Michele Rizzo<\/h3>\n<h4>HIGHER XTN<\/h4>\n<p> 18.00 h \/ Centre del Carme, Cultura Contempor\u00e0nia[\/et_pb_text][\/et_pb_column][et_pb_column type=&#8221;1_2&#8243; _builder_version=&#8221;4.25.0&#8243; _module_preset=&#8221;default&#8221; global_colors_info=&#8221;{}&#8221;][et_pb_text _builder_version=&#8221;4.27.0&#8243; _module_preset=&#8221;default&#8221; text_font=&#8221;|||on|||||&#8221; text_text_color=&#8221;RGBA(255,255,255,0)&#8221; text_font_size=&#8221;24px&#8221; background_image=&#8221;https:\/\/festivalbucles.com\/wp-content\/uploads\/2024\/05\/circuito-bucles-michelle-rizzo-1.jpg&#8221; text_orientation=&#8221;center&#8221; custom_padding=&#8221;9vw||9vw||true|false&#8221; custom_padding_tablet=&#8221;20vw||20vw||true|false&#8221; custom_padding_phone=&#8221;20vw||20vw||true|false&#8221; custom_padding_last_edited=&#8221;on|phone&#8221; link_option_url=&#8221;https:\/\/festivalbucles.com\/vl\/agenda\/la-catarsi-de-la-musica-techno\/&#8221; text_text_color_tablet=&#8221;RGBA(255,255,255,0)&#8221; text_text_color_phone=&#8221;RGBA(255,255,255,0)&#8221; text_text_color_last_edited=&#8221;on|tablet&#8221; locked=&#8221;off&#8221; global_colors_info=&#8221;{}&#8221; background__hover_enabled=&#8221;on|hover&#8221; background_image__hover=&#8221;&#8221; background_enable_image__hover=&#8221;off&#8221; background_color__hover=&#8221;#000000&#8243; background_enable_color__hover=&#8221;on&#8221; background_blend__hover=&#8221;normal&#8221; text_text_color__hover_enabled=&#8221;on|desktop&#8221; text_text_color__hover=&#8221;#FFFD55&#8243;]<\/p>\n<p>Michele Rizzo<\/p>\n<p>[\/et_pb_text][\/et_pb_column][\/et_pb_row][et_pb_row column_structure=&#8221;1_2,1_2&#8243; _builder_version=&#8221;4.25.0&#8243; _module_preset=&#8221;default&#8221; width=&#8221;90%&#8221; max_width=&#8221;90%&#8221; global_colors_info=&#8221;{}&#8221;][et_pb_column type=&#8221;1_2&#8243; _builder_version=&#8221;4.25.0&#8243; _module_preset=&#8221;default&#8221; global_colors_info=&#8221;{}&#8221;][et_pb_text _builder_version=&#8221;4.27.0&#8243; _module_preset=&#8221;default&#8221; text_font=&#8221;|600|||||||&#8221; text_text_color=&#8221;#000000&#8243; text_font_size=&#8221;24px&#8221; header_3_font=&#8221;|300|||||||&#8221; header_3_text_color=&#8221;#EA43F7&#8243; header_3_font_size=&#8221;70px&#8221; header_4_font=&#8221;|300|||||||&#8221; header_4_text_color=&#8221;#000000&#8243; header_4_font_size=&#8221;36px&#8221; header_5_font=&#8221;&#8211;et_global_body_font|500|||||||&#8221; header_5_text_color=&#8221;#000000&#8243; header_6_font_size=&#8221;28px&#8221; custom_margin=&#8221;||||false|false&#8221; custom_padding=&#8221;||||false|false&#8221; custom_padding_tablet=&#8221;5vw||||false|false&#8221; custom_padding_phone=&#8221;5vw||||false|false&#8221; custom_padding_last_edited=&#8221;on|desktop&#8221; link_option_url=&#8221;https:\/\/festivalbucles.com\/vl\/agenda\/sonoritat-i-harmonia\/&#8221; header_3_font_size_tablet=&#8221;48px&#8221; header_3_font_size_phone=&#8221;48px&#8221; header_3_font_size_last_edited=&#8221;on|phone&#8221; header_4_font_size_tablet=&#8221;72px&#8221; header_4_font_size_phone=&#8221;48px&#8221; header_4_font_size_last_edited=&#8221;on|phone&#8221; locked=&#8221;off&#8221; global_colors_info=&#8221;{}&#8221;]<\/p>\n<h6>CONCERT<\/h6>\n<h3>Sunugal Family<\/h3>\n<p> 20.00 h \/ Centre del Carme, Cultura Contempor\u00e0nia[\/et_pb_text][\/et_pb_column][et_pb_column type=&#8221;1_2&#8243; _builder_version=&#8221;4.25.0&#8243; _module_preset=&#8221;default&#8221; global_colors_info=&#8221;{}&#8221;][et_pb_text _builder_version=&#8221;4.27.0&#8243; _module_preset=&#8221;default&#8221; text_font=&#8221;|||on|||||&#8221; text_text_color=&#8221;RGBA(255,255,255,0)&#8221; text_font_size=&#8221;24px&#8221; background_image=&#8221;https:\/\/festivalbucles.com\/wp-content\/uploads\/2024\/05\/circuito-bucles-sunugal-family-1.jpg&#8221; text_orientation=&#8221;center&#8221; custom_padding=&#8221;9vw||9vw||true|false&#8221; custom_padding_tablet=&#8221;20vw||20vw||true|false&#8221; custom_padding_phone=&#8221;20vw||20vw||true|false&#8221; custom_padding_last_edited=&#8221;on|tablet&#8221; link_option_url=&#8221;https:\/\/festivalbucles.com\/vl\/agenda\/sonoritat-i-harmonia\/&#8221; text_text_color_tablet=&#8221;RGBA(255,255,255,0)&#8221; text_text_color_phone=&#8221;RGBA(255,255,255,0)&#8221; text_text_color_last_edited=&#8221;on|tablet&#8221; locked=&#8221;off&#8221; global_colors_info=&#8221;{}&#8221; background__hover_enabled=&#8221;on|hover&#8221; background_image__hover=&#8221;&#8221; background_enable_image__hover=&#8221;off&#8221; background_color__hover=&#8221;#000000&#8243; background_enable_color__hover=&#8221;on&#8221; background_blend__hover=&#8221;normal&#8221; text_text_color__hover_enabled=&#8221;on|desktop&#8221; text_text_color__hover=&#8221;#FFFD55&#8243;]<\/p>\n<p>Sunugal Family<\/p>\n<p>[\/et_pb_text][\/et_pb_column][\/et_pb_row][\/et_pb_section][et_pb_section fb_built=&#8221;1&#8243; _builder_version=&#8221;4.27.0&#8243; _module_preset=&#8221;default&#8221; background_color=&#8221;RGBA(255,255,255,0)&#8221; custom_padding=&#8221;60px||20px||false|false&#8221; border_width_top=&#8221;1px&#8221; border_width_bottom=&#8221;1px&#8221; global_colors_info=&#8221;{}&#8221;][et_pb_row _builder_version=&#8221;4.25.0&#8243; _module_preset=&#8221;default&#8221; width=&#8221;90%&#8221; max_width=&#8221;90%&#8221; max_width_tablet=&#8221;1400px&#8221; max_width_phone=&#8221;1400px&#8221; max_width_last_edited=&#8221;on|phone&#8221; global_colors_info=&#8221;{}&#8221;][et_pb_column type=&#8221;4_4&#8243; _builder_version=&#8221;4.25.0&#8243; _module_preset=&#8221;default&#8221; global_colors_info=&#8221;{}&#8221;][et_pb_text _builder_version=&#8221;4.25.0&#8243; _module_preset=&#8221;default&#8221; header_2_text_color=&#8221;#000000&#8243; header_2_font_size=&#8221;100px&#8221; header_2_font_size_tablet=&#8221;80px&#8221; header_2_font_size_phone=&#8221;60px&#8221; header_2_font_size_last_edited=&#8221;on|phone&#8221; global_colors_info=&#8221;{}&#8221;]<\/p>\n<h2>Diumenge 23 OCTUBRE<\/h2>\n<p>[\/et_pb_text][\/et_pb_column][\/et_pb_row][et_pb_row column_structure=&#8221;1_2,1_2&#8243; _builder_version=&#8221;4.25.0&#8243; _module_preset=&#8221;default&#8221; width=&#8221;90%&#8221; max_width=&#8221;90%&#8221; global_colors_info=&#8221;{}&#8221;][et_pb_column type=&#8221;1_2&#8243; _builder_version=&#8221;4.25.0&#8243; _module_preset=&#8221;default&#8221; global_colors_info=&#8221;{}&#8221;][et_pb_text _builder_version=&#8221;4.27.0&#8243; _module_preset=&#8221;default&#8221; text_font=&#8221;|600|||||||&#8221; text_text_color=&#8221;#000000&#8243; text_font_size=&#8221;24px&#8221; header_3_font=&#8221;|300|||||||&#8221; header_3_text_color=&#8221;#EA43F7&#8243; header_3_font_size=&#8221;70px&#8221; header_4_font=&#8221;|300|||||||&#8221; header_4_text_color=&#8221;#000000&#8243; header_4_font_size=&#8221;36px&#8221; header_5_font=&#8221;&#8211;et_global_body_font|500|||||||&#8221; header_5_text_color=&#8221;#000000&#8243; header_6_font_size=&#8221;28px&#8221; custom_margin=&#8221;||||false|false&#8221; custom_padding=&#8221;||||false|false&#8221; custom_padding_tablet=&#8221;5vw||||false|false&#8221; custom_padding_phone=&#8221;5vw||||false|false&#8221; custom_padding_last_edited=&#8221;on|desktop&#8221; link_option_url=&#8221;https:\/\/festivalbucles.com\/vl\/agenda\/psicoacustica-i-moviment\/&#8221; header_3_font_size_tablet=&#8221;48px&#8221; header_3_font_size_phone=&#8221;48px&#8221; header_3_font_size_last_edited=&#8221;on|phone&#8221; header_4_font_size_tablet=&#8221;72px&#8221; header_4_font_size_phone=&#8221;48px&#8221; header_4_font_size_last_edited=&#8221;on|phone&#8221; locked=&#8221;off&#8221; global_colors_info=&#8221;{}&#8221;]<\/p>\n<h6>PERFORMANCE SONORA<\/h6>\n<h3>Jordi Wheeler<\/h3>\n<h4>CUERPOS FLOTANTES<\/h4>\n<p> 12.00 h \/ Centre del Carme, Cultura Contempor\u00e0nia[\/et_pb_text][\/et_pb_column][et_pb_column type=&#8221;1_2&#8243; _builder_version=&#8221;4.25.0&#8243; _module_preset=&#8221;default&#8221; global_colors_info=&#8221;{}&#8221;][et_pb_text _builder_version=&#8221;4.27.0&#8243; _module_preset=&#8221;default&#8221; text_font=&#8221;|||on|||||&#8221; text_text_color=&#8221;RGBA(255,255,255,0)&#8221; text_font_size=&#8221;24px&#8221; background_image=&#8221;https:\/\/festivalbucles.com\/wp-content\/uploads\/2024\/05\/circuito-bucles-jordi-wheeler-1.jpg&#8221; text_orientation=&#8221;center&#8221; custom_padding=&#8221;9vw||9vw||true|false&#8221; custom_padding_tablet=&#8221;20vw||20vw||true|false&#8221; custom_padding_phone=&#8221;20vw||20vw||true|false&#8221; custom_padding_last_edited=&#8221;on|tablet&#8221; link_option_url=&#8221;https:\/\/festivalbucles.com\/vl\/agenda\/psicoacustica-i-moviment\/&#8221; text_text_color_tablet=&#8221;RGBA(255,255,255,0)&#8221; text_text_color_phone=&#8221;RGBA(255,255,255,0)&#8221; text_text_color_last_edited=&#8221;on|tablet&#8221; locked=&#8221;off&#8221; global_colors_info=&#8221;{}&#8221; background__hover_enabled=&#8221;on|hover&#8221; background_image__hover=&#8221;&#8221; background_enable_image__hover=&#8221;off&#8221; background_color__hover=&#8221;#000000&#8243; background_enable_color__hover=&#8221;on&#8221; background_blend__hover=&#8221;normal&#8221; text_text_color__hover_enabled=&#8221;on|desktop&#8221; text_text_color__hover=&#8221;#FFFD55&#8243;]<\/p>\n<p>Jordi Wheeler<\/p>\n<p>[\/et_pb_text][\/et_pb_column][\/et_pb_row][et_pb_row column_structure=&#8221;1_2,1_2&#8243; _builder_version=&#8221;4.25.0&#8243; _module_preset=&#8221;default&#8221; width=&#8221;90%&#8221; max_width=&#8221;90%&#8221; global_colors_info=&#8221;{}&#8221;][et_pb_column type=&#8221;1_2&#8243; _builder_version=&#8221;4.25.0&#8243; _module_preset=&#8221;default&#8221; global_colors_info=&#8221;{}&#8221;][et_pb_text _builder_version=&#8221;4.27.0&#8243; _module_preset=&#8221;default&#8221; text_font=&#8221;|600|||||||&#8221; text_text_color=&#8221;#000000&#8243; text_font_size=&#8221;24px&#8221; header_3_font=&#8221;|300|||||||&#8221; header_3_text_color=&#8221;#EA43F7&#8243; header_3_font_size=&#8221;70px&#8221; header_4_font=&#8221;|300|||||||&#8221; header_4_text_color=&#8221;#000000&#8243; header_4_font_size=&#8221;36px&#8221; header_5_font=&#8221;&#8211;et_global_body_font|500|||||||&#8221; header_5_text_color=&#8221;#000000&#8243; header_6_font_size=&#8221;28px&#8221; custom_margin=&#8221;||||false|false&#8221; custom_padding=&#8221;||||false|false&#8221; custom_padding_tablet=&#8221;5vw||||false|false&#8221; custom_padding_phone=&#8221;5vw||||false|false&#8221; custom_padding_last_edited=&#8221;on|desktop&#8221; link_option_url=&#8221;https:\/\/festivalbucles.com\/vl\/agenda\/abracada-tendresa-i-desig\/&#8221; header_3_font_size_tablet=&#8221;48px&#8221; header_3_font_size_phone=&#8221;48px&#8221; header_3_font_size_last_edited=&#8221;on|phone&#8221; header_4_font_size_tablet=&#8221;72px&#8221; header_4_font_size_phone=&#8221;48px&#8221; header_4_font_size_last_edited=&#8221;on|phone&#8221; locked=&#8221;off&#8221; global_colors_info=&#8221;{}&#8221;]<\/p>\n<h6>DANSA PERFORMANCE<\/h6>\n<h3>Cristina G\u00f3mez<\/h3>\n<h4>DE HUESO Y PIEL<\/h4>\n<p>13.00 h \/ Centre del Carme, Cultura Contempor\u00e0nia<\/p>\n<p>[\/et_pb_text][\/et_pb_column][et_pb_column type=&#8221;1_2&#8243; _builder_version=&#8221;4.25.0&#8243; _module_preset=&#8221;default&#8221; global_colors_info=&#8221;{}&#8221;][et_pb_text _builder_version=&#8221;4.27.0&#8243; _module_preset=&#8221;default&#8221; text_font=&#8221;|||on|||||&#8221; text_text_color=&#8221;RGBA(255,255,255,0)&#8221; text_font_size=&#8221;24px&#8221; background_image=&#8221;https:\/\/festivalbucles.com\/wp-content\/uploads\/2024\/05\/circuito-bucles-enambardanza-1.jpg&#8221; text_orientation=&#8221;center&#8221; custom_padding=&#8221;9vw||9vw||true|false&#8221; custom_padding_tablet=&#8221;20vw||20vw||true|false&#8221; custom_padding_phone=&#8221;20vw||20vw||true|false&#8221; custom_padding_last_edited=&#8221;on|tablet&#8221; link_option_url=&#8221;https:\/\/festivalbucles.com\/vl\/agenda\/abracada-tendresa-i-desig\/&#8221; text_text_color_tablet=&#8221;RGBA(255,255,255,0)&#8221; text_text_color_phone=&#8221;RGBA(255,255,255,0)&#8221; text_text_color_last_edited=&#8221;on|tablet&#8221; locked=&#8221;off&#8221; global_colors_info=&#8221;{}&#8221; background__hover_enabled=&#8221;on|hover&#8221; background_image__hover=&#8221;&#8221; background_enable_image__hover=&#8221;off&#8221; background_color__hover=&#8221;#000000&#8243; background_enable_color__hover=&#8221;on&#8221; background_blend__hover=&#8221;normal&#8221; text_text_color__hover_enabled=&#8221;on|desktop&#8221; text_text_color__hover=&#8221;#FFFD55&#8243;]<\/p>\n<p>Cristina G\u00f3mez<\/p>\n<p>[\/et_pb_text][\/et_pb_column][\/et_pb_row][et_pb_row column_structure=&#8221;1_2,1_2&#8243; _builder_version=&#8221;4.25.0&#8243; _module_preset=&#8221;default&#8221; width=&#8221;90%&#8221; max_width=&#8221;90%&#8221; global_colors_info=&#8221;{}&#8221;][et_pb_column type=&#8221;1_2&#8243; _builder_version=&#8221;4.25.0&#8243; _module_preset=&#8221;default&#8221; global_colors_info=&#8221;{}&#8221;][et_pb_text _builder_version=&#8221;4.27.0&#8243; _module_preset=&#8221;default&#8221; text_font=&#8221;|600|||||||&#8221; text_text_color=&#8221;#000000&#8243; text_font_size=&#8221;24px&#8221; header_3_font=&#8221;|300|||||||&#8221; header_3_text_color=&#8221;#EA43F7&#8243; header_3_font_size=&#8221;70px&#8221; header_4_font=&#8221;|300|||||||&#8221; header_4_text_color=&#8221;#000000&#8243; header_4_font_size=&#8221;36px&#8221; header_5_font=&#8221;&#8211;et_global_body_font|500|||||||&#8221; header_5_text_color=&#8221;#000000&#8243; header_6_font_size=&#8221;28px&#8221; custom_margin=&#8221;||||false|false&#8221; custom_padding=&#8221;||||false|false&#8221; custom_padding_tablet=&#8221;5vw||||false|false&#8221; custom_padding_phone=&#8221;5vw||||false|false&#8221; custom_padding_last_edited=&#8221;on|desktop&#8221; link_option_url=&#8221;https:\/\/festivalbucles.com\/vl\/agenda\/la-llibertat-deleccio\/&#8221; header_3_font_size_tablet=&#8221;48px&#8221; header_3_font_size_phone=&#8221;48px&#8221; header_3_font_size_last_edited=&#8221;on|phone&#8221; header_4_font_size_tablet=&#8221;72px&#8221; header_4_font_size_phone=&#8221;48px&#8221; header_4_font_size_last_edited=&#8221;on|phone&#8221; locked=&#8221;off&#8221; global_colors_info=&#8221;{}&#8221;]<\/p>\n<h6>EXPERI\u00c8NCIA COREOGR\u00c0FICA<\/h6>\n<h3>LASALA<\/h3>\n<h4>ALIVE<\/h4>\n<p> 17.30 h \/ Centre del Carme, Cultura Contempor\u00e0nia[\/et_pb_text][\/et_pb_column][et_pb_column type=&#8221;1_2&#8243; _builder_version=&#8221;4.25.0&#8243; _module_preset=&#8221;default&#8221; global_colors_info=&#8221;{}&#8221;][et_pb_text _builder_version=&#8221;4.27.0&#8243; _module_preset=&#8221;default&#8221; text_font=&#8221;|||on|||||&#8221; text_text_color=&#8221;RGBA(255,255,255,0)&#8221; text_font_size=&#8221;24px&#8221; background_image=&#8221;https:\/\/festivalbucles.com\/wp-content\/uploads\/2024\/05\/circuito-bucles-lasala.jpg&#8221; text_orientation=&#8221;center&#8221; custom_padding=&#8221;9vw||9vw||true|false&#8221; custom_padding_tablet=&#8221;20vw||20vw||true|false&#8221; custom_padding_phone=&#8221;20vw||20vw||true|false&#8221; custom_padding_last_edited=&#8221;on|tablet&#8221; link_option_url=&#8221;https:\/\/festivalbucles.com\/vl\/agenda\/la-llibertat-deleccio\/&#8221; text_text_color_tablet=&#8221;RGBA(255,255,255,0)&#8221; text_text_color_phone=&#8221;RGBA(255,255,255,0)&#8221; text_text_color_last_edited=&#8221;on|tablet&#8221; locked=&#8221;off&#8221; global_colors_info=&#8221;{}&#8221; background__hover_enabled=&#8221;on|hover&#8221; background_image__hover=&#8221;&#8221; background_enable_image__hover=&#8221;off&#8221; background_color__hover=&#8221;#000000&#8243; background_enable_color__hover=&#8221;on&#8221; background_blend__hover=&#8221;normal&#8221; text_text_color__hover_enabled=&#8221;on|desktop&#8221; text_text_color__hover=&#8221;#FFFD55&#8243;]<\/p>\n<p>LASALA<\/p>\n<p>[\/et_pb_text][\/et_pb_column][\/et_pb_row][et_pb_row column_structure=&#8221;1_2,1_2&#8243; _builder_version=&#8221;4.25.0&#8243; _module_preset=&#8221;default&#8221; width=&#8221;90%&#8221; max_width=&#8221;90%&#8221; global_colors_info=&#8221;{}&#8221;][et_pb_column type=&#8221;1_2&#8243; _builder_version=&#8221;4.25.0&#8243; _module_preset=&#8221;default&#8221; global_colors_info=&#8221;{}&#8221;][et_pb_text _builder_version=&#8221;4.27.0&#8243; _module_preset=&#8221;default&#8221; text_font=&#8221;|600|||||||&#8221; text_text_color=&#8221;#000000&#8243; text_font_size=&#8221;24px&#8221; header_3_font=&#8221;|300|||||||&#8221; header_3_text_color=&#8221;#EA43F7&#8243; header_3_font_size=&#8221;70px&#8221; header_4_font=&#8221;|300|||||||&#8221; header_4_text_color=&#8221;#000000&#8243; header_4_font_size=&#8221;36px&#8221; header_5_font=&#8221;&#8211;et_global_body_font|500|||||||&#8221; header_5_text_color=&#8221;#000000&#8243; header_6_font_size=&#8221;28px&#8221; custom_margin=&#8221;||||false|false&#8221; custom_padding=&#8221;||||false|false&#8221; custom_padding_tablet=&#8221;5vw||||false|false&#8221; custom_padding_phone=&#8221;5vw||||false|false&#8221; custom_padding_last_edited=&#8221;on|desktop&#8221; link_option_url=&#8221;https:\/\/festivalbucles.com\/vl\/agenda\/renaixer-i-ressorgir\/&#8221; header_3_font_size_tablet=&#8221;48px&#8221; header_3_font_size_phone=&#8221;48px&#8221; header_3_font_size_last_edited=&#8221;on|phone&#8221; header_4_font_size_tablet=&#8221;72px&#8221; header_4_font_size_phone=&#8221;48px&#8221; header_4_font_size_last_edited=&#8221;on|phone&#8221; locked=&#8221;off&#8221; global_colors_info=&#8221;{}&#8221;]<\/p>\n<h6>EXPERI\u00c8NCIA COREOGR\u00c0FICA<\/h6>\n<h3>Estela Alonso<\/h3>\n<h4>A MI MANERA 3.0<\/h4>\n<p> 18.00 h \/ Centre del Carme, Cultura Contempor\u00e0nia[\/et_pb_text][\/et_pb_column][et_pb_column type=&#8221;1_2&#8243; _builder_version=&#8221;4.25.0&#8243; _module_preset=&#8221;default&#8221; global_colors_info=&#8221;{}&#8221;][et_pb_text _builder_version=&#8221;4.27.0&#8243; _module_preset=&#8221;default&#8221; text_font=&#8221;|||on|||||&#8221; text_text_color=&#8221;RGBA(255,255,255,0)&#8221; text_font_size=&#8221;24px&#8221; background_image=&#8221;https:\/\/festivalbucles.com\/wp-content\/uploads\/2024\/05\/circuito-bucles-estela-alonso-1.jpg&#8221; text_orientation=&#8221;center&#8221; custom_padding=&#8221;9vw||9vw||true|false&#8221; custom_padding_tablet=&#8221;20vw||20vw||true|false&#8221; custom_padding_phone=&#8221;20vw||20vw||true|false&#8221; custom_padding_last_edited=&#8221;on|tablet&#8221; link_option_url=&#8221;https:\/\/festivalbucles.com\/vl\/agenda\/renaixer-i-ressorgir\/&#8221; text_text_color_tablet=&#8221;RGBA(255,255,255,0)&#8221; text_text_color_phone=&#8221;RGBA(255,255,255,0)&#8221; text_text_color_last_edited=&#8221;on|tablet&#8221; locked=&#8221;off&#8221; global_colors_info=&#8221;{}&#8221; background__hover_enabled=&#8221;on|hover&#8221; background_image__hover=&#8221;&#8221; background_enable_image__hover=&#8221;off&#8221; background_color__hover=&#8221;#000000&#8243; background_enable_color__hover=&#8221;on&#8221; background_blend__hover=&#8221;normal&#8221; text_text_color__hover_enabled=&#8221;on|desktop&#8221; text_text_color__hover=&#8221;#FFFD55&#8243;]<\/p>\n<p>Estela Alonso<\/p>\n<p>[\/et_pb_text][\/et_pb_column][\/et_pb_row][et_pb_row column_structure=&#8221;1_2,1_2&#8243; _builder_version=&#8221;4.25.0&#8243; _module_preset=&#8221;default&#8221; width=&#8221;90%&#8221; max_width=&#8221;90%&#8221; global_colors_info=&#8221;{}&#8221;][et_pb_column type=&#8221;1_2&#8243; _builder_version=&#8221;4.25.0&#8243; _module_preset=&#8221;default&#8221; global_colors_info=&#8221;{}&#8221;][et_pb_text _builder_version=&#8221;4.27.0&#8243; _module_preset=&#8221;default&#8221; text_font=&#8221;|600|||||||&#8221; text_text_color=&#8221;#000000&#8243; text_font_size=&#8221;24px&#8221; header_3_font=&#8221;|300|||||||&#8221; header_3_text_color=&#8221;#EA43F7&#8243; header_3_font_size=&#8221;70px&#8221; header_4_font=&#8221;|300|||||||&#8221; header_4_text_color=&#8221;#000000&#8243; header_4_font_size=&#8221;36px&#8221; header_5_font=&#8221;&#8211;et_global_body_font|500|||||||&#8221; header_5_text_color=&#8221;#000000&#8243; header_6_font_size=&#8221;28px&#8221; custom_margin=&#8221;||||false|false&#8221; custom_padding=&#8221;||||false|false&#8221; custom_padding_tablet=&#8221;5vw||||false|false&#8221; custom_padding_phone=&#8221;5vw||||false|false&#8221; custom_padding_last_edited=&#8221;on|desktop&#8221; link_option_url=&#8221;https:\/\/festivalbucles.com\/vl\/agenda\/flama-beat\/&#8221; header_3_font_size_tablet=&#8221;48px&#8221; header_3_font_size_phone=&#8221;48px&#8221; header_3_font_size_last_edited=&#8221;on|phone&#8221; header_4_font_size_tablet=&#8221;72px&#8221; header_4_font_size_phone=&#8221;48px&#8221; header_4_font_size_last_edited=&#8221;on|phone&#8221; locked=&#8221;off&#8221; global_colors_info=&#8221;{}&#8221;]<\/p>\n<h6>EXPERI\u00c8NCIA PERFORM\u00c0TICA<\/h6>\n<h3>Grup de Danses Sant Vicent Ferrer &amp; Luc\u00eda Gea<\/h3>\n<h4>FLAMA BEAT<\/h4>\n<p> 18.30 h \/ Centre del Carme, Cultura Contempor\u00e0nia[\/et_pb_text][\/et_pb_column][et_pb_column type=&#8221;1_2&#8243; _builder_version=&#8221;4.25.0&#8243; _module_preset=&#8221;default&#8221; global_colors_info=&#8221;{}&#8221;][et_pb_text _builder_version=&#8221;4.27.0&#8243; _module_preset=&#8221;default&#8221; text_font=&#8221;|||on|||||&#8221; text_text_color=&#8221;RGBA(255,255,255,0)&#8221; text_font_size=&#8221;24px&#8221; background_image=&#8221;https:\/\/festivalbucles.com\/wp-content\/uploads\/2024\/05\/circuito-bucles-flama-beat.jpg&#8221; text_orientation=&#8221;center&#8221; custom_padding=&#8221;9vw||9vw||true|false&#8221; custom_padding_tablet=&#8221;20vw||20vw||true|false&#8221; custom_padding_phone=&#8221;20vw||20vw||true|false&#8221; custom_padding_last_edited=&#8221;on|tablet&#8221; link_option_url=&#8221;https:\/\/festivalbucles.com\/vl\/agenda\/flama-beat\/&#8221; text_text_color_tablet=&#8221;RGBA(255,255,255,0)&#8221; text_text_color_phone=&#8221;RGBA(255,255,255,0)&#8221; text_text_color_last_edited=&#8221;on|tablet&#8221; locked=&#8221;off&#8221; global_colors_info=&#8221;{}&#8221; background__hover_enabled=&#8221;on|desktop&#8221; background_image__hover=&#8221;&#8221; background_enable_image__hover=&#8221;off&#8221; background_color__hover=&#8221;#000000&#8243; background_enable_color__hover=&#8221;on&#8221; background_blend__hover=&#8221;normal&#8221; text_text_color__hover_enabled=&#8221;on|desktop&#8221; text_text_color__hover=&#8221;#FFFD55&#8243;]<\/p>\n<p>Grup de Danses Sant Vicent Ferrer &amp; Luc\u00eda Gea<\/p>\n<p>[\/et_pb_text][\/et_pb_column][\/et_pb_row][\/et_pb_section][et_pb_section fb_built=&#8221;1&#8243; module_id=&#8221;promotors&#8221; _builder_version=&#8221;4.27.0&#8243; _module_preset=&#8221;default&#8221; global_colors_info=&#8221;{}&#8221;][et_pb_row _builder_version=&#8221;4.25.0&#8243; _module_preset=&#8221;default&#8221; global_colors_info=&#8221;{}&#8221;][et_pb_column type=&#8221;4_4&#8243; _builder_version=&#8221;4.25.0&#8243; _module_preset=&#8221;default&#8221; global_colors_info=&#8221;{}&#8221;][et_pb_text _builder_version=&#8221;4.27.0&#8243; _module_preset=&#8221;default&#8221; text_text_color=&#8221;#FFFFFF&#8221; header_2_text_color=&#8221;#000000&#8243; header_2_font_size=&#8221;76px&#8221; text_orientation=&#8221;center&#8221; header_2_font_size_tablet=&#8221;76px&#8221; header_2_font_size_phone=&#8221;48px&#8221; header_2_font_size_last_edited=&#8221;on|phone&#8221; global_colors_info=&#8221;{}&#8221;]<\/p>\n<h2>Promotors<\/h2>\n<p>[\/et_pb_text][et_pb_text _builder_version=&#8221;4.27.0&#8243; _module_preset=&#8221;default&#8221; text_text_color=&#8221;#000000&#8243; text_orientation=&#8221;center&#8221; global_colors_info=&#8221;{}&#8221;]<\/p>\n<p>ESTE FESTIVAL HA REBUT UNA AJUDA DE 31.345,08\u20ac L&#8217;ANY 2022 PER L&#8217;INSTITUT VALENCI\u00c0 DE CULTURA (IVC) I EST\u00c0 DESTINAT A COBRIR PART DE LA PROGRAMACI\u00d3 ART\u00cdSTICA VALENCIANA I NACIONAL DEL FESTIVAL, AIX\u00cd COM PART DELS GASTOS DE PRODUCCI\u00d3.<\/p>\n<p>[\/et_pb_text][et_pb_image src=&#8221;https:\/\/festivalbucles.com\/wp-content\/uploads\/2025\/03\/Logotipos-promotores-2023-optim.jpg&#8221; alt=&#8221;Promotors 2023&#8243; title_text=&#8221;Promotors 2023&#8243; _builder_version=&#8221;4.27.4&#8243; _module_preset=&#8221;default&#8221; hover_enabled=&#8221;0&#8243; global_colors_info=&#8221;{}&#8221; sticky_enabled=&#8221;0&#8243;][\/et_pb_image][\/et_pb_column][\/et_pb_row][\/et_pb_section]<\/p>\n","protected":false},"excerpt":{"rendered":"<p>The Beat 06 OCT \u2013 23 OCT 2022SOBRE THE BEAT\u00a0 | NOVEDADES | PROMOTORES | PROGRAMADIJOUS 6 OCTUBRETALLER FAMILIAR Dance Explorer by Cabo MOTHERMOOD 15.30 h \/ Col\u00b7legi MontessoriDance Explorer by CaboDissabte i diumenge 8-9 OCTUBREESPECTACLE INFANTIL 4-11 Anys La Casa Amarilla LA GUARDIANA DE LAS HISTORIAS 12.00 h i 18.00 h \/ Sala OffLa [&hellip;]<\/p>\n","protected":false},"author":1,"featured_media":8051,"comment_status":"closed","ping_status":"closed","template":"","meta":{"_et_pb_use_builder":"on","_et_pb_old_content":"","_et_gb_content_width":"","inline_featured_image":false,"footnotes":""},"project_category":[],"project_tag":[],"class_list":["post-8050","project","type-project","status-publish","has-post-thumbnail","hentry"],"_links":{"self":[{"href":"https:\/\/festivalbucles.com\/vl\/wp-json\/wp\/v2\/project\/8050","targetHints":{"allow":["GET"]}}],"collection":[{"href":"https:\/\/festivalbucles.com\/vl\/wp-json\/wp\/v2\/project"}],"about":[{"href":"https:\/\/festivalbucles.com\/vl\/wp-json\/wp\/v2\/types\/project"}],"author":[{"embeddable":true,"href":"https:\/\/festivalbucles.com\/vl\/wp-json\/wp\/v2\/users\/1"}],"replies":[{"embeddable":true,"href":"https:\/\/festivalbucles.com\/vl\/wp-json\/wp\/v2\/comments?post=8050"}],"version-history":[{"count":10,"href":"https:\/\/festivalbucles.com\/vl\/wp-json\/wp\/v2\/project\/8050\/revisions"}],"predecessor-version":[{"id":16383,"href":"https:\/\/festivalbucles.com\/vl\/wp-json\/wp\/v2\/project\/8050\/revisions\/16383"}],"wp:featuredmedia":[{"embeddable":true,"href":"https:\/\/festivalbucles.com\/vl\/wp-json\/wp\/v2\/media\/8051"}],"wp:attachment":[{"href":"https:\/\/festivalbucles.com\/vl\/wp-json\/wp\/v2\/media?parent=8050"}],"wp:term":[{"taxonomy":"project_category","embeddable":true,"href":"https:\/\/festivalbucles.com\/vl\/wp-json\/wp\/v2\/project_category?post=8050"},{"taxonomy":"project_tag","embeddable":true,"href":"https:\/\/festivalbucles.com\/vl\/wp-json\/wp\/v2\/project_tag?post=8050"}],"curies":[{"name":"wp","href":"https:\/\/api.w.org\/{rel}","templated":true}]}}