{"id":9254,"date":"2024-07-06T18:50:49","date_gmt":"2024-07-06T16:50:49","guid":{"rendered":"https:\/\/festivalbucles.com\/mec-eventos\/candelaria-antelo\/"},"modified":"2025-08-18T16:23:10","modified_gmt":"2025-08-18T14:23:10","slug":"candelaria-antelo","status":"publish","type":"mec-events","link":"https:\/\/festivalbucles.com\/vl\/agenda\/candelaria-antelo\/","title":{"rendered":"Escucha Sensible"},"content":{"rendered":"\n<h2 class=\"wp-block-heading has-text-color has-link-color wp-elements-3084ea873d85c9eb723ff7ba0f78ead3\" style=\"color:#fe14ff\">CANDELARIA ANTELO<\/h2>\n\n<p>Ser\u00e0 la premissa d&#8217;esta classe magistral impartida per la directora art\u00edstica i core\u00f2grafa de la companyia <strong>HURyCAN<\/strong>. Contact, pes i motors creatius. Un recorregut corporal a trav\u00e9s de blocs, enganxaments, mecanismes del contrap\u00e9s, motors d&#8217;acci\u00f3 i nusos creatius. Esta trobada pedag\u00f2gica pret\u00e9n acostar-se a les bases del moviment. Ens interessarem en els motors de l&#8217;acci\u00f3 f\u00edsics o dram\u00e0tics, buscant les relacions entre qualitat de moviment i intenci\u00f3. Com moure&#8217;s? Quan moure&#8217;s? Des de quin lloc? Primer treballarem exercicis i pautes t\u00e8cniques, din\u00e0miques i ferramentes per a entendre la relaci\u00f3 del pes i l&#8217;equilibri. Tractarem de desenrotllar l&#8217;escolta i coordinaci\u00f3, basant-nos en el contrap\u00e9s com a relaci\u00f3 f\u00edsica i espacial. De forma personalitzada o coral explorarem el \u201ccontact\u201d individual i col\u00b7lectiu. En segon lloc, construirem un enfocament dramat\u00fargic del moviment i una pres\u00e8ncia expressiva.<\/p>\n\n<p><strong>Duraci\u00f3:<\/strong> 1 hora i 30 minuts<\/p>\n\n<hr class=\"wp-block-separator alignwide has-text-color has-alpha-channel-opacity has-background is-style-wide\" style=\"background-color:#fe14ff;color:#fe14ff\"\/>\n\n<p><strong>Espai de realitzaci\u00f3:<\/strong> La Granja del IVC, Burjassot \/ <strong>Docent:<\/strong> Candelaria Antelo \/ <strong>Dirigit a:<\/strong> ballarins, actors, cirquers i tot aquell que t\u00e9 relaci\u00f3 de complicitat amb el seu cos<\/p>\n\n<p><iframe loading=\"lazy\" title=\"vimeo-player\" src=\"https:\/\/player.vimeo.com\/video\/456493855?h=583a2dd9a6\" width=\"640\" height=\"360\" frameborder=\"0\" allowfullscreen=\"allowfullscreen\"><\/iframe><\/p>\n","protected":false},"excerpt":{"rendered":"<p>CANDELARIA ANTELO Ser\u00e0 la premissa d&#8217;esta classe magistral impartida per la directora art\u00edstica i core\u00f2grafa de la companyia HURyCAN. Contact, pes i motors creatius. Un recorregut corporal a trav\u00e9s de blocs, enganxaments, mecanismes del contrap\u00e9s, motors d&#8217;acci\u00f3 i nusos creatius. Esta trobada pedag\u00f2gica pret\u00e9n acostar-se a les bases del moviment. Ens interessarem en els motors [&hellip;]<\/p>\n","protected":false},"author":1,"featured_media":8490,"comment_status":"closed","ping_status":"closed","template":"","mec_category":[162],"mec_speaker":[637],"mec_tag":[590],"class_list":["post-9254","mec-events","type-mec-events","status-publish","has-post-thumbnail","hentry","mec_category-estraperlo-2021-vl","mec_tag-classe-magistral"],"_links":{"self":[{"href":"https:\/\/festivalbucles.com\/vl\/wp-json\/wp\/v2\/mec-events\/9254","targetHints":{"allow":["GET"]}}],"collection":[{"href":"https:\/\/festivalbucles.com\/vl\/wp-json\/wp\/v2\/mec-events"}],"about":[{"href":"https:\/\/festivalbucles.com\/vl\/wp-json\/wp\/v2\/types\/mec-events"}],"author":[{"embeddable":true,"href":"https:\/\/festivalbucles.com\/vl\/wp-json\/wp\/v2\/users\/1"}],"replies":[{"embeddable":true,"href":"https:\/\/festivalbucles.com\/vl\/wp-json\/wp\/v2\/comments?post=9254"}],"wp:featuredmedia":[{"embeddable":true,"href":"https:\/\/festivalbucles.com\/vl\/wp-json\/wp\/v2\/media\/8490"}],"wp:attachment":[{"href":"https:\/\/festivalbucles.com\/vl\/wp-json\/wp\/v2\/media?parent=9254"}],"wp:term":[{"taxonomy":"mec_category","embeddable":true,"href":"https:\/\/festivalbucles.com\/vl\/wp-json\/wp\/v2\/mec_category?post=9254"},{"taxonomy":"mec_speaker","embeddable":true,"href":"https:\/\/festivalbucles.com\/vl\/wp-json\/wp\/v2\/mec_speaker?post=9254"},{"taxonomy":"mec_tag","embeddable":true,"href":"https:\/\/festivalbucles.com\/vl\/wp-json\/wp\/v2\/mec_tag?post=9254"}],"curies":[{"name":"wp","href":"https:\/\/api.w.org\/{rel}","templated":true}]}}