{"id":16515,"date":"2025-06-27T11:25:27","date_gmt":"2025-06-27T09:25:27","guid":{"rendered":"https:\/\/festivalbucles.com\/agenda\/miccionario\/"},"modified":"2025-08-19T10:29:35","modified_gmt":"2025-08-19T08:29:35","slug":"miccionario","status":"publish","type":"mec-events","link":"https:\/\/festivalbucles.com\/vl\/agenda\/miccionario\/","title":{"rendered":"Miccionario"},"content":{"rendered":"\n<div style=\"height:30px\" aria-hidden=\"true\" class=\"wp-block-spacer\"><\/div>\n\n<div class=\"wp-block-buttons is-content-justification-right is-layout-flex wp-container-core-buttons-is-layout-1888cafc wp-block-buttons-is-layout-flex\">\n<div class=\"wp-block-button has-custom-width wp-block-button__width-75 is-style-fill\"><a class=\"wp-block-button__link has-white-color has-vivid-green-cyan-background-color has-text-color has-background has-link-color has-text-align-center has-custom-font-size wp-element-button\" style=\"border-radius:25px;font-size:15px;font-style:normal;font-weight:700\">Entrada gratu\u00efta fins a completar aforament<\/a><\/div>\n<\/div>\n\n<div style=\"height:0px\" aria-hidden=\"true\" class=\"wp-block-spacer\"><\/div>\n\n<div style=\"height:0px\" aria-hidden=\"true\" class=\"wp-block-spacer\"><\/div>\n\n<div class=\"wp-block-group alignfull is-content-justification-left is-layout-constrained wp-container-core-group-is-layout-8c890d92 wp-block-group-is-layout-constrained\">\n<figure class=\"wp-block-image alignleft size-full is-resized\"><img loading=\"lazy\" decoding=\"async\" width=\"80\" height=\"80\" src=\"https:\/\/festivalbucles.com\/wp-content\/uploads\/2024\/08\/accesible-minusvalidos.png\" alt=\"accessible minusv&#xE0;lids\" class=\"wp-image-11394\" style=\"width:35px\"\/><\/figure>\n<\/div>\n\n<div style=\"height:10px\" aria-hidden=\"true\" class=\"wp-block-spacer\"><\/div>\n\n<p>La idea de la pe\u00e7a sorgeix a partir d&#8217;algunes definicions oficials que apareixen reflectides en la Reial Acad\u00e8mia Espanyola de la llengua (RAE), entre elles: <\/p>\n\n<ul class=\"wp-block-list\">\n<li>Lolita: adolescent seductora i provocativa [1 ]<\/li>\n\n\n\n<li>Sexe feble: conjunt de les dones [2] <\/li>\n\n\n\n<li>Calientapollas: persona que excita sexualment a un home sense intenci\u00f3 de satisfer-lo [3]<\/li>\n<\/ul>\n\n<p>El nucli tem\u00e0tic i compositiu de la pe\u00e7a gira entorn a la cruesa masclista d&#8217;aquestes definicions i pret\u00e9n ridiculitzar i criticar que, encara hui, la instituci\u00f3 que estableix tots i cadascun dels par\u00e0metres de la llengua espanyola, les accepte i oficialitze. <\/p>\n\n<p>A m\u00e9s, d&#8217;entre els acad\u00e8mics de n\u00famero que conformen la RAE en l&#8217;actualitat, nom\u00e9s un 18,6% s\u00f3n dones i en tota la hist\u00f2ria de la instituci\u00f3 no hi ha hagut mai una dona com a directora.<\/p>\n\n<p>Aquests conceptes i les seues definicions s&#8217;utilitzen com a eina per a q\u00fcestionar la validesa real d&#8217;una instituci\u00f3 que sempre ha estat (i est\u00e0) liderada per homes, portant a l&#8217;absurd i desgastant els seus par\u00e0metres mitjan\u00e7ant el moviment i el so.<\/p>\n\n<p>[1]<a href=\"https:\/\/dle.rae.es\/lolita\" rel=\"nofollow noopener\" target=\"_blank\"> https:\/\/dle.rae.es\/lolita<\/a> <\/p>\n\n<p>[2] <a href=\"https:\/\/dle.rae.es\/sexo#EVPsDa4\" rel=\"nofollow noopener\" target=\"_blank\">https:\/\/dle.rae.es\/sexo#EVPsDa4<\/a><\/p>\n\n<p>[3]<a href=\"https:\/\/dle.rae.es\/calientapollas\" rel=\"nofollow noopener\" target=\"_blank\"> https:\/\/dle.rae.es\/calientapollas<\/a><\/p>\n\n<p>Aquesta actuaci\u00f3 anir\u00e0 acompanyada d&#8217;una xerrada-col\u00b7loqui amb la creadora i el p\u00fablic.<br\/><\/p>\n\n<hr class=\"wp-block-separator alignwide has-text-color has-alpha-channel-opacity has-background is-style-wide\" style=\"background-color:#0031f5;color:#0031f5\"\/>\n\n<p style=\"font-size:17px\"><\/p>\n\n<p style=\"font-size:17px\"><strong>Coreografia: <\/strong>Mar Garcia i Javi Soler<strong> \/ Interpretaci\u00f3: <\/strong>Mar Garcia Mart\u00ed<strong> \/ Composici\u00f3 musical: <\/strong>Javier Soler Giner<br\/><br\/><br\/><br\/><\/p>\n\n<p style=\"font-size:17px\"><br\/><\/p>\n","protected":false},"excerpt":{"rendered":"<p>La idea de la pe\u00e7a sorgeix a partir d&#8217;algunes definicions oficials que apareixen reflectides en la Reial Acad\u00e8mia Espanyola de la llengua (RAE), entre elles: El nucli tem\u00e0tic i compositiu de la pe\u00e7a gira entorn a la cruesa masclista d&#8217;aquestes definicions i pret\u00e9n ridiculitzar i criticar que, encara hui, la instituci\u00f3 que estableix tots i [&hellip;]<\/p>\n","protected":false},"author":2,"featured_media":15334,"comment_status":"closed","ping_status":"closed","template":"","mec_category":[794],"mec_speaker":[839],"mec_tag":[806,677,859],"class_list":["post-16515","mec-events","type-mec-events","status-publish","has-post-thumbnail","hentry","mec_category-catharsis-2025-vl","mec_tag-arts-vives","mec_tag-estrena","mec_tag-new-generation-vl"],"_links":{"self":[{"href":"https:\/\/festivalbucles.com\/vl\/wp-json\/wp\/v2\/mec-events\/16515","targetHints":{"allow":["GET"]}}],"collection":[{"href":"https:\/\/festivalbucles.com\/vl\/wp-json\/wp\/v2\/mec-events"}],"about":[{"href":"https:\/\/festivalbucles.com\/vl\/wp-json\/wp\/v2\/types\/mec-events"}],"author":[{"embeddable":true,"href":"https:\/\/festivalbucles.com\/vl\/wp-json\/wp\/v2\/users\/2"}],"replies":[{"embeddable":true,"href":"https:\/\/festivalbucles.com\/vl\/wp-json\/wp\/v2\/comments?post=16515"}],"wp:featuredmedia":[{"embeddable":true,"href":"https:\/\/festivalbucles.com\/vl\/wp-json\/wp\/v2\/media\/15334"}],"wp:attachment":[{"href":"https:\/\/festivalbucles.com\/vl\/wp-json\/wp\/v2\/media?parent=16515"}],"wp:term":[{"taxonomy":"mec_category","embeddable":true,"href":"https:\/\/festivalbucles.com\/vl\/wp-json\/wp\/v2\/mec_category?post=16515"},{"taxonomy":"mec_speaker","embeddable":true,"href":"https:\/\/festivalbucles.com\/vl\/wp-json\/wp\/v2\/mec_speaker?post=16515"},{"taxonomy":"mec_tag","embeddable":true,"href":"https:\/\/festivalbucles.com\/vl\/wp-json\/wp\/v2\/mec_tag?post=16515"}],"curies":[{"name":"wp","href":"https:\/\/api.w.org\/{rel}","templated":true}]}}