{"id":16513,"date":"2025-07-07T13:19:56","date_gmt":"2025-07-07T11:19:56","guid":{"rendered":"https:\/\/festivalbucles.com\/agenda\/certamen-bucles-carmendansa\/"},"modified":"2025-09-22T13:48:44","modified_gmt":"2025-09-22T11:48:44","slug":"certamen-bucles-carmendansa","status":"publish","type":"mec-events","link":"https:\/\/festivalbucles.com\/vl\/agenda\/certamen-bucles-carmendansa\/","title":{"rendered":"Certamen Bucles &amp; Carme&#8217;nDansa"},"content":{"rendered":"\n<div style=\"height:30px\" aria-hidden=\"true\" class=\"wp-block-spacer\"><\/div>\n\n\n\n<div class=\"wp-block-buttons is-content-justification-right is-layout-flex wp-container-core-buttons-is-layout-1888cafc wp-block-buttons-is-layout-flex\">\n<div class=\"wp-block-button has-custom-width wp-block-button__width-75 is-style-fill\"><a class=\"wp-block-button__link has-white-color has-vivid-green-cyan-background-color has-text-color has-background has-link-color has-text-align-center has-custom-font-size wp-element-button\" href=\"https:\/\/entradas.carmeteatre.com\/espectaculo\/4\/iv-certamen-coreografic-buclesandcarmendansa.html\" style=\"border-radius:25px;font-size:15px;font-style:normal;font-weight:700\" rel=\"nofollow noopener\" target=\"_blank\">ENTRADES<\/a><\/div>\n<\/div>\n\n\n\n<div style=\"height:0px\" aria-hidden=\"true\" class=\"wp-block-spacer\"><\/div>\n\n\n\n<div style=\"height:0px\" aria-hidden=\"true\" class=\"wp-block-spacer\"><\/div>\n\n\n\n<div class=\"wp-block-group alignfull is-content-justification-left is-layout-constrained wp-container-core-group-is-layout-8c890d92 wp-block-group-is-layout-constrained\">\n<figure class=\"wp-block-image alignleft size-full is-resized\"><img loading=\"lazy\" decoding=\"async\" width=\"80\" height=\"80\" src=\"https:\/\/festivalbucles.com\/wp-content\/uploads\/2024\/08\/accesible-minusvalidos.png\" alt=\"accessible minusv\u00e0lids\" class=\"wp-image-11394\" style=\"width:35px\"\/><\/figure>\n<\/div>\n\n\n\n<div style=\"height:10px\" aria-hidden=\"true\" class=\"wp-block-spacer\"><\/div>\n\n\n\n<p style=\"font-size:17px\">5 companyies de dansa es donaran cita a la Sala Carme Teatre i una vegada finalitza es donaran els premis de les 2 modalitats de certamen: espai no convencional i sala.<\/p>\n\n\n\n<p style=\"font-size:17px\"><strong>Premis:<\/strong><\/p>\n\n\n\n<ul class=\"wp-block-list\">\n<li style=\"font-size:17px\"><strong>Premi AISGE<\/strong> <strong>a la millor int\u00e8rpret femenina<\/strong> amb una dotaci\u00f3 de 1.000 \u20ac<\/li>\n\n\n\n<li style=\"font-size:17px\"><strong>Premi AISGE<\/strong> <strong>al millor int\u00e8rpret mascul\u00ed<\/strong> amb una dotaci\u00f3 de 1.000 \u20ac<\/li>\n\n\n\n<li style=\"font-size:17px\"><strong>Premi SGAE a la millor coreografia modalitat espai no convencional,<\/strong> amb una dotaci\u00f3 de 1.000 \u20ac<\/li>\n\n\n\n<li style=\"font-size:17px\"><strong>Premi SGAE<\/strong> <strong>a la millor coreografia modalitat sala<\/strong>, amb una dotaci\u00f3 de 1.000 \u20ac<\/li>\n\n\n\n<li style=\"font-size:17px\"><strong>Premi Bucles<\/strong> <strong>a la millor coreografia modlitat espai no convencional, <\/strong>per a formar part de la seua programaci\u00f3 2026.<\/li>\n\n\n\n<li style=\"font-size:17px\"><strong>Premi Carme\u2019n\u2019Dansa a la millor coreografia modalitat sala,<\/strong> per a una resid\u00e8ncia art\u00edstica en la Sala Carme Teatre durant l&#8217;any 2026<\/li>\n\n\n\n<li style=\"font-size:17px\"><strong>Premi BLACK BOX FESTIVAL <\/strong>(Bulg\u00e0ria), per a formar part de la seua programaci\u00f3 en l&#8217;any 2026<\/li>\n\n\n\n<li style=\"font-size:17px\"><strong>Premi ABRIL EN DANSA,<\/strong> per a formar part de la programaci\u00f3 del festival l&#8217;any 2026<\/li>\n\n\n\n<li style=\"font-size:17px\"><strong>Premi AVED,<\/strong> per a formar part de la programaci\u00f3 del <strong>Festival Prism\u00e0tica<\/strong> l&#8217;any 2026<\/li>\n\n\n\n<li style=\"font-size:17px\"><strong>Premi APDCV,<\/strong> amb la quota de soci\/s\u00f2cia gratu\u00efta durant l&#8217;any 2026<\/li>\n\n\n\n<li style=\"font-size:17px\"><strong>Premi AVED,<\/strong> amb la quota de soci\/s\u00f2cia gratu\u00efta durant l&#8217;any 2026<\/li>\n\n\n\n<li style=\"font-size:17px\"><strong>Premi BECA DATA, METODOLOGIES I DRAMAT\u00daRGIES<\/strong> amb Lipi Hern\u00e1ndez Hern\u00e1ndez<\/li>\n<\/ul>\n\n\n\n<figure class=\"wp-block-image size-full\"><img loading=\"lazy\" decoding=\"async\" width=\"1920\" height=\"1080\" src=\"https:\/\/festivalbucles.com\/wp-content\/uploads\/2025\/07\/ezo-festival-bucles.jpg\" alt=\"\" class=\"wp-image-15435\" srcset=\"https:\/\/festivalbucles.com\/wp-content\/uploads\/2025\/07\/ezo-festival-bucles.jpg 1920w, https:\/\/festivalbucles.com\/wp-content\/uploads\/2025\/07\/ezo-festival-bucles-1280x720.jpg 1280w, https:\/\/festivalbucles.com\/wp-content\/uploads\/2025\/07\/ezo-festival-bucles-980x551.jpg 980w, https:\/\/festivalbucles.com\/wp-content\/uploads\/2025\/07\/ezo-festival-bucles-480x270.jpg 480w\" sizes=\"(min-width: 0px) and (max-width: 480px) 480px, (min-width: 481px) and (max-width: 980px) 980px, (min-width: 981px) and (max-width: 1280px) 1280px, (min-width: 1281px) 1920px, 100vw\" \/><\/figure>\n\n\n\n<h2 class=\"wp-block-heading has-text-color has-link-color wp-elements-5efee0650916e89f311348ef6e0548c6\" style=\"color:#0031f5\">Compagnie Ezo<\/h2>\n\n\n\n<h3 class=\"wp-block-heading\">Seven Tries<br><\/h3>\n\n\n\n<p style=\"font-size:17px\">El solo <strong>Seven Tries<\/strong> explora la relaci\u00f3 entre un cos en moviment i una estructura blanca lluminosa, una met\u00e0fora de les nostres relacions amb els diferents sistemes en els quals vivim (capitalista, patriarcal, colonial, neoliberal, consumista, ecocida, etc.).<\/p>\n\n\n\n<p style=\"font-size:17px\">El t\u00edtol s&#8217;inspira en la s\u00e8rie <em>Maid<\/em>, que segueix a una jove que intenta alliberar-se de relacions malsanes en un sistema que eludeix als m\u00e9s vulnerables. La frase pronunciada durant la s\u00e8rie, <em>\u00abLa majoria de les dones tarden set intents en per fi eixir\u00bb<\/em>, em va commoure i va ressonar per la dificultat d&#8217;alliberar-nos d&#8217;aquests sistemes que conformen les nostres relacions amb nosaltres mateixos, amb els altres i amb el m\u00f3n. <\/p>\n\n\n\n<hr class=\"wp-block-separator alignwide has-text-color has-alpha-channel-opacity has-background is-style-wide\" style=\"background-color:#0031f5;color:#0031f5\"\/>\n\n\n\n<p style=\"font-size:17px\"><br><strong>Coreografia i interpretaci\u00f3: <\/strong>Estelle B\u00e9zombes <strong>\/ M\u00fasica: <\/strong>Caresse by Odalie ft Llimace<strong> \/ V\u00eddeos, fotografies i il\u00b7luminaci\u00f3: <\/strong>Nicolas Thonnerieux \/ <strong>Escenografia:<\/strong>Lucas Dormoy, Laurence Dormoy and Estelle B\u00e9zombes<br><\/p>\n\n\n\n<p style=\"font-size:17px\"><\/p>\n\n\n\n<figure class=\"wp-block-image size-full\"><img loading=\"lazy\" decoding=\"async\" width=\"1920\" height=\"1080\" src=\"https:\/\/festivalbucles.com\/wp-content\/uploads\/2025\/07\/david-candela-festival-bucles.avif\" alt=\"\" class=\"wp-image-15437\" srcset=\"https:\/\/festivalbucles.com\/wp-content\/uploads\/2025\/07\/david-candela-festival-bucles.avif 1920w, https:\/\/festivalbucles.com\/wp-content\/uploads\/2025\/07\/david-candela-festival-bucles-768x432.avif 768w, https:\/\/festivalbucles.com\/wp-content\/uploads\/2025\/07\/david-candela-festival-bucles-1536x864.avif 1536w, https:\/\/festivalbucles.com\/wp-content\/uploads\/2025\/07\/david-candela-festival-bucles-1080x608.avif 1080w, https:\/\/festivalbucles.com\/wp-content\/uploads\/2025\/07\/david-candela-festival-bucles-1280x720.avif 1280w, https:\/\/festivalbucles.com\/wp-content\/uploads\/2025\/07\/david-candela-festival-bucles-980x551.avif 980w, https:\/\/festivalbucles.com\/wp-content\/uploads\/2025\/07\/david-candela-festival-bucles-480x270.avif 480w\" sizes=\"(max-width: 1920px) 100vw, 1920px\" \/><\/figure>\n\n\n\n<h2 class=\"wp-block-heading has-text-color has-link-color wp-elements-6e2a26def7f6313587443d4ed9e48c73\" style=\"color:#0031f5\">David Candela<\/h2>\n\n\n\n<h3 class=\"wp-block-heading\"><strong>Portrait 31415<\/strong><br><\/h3>\n\n\n\n<p style=\"font-size:17px\">El n\u00famero 31415 fa refer\u00e8ncia al n\u00famero pi, a la infinitat i a la varietat. Tots aquells autoretrats que formen al propi individu i a la c\u00e0rrega invisible que provoquen. La pe\u00e7a proposa una visi\u00f3 de la import\u00e0ncia de totes aquestes fotografies que elaboren el nostre \u00e0lbum personal.  <br><br><\/p>\n\n\n\n<hr class=\"wp-block-separator alignwide has-text-color has-alpha-channel-opacity has-background is-style-wide\" style=\"background-color:#0031f5;color:#0031f5\"\/>\n\n\n\n<p style=\"font-size:17px\"><br><strong>Direcci\u00f3 i coreografia: <\/strong>David Candela<strong> \/ Int\u00e8rprets:<\/strong>Julia Kayser, Eva Montesinos i Th\u00e9o Vanpop <strong>\/ M\u00fasica:<\/strong> Jan Jelinek, Arovane, Porya Hatami, J. S. Bach &amp; The Caretake \/<strong> Disseny d&#8217; il\u00b7luminaci\u00f3: <\/strong>Bea Francos \/ <strong>Vestuari: <\/strong>David Candela<br><\/p>\n\n\n\n<figure class=\"wp-block-gallery has-nested-images columns-default is-cropped wp-block-gallery-1 is-layout-flex wp-block-gallery-is-layout-flex\">\n<figure class=\"wp-block-image size-full\"><img loading=\"lazy\" decoding=\"async\" width=\"1920\" height=\"1080\" data-id=\"15441\" src=\"https:\/\/festivalbucles.com\/wp-content\/uploads\/2025\/07\/festival-bucles-julia-kayser-theo-van-pop.avif\" alt=\"\" class=\"wp-image-15441\" srcset=\"https:\/\/festivalbucles.com\/wp-content\/uploads\/2025\/07\/festival-bucles-julia-kayser-theo-van-pop.avif 1920w, https:\/\/festivalbucles.com\/wp-content\/uploads\/2025\/07\/festival-bucles-julia-kayser-theo-van-pop-768x432.avif 768w, https:\/\/festivalbucles.com\/wp-content\/uploads\/2025\/07\/festival-bucles-julia-kayser-theo-van-pop-1536x864.avif 1536w, https:\/\/festivalbucles.com\/wp-content\/uploads\/2025\/07\/festival-bucles-julia-kayser-theo-van-pop-1080x608.avif 1080w, https:\/\/festivalbucles.com\/wp-content\/uploads\/2025\/07\/festival-bucles-julia-kayser-theo-van-pop-1280x720.avif 1280w, https:\/\/festivalbucles.com\/wp-content\/uploads\/2025\/07\/festival-bucles-julia-kayser-theo-van-pop-980x551.avif 980w, https:\/\/festivalbucles.com\/wp-content\/uploads\/2025\/07\/festival-bucles-julia-kayser-theo-van-pop-480x270.avif 480w\" sizes=\"(max-width: 1920px) 100vw, 1920px\" \/><\/figure>\n<\/figure>\n\n\n\n<h2 class=\"wp-block-heading has-text-color has-link-color wp-elements-1d9d995e6d4482e5dce36e5e4736875b\" style=\"color:#0031f5\">Julia Kayser &amp; Th\u00e9o Vanpop<\/h2>\n\n\n\n<h3 class=\"wp-block-heading\"><strong>Warm Weight &#8211; Acto III<\/strong><\/h3>\n\n\n\n<p style=\"font-size:17px\"><strong>Warm Weight<\/strong><em> <\/em>naix de la curiositat d&#8217;investigar el que hi ha entre l&#8217;individu i el seu propi ego. En la seua forma completa, aquesta pe\u00e7a es divideix en tres actes, cadascun inspirat en diferents relacions i interaccions que un t\u00e9 amb el seu ego. <\/p>\n\n\n\n<p style=\"font-size:17px\">El primer acte \u00e9s un univers neutre, lleuger i constant que fa transici\u00f3 a l&#8217;Acte 2, on apareix la tensi\u00f3, la confusi\u00f3 i confrontaci\u00f3. Despr\u00e9s d&#8217;aquests dos primers actes, en l&#8217;Acte 3 apareix curiositat per esbrinar si \u00e9s possible crear o ballar sense ego. <strong> <\/strong><\/p>\n\n\n\n<hr class=\"wp-block-separator alignwide has-text-color has-alpha-channel-opacity has-background is-style-wide\" style=\"background-color:#0031f5;color:#0031f5\"\/>\n\n\n\n<p style=\"font-size:17px\"><strong>Creaci\u00f3 i interpretaci\u00f3: <\/strong>Julia Kayser &amp; Th\u00e9o Vanpop<br><\/p>\n\n\n\n<figure class=\"wp-block-image size-full\"><img loading=\"lazy\" decoding=\"async\" width=\"1920\" height=\"1080\" src=\"https:\/\/festivalbucles.com\/wp-content\/uploads\/2025\/07\/migro-danza-festival-bucles.avif\" alt=\"\" class=\"wp-image-15443\" srcset=\"https:\/\/festivalbucles.com\/wp-content\/uploads\/2025\/07\/migro-danza-festival-bucles.avif 1920w, https:\/\/festivalbucles.com\/wp-content\/uploads\/2025\/07\/migro-danza-festival-bucles-768x432.avif 768w, https:\/\/festivalbucles.com\/wp-content\/uploads\/2025\/07\/migro-danza-festival-bucles-1536x864.avif 1536w\" sizes=\"(max-width: 1920px) 100vw, 1920px\" \/><\/figure>\n\n\n\n<h2 class=\"wp-block-heading has-text-color has-link-color wp-elements-cfb028aca80d5afddad10ade8a1eff1a\" style=\"color:#0031f5\">Migro Danza<\/h2>\n\n\n\n<h3 class=\"wp-block-heading\">Islero<\/h3>\n\n\n\n<p style=\"font-size:17px\"><strong>Islero<\/strong> reinventa la taurom\u00e0quia des d&#8217;una visi\u00f3 queer a la figura del torero, partint de la resist\u00e8ncia a les estructures opressives que presenta a mode d&#8217;imatges, m\u00fasica i coreografia, creant una experi\u00e8ncia reivindicativa, pol\u00edtica, espiritual i alliberadora.<\/p>\n\n\n\n<p>Aquest treball ve a ser un extracte de la pe\u00e7a \u201cPADRE NUESTRO\u201d, estrenada el mes de juny a la Sala Carme Teatre, dins del programa de Resid\u00e8ncies 2025, treball en coproducci\u00f3 amb Yapad\u00fa Produccions.<\/p>\n\n\n\n<p style=\"font-size:17px\"><strong>Premi IVC 2023 al millor bailar\u00ed per \u2018Nardo\u2019<\/strong><br><\/p>\n\n\n\n<hr class=\"wp-block-separator alignwide has-text-color has-alpha-channel-opacity has-background is-style-wide\" style=\"background-color:#0031f5;color:#0031f5\"\/>\n\n\n\n<p style=\"font-size:17px\"><br><strong>Direcci\u00f3 i interpretaci\u00f3: <\/strong>Edu Migro <strong>\/ Assistent coreogr\u00e0fica: <\/strong>Ana Luj\u00e1n\/ Dramat\u00fargia: Javier Sahuquillo<strong> \/ M\u00fasica: <\/strong>Manel Ferr\u00e1ndiz \/<strong> Escenografia: <\/strong>Satanasa i MODISSTUDIOa<\/p>\n\n\n\n<figure class=\"wp-block-image size-full\"><img loading=\"lazy\" decoding=\"async\" width=\"2560\" height=\"1697\" src=\"https:\/\/festivalbucles.com\/wp-content\/uploads\/2025\/07\/Andrea-Carrion-Festival-Bucles-1-scaled.avif\" alt=\"\" class=\"wp-image-15447\" srcset=\"https:\/\/festivalbucles.com\/wp-content\/uploads\/2025\/07\/Andrea-Carrion-Festival-Bucles-1-scaled.avif 2560w, https:\/\/festivalbucles.com\/wp-content\/uploads\/2025\/07\/Andrea-Carrion-Festival-Bucles-1-768x509.avif 768w, https:\/\/festivalbucles.com\/wp-content\/uploads\/2025\/07\/Andrea-Carrion-Festival-Bucles-1-391x260.avif 391w, https:\/\/festivalbucles.com\/wp-content\/uploads\/2025\/07\/Andrea-Carrion-Festival-Bucles-1-1536x1018.avif 1536w, https:\/\/festivalbucles.com\/wp-content\/uploads\/2025\/07\/Andrea-Carrion-Festival-Bucles-1-2048x1358.avif 2048w, https:\/\/festivalbucles.com\/wp-content\/uploads\/2025\/07\/Andrea-Carrion-Festival-Bucles-1-1080x716.avif 1080w\" sizes=\"(max-width: 2560px) 100vw, 2560px\" \/><\/figure>\n\n\n\n<h2 class=\"wp-block-heading has-text-color has-link-color wp-elements-0f905327a8ad776136c20d3dd84b1292\" style=\"color:#0031f5\">Miguel Jim\u00e9nez i Andrea Carri\u00f3n<\/h2>\n\n\n\n<h3 class=\"wp-block-heading\">THE<\/h3>\n\n\n\n<p style=\"font-size:17px\"><strong>THE <\/strong>\u00e9s el resultat d&#8217;un proc\u00e9s d&#8217;exploraci\u00f3 desenvolupat durant m\u00e9s d&#8217;un any, un temps en el qual la pe\u00e7a ha anat transformant-se constantment, desafiant i ampliant els seus propis l\u00edmits. Al llarg d&#8217;aquest proc\u00e9s, el treball s&#8217;ha centrat en la conviv\u00e8ncia de dos cossos, no sols com una met\u00e0fora, sin\u00f3 com una experi\u00e8ncia f\u00edsica i emocionalment tangible. Aquesta recerca ha donat lloc a una obra crua i visceral, que q\u00fcestiona i transforma la relaci\u00f3 entre els cossos, l&#8217;espai i les emocions.   <\/p>\n\n\n\n<p style=\"font-size:17px\"><strong>Varios premis en el certamen coreogr\u00e0fic de Madrid 2025<\/strong><\/p>\n\n\n\n<hr class=\"wp-block-separator alignwide has-text-color has-alpha-channel-opacity has-background is-style-wide\" style=\"background-color:#0031f5;color:#0031f5\"\/>\n\n\n\n<p style=\"font-size:17px\"><br><strong>Coreografia i interpretaci\u00f3: <\/strong>Miguel Jimenez i Andrea Carri\u00f3n<\/p>\n","protected":false},"excerpt":{"rendered":"<p>5 companyies de dansa es donaran cita a la Sala Carme Teatre i una vegada finalitza es donaran els premis de les 2 modalitats de certamen: espai no convencional i sala. Premis: Compagnie Ezo Seven Tries El solo Seven Tries explora la relaci\u00f3 entre un cos en moviment i una estructura blanca lluminosa, una met\u00e0fora [&hellip;]<\/p>\n","protected":false},"author":2,"featured_media":15444,"comment_status":"closed","ping_status":"closed","template":"","mec_category":[794],"mec_speaker":[837,836,838,630,835],"mec_tag":[553],"class_list":["post-16513","mec-events","type-mec-events","status-publish","has-post-thumbnail","hentry","mec_category-catharsis-2025-vl","mec_tag-certamen-coreografic-modalitat-sala"],"_links":{"self":[{"href":"https:\/\/festivalbucles.com\/vl\/wp-json\/wp\/v2\/mec-events\/16513","targetHints":{"allow":["GET"]}}],"collection":[{"href":"https:\/\/festivalbucles.com\/vl\/wp-json\/wp\/v2\/mec-events"}],"about":[{"href":"https:\/\/festivalbucles.com\/vl\/wp-json\/wp\/v2\/types\/mec-events"}],"author":[{"embeddable":true,"href":"https:\/\/festivalbucles.com\/vl\/wp-json\/wp\/v2\/users\/2"}],"replies":[{"embeddable":true,"href":"https:\/\/festivalbucles.com\/vl\/wp-json\/wp\/v2\/comments?post=16513"}],"wp:featuredmedia":[{"embeddable":true,"href":"https:\/\/festivalbucles.com\/vl\/wp-json\/wp\/v2\/media\/15444"}],"wp:attachment":[{"href":"https:\/\/festivalbucles.com\/vl\/wp-json\/wp\/v2\/media?parent=16513"}],"wp:term":[{"taxonomy":"mec_category","embeddable":true,"href":"https:\/\/festivalbucles.com\/vl\/wp-json\/wp\/v2\/mec_category?post=16513"},{"taxonomy":"mec_speaker","embeddable":true,"href":"https:\/\/festivalbucles.com\/vl\/wp-json\/wp\/v2\/mec_speaker?post=16513"},{"taxonomy":"mec_tag","embeddable":true,"href":"https:\/\/festivalbucles.com\/vl\/wp-json\/wp\/v2\/mec_tag?post=16513"}],"curies":[{"name":"wp","href":"https:\/\/api.w.org\/{rel}","templated":true}]}}