{"id":16126,"date":"2025-07-07T22:05:16","date_gmt":"2025-07-07T20:05:16","guid":{"rendered":"https:\/\/festivalbucles.com\/agenda\/after-the-drop\/"},"modified":"2025-08-27T16:16:52","modified_gmt":"2025-08-27T14:16:52","slug":"after-the-drop","status":"publish","type":"mec-events","link":"https:\/\/festivalbucles.com\/vl\/agenda\/after-the-drop\/","title":{"rendered":"After the drop"},"content":{"rendered":"\n<div style=\"height:30px\" aria-hidden=\"true\" class=\"wp-block-spacer\"><\/div>\n\n<div class=\"wp-block-buttons is-content-justification-right is-layout-flex wp-container-core-buttons-is-layout-1888cafc wp-block-buttons-is-layout-flex\">\n<div class=\"wp-block-button has-custom-width wp-block-button__width-75 is-style-fill\"><a class=\"wp-block-button__link has-white-color has-vivid-green-cyan-background-color has-text-color has-background has-link-color has-text-align-center has-custom-font-size wp-element-button\" style=\"border-radius:25px;font-size:15px;font-style:normal;font-weight:700\">Entrada gratu\u00efta &#8211; Claustre G\u00f2tic<\/a><\/div>\n<\/div>\n\n<div style=\"height:30px\" aria-hidden=\"true\" class=\"wp-block-spacer\"><\/div>\n\n<div style=\"height:0px\" aria-hidden=\"true\" class=\"wp-block-spacer\"><\/div>\n\n<div style=\"height:0px\" aria-hidden=\"true\" class=\"wp-block-spacer\"><\/div>\n\n<div class=\"wp-block-group alignfull is-content-justification-left is-layout-constrained wp-container-core-group-is-layout-8c890d92 wp-block-group-is-layout-constrained\">\n<figure class=\"wp-block-image alignleft size-full is-resized\"><img loading=\"lazy\" decoding=\"async\" width=\"80\" height=\"80\" src=\"https:\/\/festivalbucles.com\/wp-content\/uploads\/2024\/08\/accesible-minusvalidos.png\" alt=\"accessible minusv&#xE0;lids\" class=\"wp-image-11394\" style=\"width:35px\"\/><\/figure>\n<\/div>\n\n<div style=\"height:30px\" aria-hidden=\"true\" class=\"wp-block-spacer\"><\/div>\n\n<div style=\"height:10px\" aria-hidden=\"true\" class=\"wp-block-spacer\"><\/div>\n\n<p>Envoltades de cat\u00e0strofe, indu\u00efdes en la rutina ap\u00e0tica i cegues de tensi\u00f3. Un bucle insostenible pertorbat per la necessitat de canvi. <\/p>\n\n<p>La pe\u00e7a tracta els cossos com a mat\u00e8ria emmotllable. Situats entre el real i l&#8217;imaginari, s\u00edmbols corporis suggereixen conceptes com la destrucci\u00f3 i la transformaci\u00f3, el r\u00edgid i l&#8217;emmotllable, el canvi i la fluctuaci\u00f3. <br\/><br\/><\/p>\n\n<div style=\"height:30px\" aria-hidden=\"true\" class=\"wp-block-spacer\"><\/div>\n\n<hr class=\"wp-block-separator alignwide has-text-color has-alpha-channel-opacity has-background is-style-wide\" style=\"background-color:#0031f5;color:#0031f5\"\/>\n\n<p style=\"font-size:17px\"><\/p>\n\n<p style=\"font-size:17px\"><strong>Direcci\u00f3: <\/strong>Luc\u00eda Montes i Mado Dallery \/ <strong>Interpretaci\u00f3 i col\u00b7laboraci\u00f3 coreogr\u00e0fica:<\/strong> Beatriz de Paz, Luc\u00eda Montes i Mado Dallery\/ <strong>M\u00fasica:<\/strong> Aire \/ <strong>Vestuari: <\/strong>Carla Paucar \/<strong> Imatge: <\/strong>Roc\u00edo Aguirre<br\/><br\/><br\/><br\/><br\/><\/p>\n\n<p style=\"font-size:17px\"><br\/><\/p>\n","protected":false},"excerpt":{"rendered":"<p>Envoltades de cat\u00e0strofe, indu\u00efdes en la rutina ap\u00e0tica i cegues de tensi\u00f3. Un bucle insostenible pertorbat per la necessitat de canvi. La pe\u00e7a tracta els cossos com a mat\u00e8ria emmotllable. Situats entre el real i l&#8217;imaginari, s\u00edmbols corporis suggereixen conceptes com la destrucci\u00f3 i la transformaci\u00f3, el r\u00edgid i l&#8217;emmotllable, el canvi i la fluctuaci\u00f3. [&hellip;]<\/p>\n","protected":false},"author":2,"featured_media":15466,"comment_status":"closed","ping_status":"closed","template":"","mec_category":[794],"mec_speaker":[809],"mec_tag":[803],"class_list":["post-16126","mec-events","type-mec-events","status-publish","has-post-thumbnail","hentry","mec_category-catharsis-2025-vl","mec_tag-dansa-contemporania"],"_links":{"self":[{"href":"https:\/\/festivalbucles.com\/vl\/wp-json\/wp\/v2\/mec-events\/16126","targetHints":{"allow":["GET"]}}],"collection":[{"href":"https:\/\/festivalbucles.com\/vl\/wp-json\/wp\/v2\/mec-events"}],"about":[{"href":"https:\/\/festivalbucles.com\/vl\/wp-json\/wp\/v2\/types\/mec-events"}],"author":[{"embeddable":true,"href":"https:\/\/festivalbucles.com\/vl\/wp-json\/wp\/v2\/users\/2"}],"replies":[{"embeddable":true,"href":"https:\/\/festivalbucles.com\/vl\/wp-json\/wp\/v2\/comments?post=16126"}],"wp:featuredmedia":[{"embeddable":true,"href":"https:\/\/festivalbucles.com\/vl\/wp-json\/wp\/v2\/media\/15466"}],"wp:attachment":[{"href":"https:\/\/festivalbucles.com\/vl\/wp-json\/wp\/v2\/media?parent=16126"}],"wp:term":[{"taxonomy":"mec_category","embeddable":true,"href":"https:\/\/festivalbucles.com\/vl\/wp-json\/wp\/v2\/mec_category?post=16126"},{"taxonomy":"mec_speaker","embeddable":true,"href":"https:\/\/festivalbucles.com\/vl\/wp-json\/wp\/v2\/mec_speaker?post=16126"},{"taxonomy":"mec_tag","embeddable":true,"href":"https:\/\/festivalbucles.com\/vl\/wp-json\/wp\/v2\/mec_tag?post=16126"}],"curies":[{"name":"wp","href":"https:\/\/api.w.org\/{rel}","templated":true}]}}